{"id":906,"date":"2018-06-28T17:29:25","date_gmt":"2018-06-28T20:29:25","guid":{"rendered":"https:\/\/ies7-juj.infd.edu.ar\/sitio\/saad\/"},"modified":"2024-05-09T13:03:57","modified_gmt":"2024-05-09T16:03:57","slug":"saad","status":"publish","type":"page","link":"https:\/\/ies7-juj.infd.edu.ar\/sitio\/saad\/","title":{"rendered":"D.A.T.E."},"content":{"rendered":"<div class=\"O Borde_punteado\" style=\"text-align: justify;\">\n<p><span style=\"color: #000080; font-family: book antiqua, palatino;\"><span style=\"font-size: 24px;\"><b>Departamento de Acompa\u00f1amiento a las Trayectorias Educativas<\/b><\/span><\/span><\/p>\n<div class=\"O\" style=\"text-align: center;\">\n<div><\/div>\n<div class=\"O\"><span style=\"text-decoration: underline; font-size: 12pt; font-family: 'book antiqua', palatino; color: #003300;\"><strong>EQUIPO DE TRABAJO<\/strong><\/span><\/div>\n<div class=\"O\">\n<div><span style=\"font-size: 12pt; font-family: 'book antiqua', palatino;\">\u00a0<\/span><\/div>\n<\/div>\n<div>\n<div>\n<ul>\n<li style=\"list-style-type: none;\">\n<ul>\n<li style=\"list-style-type: none;\">\n<ul>\n<li style=\"list-style-type: none;\">\n<ul>\n<li style=\"list-style-type: none;\">\n<ul>\n<li style=\"text-align: left;\"><span style=\"color: #000000;\">En el DATE te acompa\u00f1an:<\/span><br \/>\n<span style=\"color: #000000;\">Lic. en Trabajo Social Lilia Abigail Urzagasti Figueroa<\/span><br \/>\n<span style=\"color: #000000;\">Lic. en Trabajo Social Roc\u00edo Funes<\/span><br \/>\n<span style=\"color: #000000;\">Lic. en Trabajo Social Ana Luisa Gonz\u00e1lez<\/span><br \/>\n<span style=\"color: #000000;\">Lic. en Psicolog\u00eda Raquel Nadal<\/span><\/p>\n<p><span style=\"color: #000000;\">Nos encontrar\u00e1s en el 2\u00b0 piso de la Instituci\u00f3n (Al lado de Secretar\u00eda Acad\u00e9mica \u2013 Sede San <\/span><span style=\"color: #000000;\">Salvador de Jujuy), los d\u00edas:<\/span><\/p>\n<p><span style=\"color: #000000;\">&#8211; Lunes: 15:00 a 19:20hs.<\/span><br \/>\n<span style=\"color: #000000;\">&#8211; Martes: 16:00 a 18:00 hs.<\/span><br \/>\n<span style=\"color: #000000;\">&#8211; Mi\u00e9rcoles: 15:00 a 18:20 hs.<\/span><br \/>\n<span style=\"color: #000000;\">&#8211; Jueves 16:00 a 18:00 hs.<\/span><br \/>\n<span style=\"color: #000000;\">&#8211; Viernes: 15:00 a 17:00 hs.<\/span><\/p>\n<p><span style=\"color: #000000;\">Podes contactarnos por Whatsapp al n\u00famero: 3885018593<\/span><\/li>\n<\/ul>\n<\/li>\n<\/ul>\n<\/li>\n<\/ul>\n<\/li>\n<\/ul>\n<\/li>\n<\/ul>\n<\/div>\n<\/div>\n<div class=\"O\">\n<div class=\"O\">\n<div><span style=\"font-size: 12pt; font-family: 'book antiqua', palatino;\"><img decoding=\"async\" src=\"https:\/\/ies7-juj.infd.edu.ar\/aula\/archivos\/repositorio\/\/250\/286\/correo10.gif\" border=\"0\" \/><\/span><\/div>\n<\/div>\n<p><span style=\"font-size: 14pt;\"><strong><span style=\"font-family: 'book antiqua', palatino; color: #0000ff; font-size: 18pt;\">saadpopu@gmail.com<\/span><\/strong><\/span><\/p>\n<\/div>\n<\/div>\n<\/div>\n","protected":false},"excerpt":{"rendered":"<p>Departamento de Acompa\u00f1amiento a las Trayectorias Educativas EQUIPO DE TRABAJO \u00a0 En el DATE te acompa\u00f1an: Lic. en Trabajo Social Lilia Abigail Urzagasti Figueroa Lic. en Trabajo Social Roc\u00edo Funes Lic. en Trabajo Social Ana Luisa Gonz\u00e1lez Lic. en Psicolog\u00eda Raquel Nadal Nos encontrar\u00e1s en el 2\u00b0 piso de la Instituci\u00f3n (Al lado de Secretar\u00eda &#8230; <a title=\"D.A.T.E.\" class=\"read-more\" href=\"https:\/\/ies7-juj.infd.edu.ar\/sitio\/saad\/\" aria-label=\"More on D.A.T.E.\">[+]<\/a><\/p>\n","protected":false},"author":542,"featured_media":0,"parent":0,"menu_order":0,"comment_status":"closed","ping_status":"closed","template":"","meta":[],"acf":[],"_links":{"self":[{"href":"https:\/\/ies7-juj.infd.edu.ar\/sitio\/wp-json\/wp\/v2\/pages\/906"}],"collection":[{"href":"https:\/\/ies7-juj.infd.edu.ar\/sitio\/wp-json\/wp\/v2\/pages"}],"about":[{"href":"https:\/\/ies7-juj.infd.edu.ar\/sitio\/wp-json\/wp\/v2\/types\/page"}],"author":[{"embeddable":true,"href":"https:\/\/ies7-juj.infd.edu.ar\/sitio\/wp-json\/wp\/v2\/users\/542"}],"replies":[{"embeddable":true,"href":"https:\/\/ies7-juj.infd.edu.ar\/sitio\/wp-json\/wp\/v2\/comments?post=906"}],"version-history":[{"count":9,"href":"https:\/\/ies7-juj.infd.edu.ar\/sitio\/wp-json\/wp\/v2\/pages\/906\/revisions"}],"predecessor-version":[{"id":11149,"href":"https:\/\/ies7-juj.infd.edu.ar\/sitio\/wp-json\/wp\/v2\/pages\/906\/revisions\/11149"}],"wp:attachment":[{"href":"https:\/\/ies7-juj.infd.edu.ar\/sitio\/wp-json\/wp\/v2\/media?parent=906"}],"curies":[{"name":"wp","href":"https:\/\/api.w.org\/{rel}","templated":true}]}}