{"id":865,"date":"2018-06-28T17:29:07","date_gmt":"2018-06-28T20:29:07","guid":{"rendered":"https:\/\/ies7-juj.infd.edu.ar\/sitio\/departamento-de-formacion-continua-y-desarrollo-profesional\/"},"modified":"2022-04-04T11:54:34","modified_gmt":"2022-04-04T14:54:34","slug":"departamento-de-formacion-continua-y-desarrollo-profesional","status":"publish","type":"page","link":"https:\/\/ies7-juj.infd.edu.ar\/sitio\/departamento-de-formacion-continua-y-desarrollo-profesional\/","title":{"rendered":"Departamento de Formaci\u00f3n Continua y Desarrollo Profesional"},"content":{"rendered":"<p class=\"Borde_punteado\" style=\"text-align: justify;\"><span style=\"font-family: book antiqua, palatino; font-size: 12pt; color: #000000;\" data-mce-mark=\"1\">Este departamento es el encargado de generar e implementar procesos y dispositivos de formaci\u00f3n posterior a la formaci\u00f3n inicial, con el prop\u00f3sito de fortalecer el trabajo docente en sus distintos contextos de actuaci\u00f3n, para que sus pr\u00e1cticas ganen en autonom\u00eda y responsabilidad.<\/span><\/p>\n<p style=\"text-align: justify;\"><span style=\"font-family: book antiqua, palatino; font-size: 12pt; color: #000000;\" data-mce-mark=\"1\">Est\u00e1 conformado por la Coordinadora de Departamento, los\u00a0 profesores de la Instituci\u00f3n y capacitadores externos .<\/span><\/p>\n<p style=\"text-align: center;\"><strong><span style=\"font-family: book antiqua,palatino; font-size: 12pt;\" data-mce-mark=\"1\"><span style=\"color: #000000;\"><span style=\"text-decoration: underline;\"><span style=\"color: #003300; text-decoration: underline;\"><span style=\"font-family: book antiqua,palatino; font-size: 12pt;\" data-mce-mark=\"1\">Coordinadora del Departamento<\/span>:<\/span><\/span> Prof. Gabriela Chaile<\/span><br \/>\n<\/span><\/strong><\/p>\n<p class=\"ecxMsoNormal\" style=\"line-height: 115%; padding-left: 90px;\"><span style=\"font-family: book antiqua,palatino; font-size: 12pt;\" data-mce-mark=\"1\">\u00a0\u00a0\u00a0\u00a0\u00a0\u00a0\u00a0\u00a0\u00a0\u00a0\u00a0 <img decoding=\"async\" loading=\"lazy\" style=\"display: block; margin-left: auto; vertical-align: middle; margin-right: auto;\" src=\"https:\/\/ies7-juj.infd.edu.ar\/aula\/archivos\/repositorio\/250\/286\/correo10.gif\" alt=\"\" width=\"141\" height=\"85\" border=\"0\" \/><\/span><\/p>\n<p class=\"ecxMsoNormal\" style=\"line-height: 115%; padding-left: 90px; text-align: center;\"><span style=\"font-family: book antiqua,palatino; font-size: 12pt;\" data-mce-mark=\"1\">\u00a0 \u00a0 \u00a0 \u00a0 \u00a0 \u00a0 \u00a0 \u00a0 \u00a0 \u00a0 \u00a0 \u00a0 \u00a0 \u00a0<span style=\"font-family: 'book antiqua', palatino; font-size: 14pt;\" data-mce-mark=\"1\"><strong>\u00a0<\/strong><\/span><\/span><span style=\"font-size: 14pt;\" data-mce-mark=\"1\"><br \/>\n<\/span><span style=\"color: #0000ff;\"><strong>gabriela.chaile@populorumjujuy.ar <\/strong><\/span><\/p>\n","protected":false},"excerpt":{"rendered":"<p>Este departamento es el encargado de generar e implementar procesos y dispositivos de formaci\u00f3n posterior a la formaci\u00f3n inicial, con el prop\u00f3sito de fortalecer el trabajo docente en sus distintos contextos de actuaci\u00f3n, para que sus pr\u00e1cticas ganen en autonom\u00eda y responsabilidad. Est\u00e1 conformado por la Coordinadora de Departamento, los\u00a0 profesores de la Instituci\u00f3n y &#8230; <a title=\"Departamento de Formaci\u00f3n Continua y Desarrollo Profesional\" class=\"read-more\" href=\"https:\/\/ies7-juj.infd.edu.ar\/sitio\/departamento-de-formacion-continua-y-desarrollo-profesional\/\" aria-label=\"More on Departamento de Formaci\u00f3n Continua y Desarrollo Profesional\">[+]<\/a><\/p>\n","protected":false},"author":542,"featured_media":0,"parent":0,"menu_order":0,"comment_status":"closed","ping_status":"closed","template":"","meta":[],"acf":[],"_links":{"self":[{"href":"https:\/\/ies7-juj.infd.edu.ar\/sitio\/wp-json\/wp\/v2\/pages\/865"}],"collection":[{"href":"https:\/\/ies7-juj.infd.edu.ar\/sitio\/wp-json\/wp\/v2\/pages"}],"about":[{"href":"https:\/\/ies7-juj.infd.edu.ar\/sitio\/wp-json\/wp\/v2\/types\/page"}],"author":[{"embeddable":true,"href":"https:\/\/ies7-juj.infd.edu.ar\/sitio\/wp-json\/wp\/v2\/users\/542"}],"replies":[{"embeddable":true,"href":"https:\/\/ies7-juj.infd.edu.ar\/sitio\/wp-json\/wp\/v2\/comments?post=865"}],"version-history":[{"count":4,"href":"https:\/\/ies7-juj.infd.edu.ar\/sitio\/wp-json\/wp\/v2\/pages\/865\/revisions"}],"predecessor-version":[{"id":11124,"href":"https:\/\/ies7-juj.infd.edu.ar\/sitio\/wp-json\/wp\/v2\/pages\/865\/revisions\/11124"}],"wp:attachment":[{"href":"https:\/\/ies7-juj.infd.edu.ar\/sitio\/wp-json\/wp\/v2\/media?parent=865"}],"curies":[{"name":"wp","href":"https:\/\/api.w.org\/{rel}","templated":true}]}}