{"id":821,"date":"2018-06-28T17:28:49","date_gmt":"2018-06-28T20:28:49","guid":{"rendered":"https:\/\/ies7-juj.infd.edu.ar\/sitio\/biblioteca-2\/"},"modified":"2026-03-18T14:32:58","modified_gmt":"2026-03-18T17:32:58","slug":"biblioteca-2","status":"publish","type":"page","link":"https:\/\/ies7-juj.infd.edu.ar\/sitio\/biblioteca-2\/","title":{"rendered":"Biblioteca \u00abMons. Miguel Vergara\u00bb"},"content":{"rendered":"\n<!-- BLOQUE REUTILIZABLE 1: MEN\u00da PRINCIPAL -->\n<!-- Carga de fuentes e \u00edconos -->\n<link rel=\"preconnect\" href=\"https:\/\/fonts.googleapis.com\">\n<link rel=\"preconnect\" href=\"https:\/\/fonts.gstatic.com\" crossorigin>\n<link href=\"https:\/\/fonts.googleapis.com\/css2?family=Montserrat:wght@400;600;700&#038;family=Open+Sans:wght@300;400;600&#038;display=swap\" rel=\"stylesheet\">\n<link rel=\"stylesheet\" href=\"https:\/\/fonts.googleapis.com\/css2?family=Material+Symbols+Outlined:opsz,wght,FILL,GRAD@24,400,0,0\" \/>\n\n<style>\n    :root {\n        --color-primario: #3e81b8;\n        --color-cian: #13b4d1;\n        --color-texto: #6b4941;\n        --color-texto-oscuro: #6b4441;\n        --color-texto-suave: #7b7159;\n        --color-acento: #e9c46a;\n        --color-terracota: #d25c54;\n        --color-fondo-claro: #e4e0e5;\n        --color-azul-claro: #acd4ec;\n        --color-azul-intermedio: #4b9bd3;\n        --color-blanco: #ffffff;\n        --color-gris-deshabilitado: #95a3ae;\n        --color-fondo-base: #f8fafc;\n        --color-fondo-suave: #f4f6f8;\n        --color-fondo-info: #f0f4f8;\n        --color-fondo-info-acento: #e3f2fd;\n        --alto-menu: 64px;\n    }\n\n    \/* Compensa men\u00fa fijo sin agregar div espaciador *\/\n    body {\n        padding-top: var(--alto-menu) !important;\n    }\n\n    \/* Barra admin WordPress *\/\n    @media screen and (min-width: 783px) {\n        body.admin-bar {\n            padding-top: calc(var(--alto-menu) + 32px) !important;\n        }\n    }\n    @media screen and (max-width: 782px) {\n        body.admin-bar {\n            padding-top: calc(var(--alto-menu) + 46px) !important;\n        }\n    }\n\n    \/* Estilos del Men\u00fa *\/\n    #ies7-container-menu {\n        font-family: 'Open Sans', sans-serif;\n    }\n    #ies7-container-menu h1,\n    #ies7-container-menu h2,\n    #ies7-container-menu h3 {\n        font-family: 'Montserrat', sans-serif;\n    }\n    #ies7-container-menu a {\n        text-decoration: none;\n        color: var(--color-fondo-claro) !important;\n        transition: all 0.3s ease;\n    }\n    #ies7-container-menu .external-link {\n        display: inline-flex;\n        align-items: center;\n        gap: 0.35rem;\n    }\n    #ies7-container-menu .external-link-icon {\n        font-size: 0.85em;\n        opacity: 0.9;\n    }\n    body.mobile-menu-open {\n        overflow: hidden;\n    }\n\n    #ies7-container-menu .custom-nav {\n        background-color: var(--color-primario);\n        color: var(--color-fondo-claro);\n        box-shadow: 0 2px 4px rgba(0,0,0,0.1);\n        position: fixed;\n        top: 0;\n        left: 0;\n        right: 0;\n        width: 100%;\n        z-index: 1000;\n    }\n    #ies7-container-menu .nav-container {\n        display: flex;\n        justify-content: space-between;\n        align-items: center;\n        max-width: 1280px;\n        margin: auto;\n        height: var(--alto-menu);\n        padding: 0 1rem;\n    }\n    #ies7-container-menu .nav-logo {\n        display: flex;\n        align-items: center;\n        gap: 0.75rem;\n    }\n    #ies7-container-menu .nav-logo img {\n        height: 50px;\n        width: auto;\n    }\n    #ies7-container-menu .logo-text-container {\n        display: none;\n        flex-direction: column;\n        line-height: 1.2;\n        color: white;\n    }\n    #ies7-container-menu .logo-main-text {\n        font-family: 'Montserrat', sans-serif;\n        font-weight: 700;\n        font-size: 1rem;\n    }\n    #ies7-container-menu .logo-sub-text {\n        font-size: 0.8rem;\n        color: var(--color-azul-claro);\n        font-weight: 300;\n    }\n    #ies7-container-menu .nav-menu {\n        display: none;\n        list-style: none;\n        margin: 0;\n        padding: 0;\n        align-items: center;\n        gap: 1.5rem;\n    }\n    #ies7-container-menu .nav-menu > li {\n        position: relative;\n    }\n    #ies7-container-menu .nav-menu a {\n        display: block;\n        padding: 1rem 0;\n        font-size: 0.95rem;\n        font-weight: 600;\n        position: relative;\n    }\n    #ies7-container-menu .nav-menu > li > a:hover {\n        color: white !important;\n    }\n    #ies7-container-menu .nav-menu > li > a::after {\n        content: '';\n        position: absolute;\n        width: 0%;\n        height: 3px;\n        background-color: var(--color-acento);\n        bottom: 10px;\n        left: 0;\n        border-radius: 2px;\n        transition: width 0.3s ease-in-out;\n    }\n    #ies7-container-menu .nav-menu > li:hover > a::after {\n        width: 100%;\n    }\n    #ies7-container-menu .dropdown {\n        display: block;\n        opacity: 0;\n        visibility: hidden;\n        position: absolute;\n        top: 90%;\n        left: 0;\n        background-color: var(--color-primario);\n        border-radius: 0.375rem;\n        list-style: none;\n        padding: 0.5rem;\n        margin: 0;\n        min-width: 240px;\n        box-shadow: 0 8px 16px rgba(0,0,0,0.2);\n        transform: translateY(10px);\n        transition: opacity 0.3s ease, transform 0.3s ease, visibility 0.3s;\n    }\n    #ies7-container-menu .dropdown .dropdown {\n        top: 0;\n        left: 100%;\n        transform: translateY(0) translateX(10px);\n    }\n    #ies7-container-menu .dropdown > li:hover > .dropdown {\n        opacity: 1;\n        visibility: visible;\n        transform: translateY(0) translateX(0);\n    }\n    #ies7-container-menu .nav-menu > li:last-child .dropdown {\n        left: auto;\n        right: 0;\n    }\n    #ies7-container-menu .nav-menu > li:last-child .dropdown .dropdown {\n        right: 100%;\n        left: auto;\n    }\n    #ies7-container-menu .dropdown li {\n        list-style: none;\n        position: relative;\n    }\n    #ies7-container-menu .dropdown a {\n        padding: 0.75rem 1rem;\n        white-space: nowrap;\n        border-radius: 0.25rem;\n        display: flex;\n        justify-content: space-between;\n        align-items: center;\n        transition: background-color 0.3s ease, color 0.3s ease, padding-left 0.3s ease;\n    }\n    #ies7-container-menu .dropdown a:hover {\n        background-color: var(--color-cian);\n        color: white !important;\n        padding-left: 1.5rem;\n    }\n    #ies7-container-menu .nav-menu > li:hover > .dropdown {\n        opacity: 1;\n        visibility: visible;\n        transform: translateY(0);\n    }\n\n    \/* Men\u00fa M\u00f3vil *\/\n    #ies7-container-menu .mobile-menu-button {\n        display: block;\n        background: none;\n        border: none;\n        color: white;\n        padding: 0.5rem;\n        cursor: pointer;\n    }\n    #ies7-container-menu .mobile-menu-button svg {\n        width: 24px;\n        height: 24px;\n    }\n    #ies7-container-menu .mobile-nav-panel {\n        display: none;\n        background-color: var(--color-primario);\n        padding: 1rem;\n        position: fixed;\n        top: var(--alto-menu);\n        left: 0;\n        right: 0;\n        height: calc(100vh - var(--alto-menu));\n        overflow-y: auto;\n    }\n    #ies7-container-menu .mobile-nav-panel.open {\n        display: block;\n    }\n    #ies7-container-menu .mobile-nav-panel ul {\n        list-style: none;\n        padding: 0;\n        margin: 0;\n        padding-bottom: 100px;\n    }\n    #ies7-container-menu .mobile-nav-panel li {\n        list-style-type: none;\n    }\n    #ies7-container-menu .mobile-nav-panel > ul > li > a {\n        display: block;\n        padding: 0.75rem 0.5rem;\n        border-bottom: 1px solid var(--color-azul-claro);\n        color: var(--color-fondo-claro) !important;\n    }\n    #ies7-container-menu .mobile-nav-panel .dropdown {\n        position: static;\n        display: block;\n        background: none;\n        box-shadow: none;\n        padding: 0 0 0 1rem;\n        margin: 0;\n        opacity: 1;\n        visibility: visible;\n        transform: none;\n        min-width: unset;\n        width: 100%;\n    }\n    #ies7-container-menu .mobile-nav-panel .dropdown a {\n        padding-left: 1.5rem;\n        border: none;\n    }\n    #ies7-container-menu .mobile-nav-panel .dropdown .dropdown {\n        padding-left: 1rem;\n    }\n\n    \/* Top offset en admin bar para el nav fijo *\/\n    @media screen and (min-width: 783px) {\n        body.admin-bar #ies7-container-menu .custom-nav {\n            top: 32px;\n        }\n    }\n    @media screen and (max-width: 782px) {\n        body.admin-bar #ies7-container-menu .custom-nav {\n            top: 46px;\n        }\n        body.admin-bar #ies7-container-menu .mobile-nav-panel {\n            top: calc(var(--alto-menu) + 46px);\n            height: calc(100vh - var(--alto-menu) - 46px);\n        }\n    }\n\n    @media (min-width: 1024px) {\n        #ies7-container-menu .mobile-menu-button { display: none; }\n        #ies7-container-menu .nav-menu { display: flex; }\n        #ies7-container-menu .mobile-nav-panel { display: none !important; }\n        #ies7-container-menu .logo-text-container { display: flex; }\n    }\n<\/style>\n\n<div id=\"ies7-container-menu\">\n    <nav class=\"custom-nav\">\n        <div class=\"nav-container\">\n            <a href=\"https:\/\/ies7-juj.infd.edu.ar\/sitio\/\" class=\"nav-logo\" aria-label=\"Inicio IES N\u00b07\">\n                <img decoding=\"async\" src=\"https:\/\/ies7-juj.infd.edu.ar\/sitio\/wp-content\/uploads\/2025\/04\/Logo-Pagina-2.png\" alt=\"Logo IES N\u00b07\">\n                <div class=\"logo-text-container\">\n                    <span class=\"logo-main-text\">Instituto de Educaci\u00f3n Superior N\u00ba 7<\/span>\n                    <span class=\"logo-sub-text\">\u00abPopulorum Progressio &#8211; In. Te. La.\u00bb<\/span>\n                <\/div>\n            <\/a>\n\n            <ul class=\"nav-menu\">\n                <li><a href=\"https:\/\/ies7-juj.infd.edu.ar\/sitio\/\">Inicio<\/a><\/li>\n                <li>\n                    <a href=\"javascript:void(0)\">Institucional <span class=\"material-symbols-outlined\" style=\"font-size: 1rem;\">expand_more<\/span><\/a>\n                    <ul class=\"dropdown\">\n                        <li><a href=\"https:\/\/ies7-juj.infd.edu.ar\/sitio\/?page_id=854\">Historia<\/a><\/li>\n                        <li><a href=\"https:\/\/ies7-juj.infd.edu.ar\/sitio\/autoridades\/\">Autoridades<\/a><\/li>\n                        <li><a href=\"javascript:void(0)\">Misi\u00f3n y Visi\u00f3n<\/a><\/li>\n                        <li><a href=\"javascript:void(0)\">Valores e Ideario<\/a><\/li>\n                        <li>\n                            <a href=\"javascript:void(0)\">Departamentos <span class=\"material-symbols-outlined\" style=\"font-size: 1rem;\">chevron_right<\/span><\/a>\n                            <ul class=\"dropdown\">\n                                <li><a href=\"https:\/\/ies7-juj.infd.edu.ar\/sitio\/departamento-de-investigacion\/\">Investigaci\u00f3n<\/a><\/li>\n                                <li><a href=\"https:\/\/ies7-juj.infd.edu.ar\/sitio\/departamento-de-formacion-inicial\/\">Formaci\u00f3n Inicial<\/a><\/li>\n                                <li><a href=\"https:\/\/ies7-juj.infd.edu.ar\/sitio\/departamento-de-formacion-continua-y-desarrollo-profesional\/\">Formaci\u00f3n Continua<\/a><\/li>\n                                <li><a href=\"https:\/\/ies7-juj.infd.edu.ar\/sitio\/departamento-pastoral\/\">Pastoral Educativa<\/a><\/li>\n                                <li><a href=\"https:\/\/ies7-juj.infd.edu.ar\/sitio\/saad\/\">D.A.T.E<\/a><\/li>\n                            <\/ul>\n                        <\/li>\n                    <\/ul>\n                <\/li>\n                <li>\n                    <a href=\"javascript:void(0)\">Sedes <span class=\"material-symbols-outlined\" style=\"font-size: 1rem;\">expand_more<\/span><\/a>\n                    <ul class=\"dropdown\">\n                        <li><a href=\"https:\/\/ies7-juj.infd.edu.ar\/sitio\/filial-san-pedro\/\">Sede San Pedro<\/a><\/li>\n                        <li><a href=\"https:\/\/ies7-juj.infd.edu.ar\/sitio\/filial-perico\/\">Sede Perico<\/a><\/li>\n                        <li><a href=\"https:\/\/ies7-juj.infd.edu.ar\/sitio\/sede-libertador-gral-san-martin\/\">Sede Libertador<\/a><\/li>\n                    <\/ul>\n                <\/li>\n                <li>\n                    <a href=\"javascript:void(0)\">Estudiantes <span class=\"material-symbols-outlined\" style=\"font-size: 1rem;\">expand_more<\/span><\/a>\n                    <ul class=\"dropdown\">\n                        <li><a href=\"https:\/\/ies7-juj.infd.edu.ar\/sitio\/mesa-de-examenes\/\">Turnos de Examen<\/a><\/li>\n                        <li><a href=\"https:\/\/ies7-juj.infd.edu.ar\/sitio\/secretaria-academica2025\/\">Secretar\u00eda Acad\u00e9mica<\/a><\/li>\n                        <li><a href=\"https:\/\/ies7-juj.infd.edu.ar\/sitio\/pasantias-educativas\/\">Pasant\u00edas Educativas<\/a><\/li>\n                        <li><a href=\"https:\/\/ies7-juj.infd.edu.ar\/sitio\/becas\/\">Becas Acad\u00e9micas<\/a><\/li>\n                        <li><a href=\"http:\/\/populorumcc.ddns.net:8080\/popuweb\/alumnos.index.aspx\" target=\"_blank\" rel=\"noopener\" class=\"external-link\" aria-label=\"Autogesti\u00f3n Estudiantes (sitio externo, abre en una pesta\u00f1a nueva)\">Autogesti\u00f3n Estudiantes <span class=\"external-link-icon\" aria-hidden=\"true\">&#x2197;<\/span><\/a><\/li>\n                        <li><a href=\"https:\/\/ies7-juj.infd.edu.ar\/aula\/acceso.cgi\" target=\"_blank\" rel=\"noopener\" class=\"external-link\" aria-label=\"Campus Virtual (sitio externo, abre en una pesta\u00f1a nueva)\">Campus Virtual <span class=\"external-link-icon\" aria-hidden=\"true\">&#x2197;<\/span><\/a><\/li>\n                    <\/ul>\n                <\/li>\n                <li>\n                    <a href=\"javascript:void(0)\">Docentes <span class=\"material-symbols-outlined\" style=\"font-size: 1rem;\">expand_more<\/span><\/a>\n                    <ul class=\"dropdown\">\n                        <li><a href=\"http:\/\/populorumcc.ddns.net:8080\/popuweb\/docentes.index.aspx\" target=\"_blank\" rel=\"noopener\" class=\"external-link\" aria-label=\"Autogesti\u00f3n Docentes (sitio externo, abre en una pesta\u00f1a nueva)\">Autogesti\u00f3n Docentes <span class=\"external-link-icon\" aria-hidden=\"true\">&#x2197;<\/span><\/a><\/li>\n                        <li><a href=\"https:\/\/ies7-juj.infd.edu.ar\/aula\/acceso.cgi\" target=\"_blank\" rel=\"noopener\" class=\"external-link\" aria-label=\"Campus Virtual (sitio externo, abre en una pesta\u00f1a nueva)\">Campus Virtual <span class=\"external-link-icon\" aria-hidden=\"true\">&#x2197;<\/span><\/a><\/li>\n                    <\/ul>\n                <\/li>\n                <li><a href=\"javascript:void(0)\">Egresados<\/a><\/li>\n                <li>\n                    <a href=\"javascript:void(0)\">Recursos <span class=\"material-symbols-outlined\" style=\"font-size: 1rem;\">expand_more<\/span><\/a>\n                     <ul class=\"dropdown\">\n                        <li><a href=\"javascript:void(0)\">Noticias<\/a><\/li>\n                        <li><a href=\"https:\/\/ies7-juj.infd.edu.ar\/sitio\/biblioteca-2\/\">Biblioteca<\/a><\/li>\n                        <li><a href=\"https:\/\/ies7-juj.infd.edu.ar\/sitio\/publicaciones-2024\/\">Publicaciones<\/a><\/li>\n                        <li><a href=\"https:\/\/ies7-juj.infd.edu.ar\/sitio\/xiv-jornadas-cientificas\/\">Jornadas Cient\u00edficas<\/a><\/li>\n                        <li><a href=\"javascript:void(0)\">Tesorer\u00eda<\/a><\/li>\n                    <\/ul>\n                <\/li>\n            <\/ul>\n\n            <button class=\"mobile-menu-button\" id=\"mobile-menu-toggle-ies7\" aria-label=\"Abrir menu\" aria-expanded=\"false\" aria-controls=\"mobile-nav-ies7\">\n                <svg xmlns=\"http:\/\/www.w3.org\/2000\/svg\" fill=\"none\" viewBox=\"0 0 24 24\" stroke-width=\"1.5\" stroke=\"currentColor\"><path stroke-linecap=\"round\" stroke-linejoin=\"round\" d=\"M3.75 6.75h16.5M3.75 12h16.5m-16.5 5.25h16.5\" \/><\/svg>\n            <\/button>\n        <\/div>\n\n        <div class=\"mobile-nav-panel\" id=\"mobile-nav-ies7\">\n            <!-- El contenido del men\u00fa m\u00f3vil se genera con JS -->\n        <\/div>\n    <\/nav>\n<\/div>\n<script>\n    (function() {\n        if (window.ies7MenuScriptLoaded) return;\n\n        document.addEventListener('DOMContentLoaded', function() {\n            const menuContainer = document.querySelector('#ies7-container-menu');\n            if (!menuContainer) return;\n\n            const menu = menuContainer.querySelector('.nav-menu');\n            const mobileNavPanel = menuContainer.querySelector('#mobile-nav-ies7');\n            const toggleButton = menuContainer.querySelector('#mobile-menu-toggle-ies7');\n\n            if (!menu || !mobileNavPanel || !toggleButton) return;\n\n            mobileNavPanel.innerHTML = '<ul>' + menu.innerHTML + '<\/ul>';\n\n            const closeIcon = '<svg xmlns=\"http:\/\/www.w3.org\/2000\/svg\" fill=\"none\" viewBox=\"0 0 24 24\" stroke-width=\"1.5\" stroke=\"currentColor\"><path stroke-linecap=\"round\" stroke-linejoin=\"round\" d=\"M6 18L18 6M6 6l12 12\" \/><\/svg>';\n            const openIcon = '<svg xmlns=\"http:\/\/www.w3.org\/2000\/svg\" fill=\"none\" viewBox=\"0 0 24 24\" stroke-width=\"1.5\" stroke=\"currentColor\"><path stroke-linecap=\"round\" stroke-linejoin=\"round\" d=\"M3.75 6.75h16.5M3.75 12h16.5m-16.5 5.25h16.5\" \/><\/svg>';\n\n            function closeMenu() {\n                mobileNavPanel.classList.remove('open');\n                document.body.classList.remove('mobile-menu-open');\n                toggleButton.innerHTML = openIcon;\n                toggleButton.setAttribute('aria-label', 'Abrir menu');\n                toggleButton.setAttribute('aria-expanded', 'false');\n            }\n\n            toggleButton.addEventListener('click', function() {\n                const isOpen = mobileNavPanel.classList.toggle('open');\n                document.body.classList.toggle('mobile-menu-open', isOpen);\n\n                if (isOpen) {\n                    toggleButton.innerHTML = closeIcon;\n                    toggleButton.setAttribute('aria-label', 'Cerrar menu');\n                    toggleButton.setAttribute('aria-expanded', 'true');\n                } else {\n                    toggleButton.innerHTML = openIcon;\n                    toggleButton.setAttribute('aria-label', 'Abrir menu');\n                    toggleButton.setAttribute('aria-expanded', 'false');\n                }\n            });\n\n            mobileNavPanel.addEventListener('click', function(e) {\n                if (e.target.tagName === 'A') {\n                    closeMenu();\n                }\n            });\n        });\n\n        window.ies7MenuScriptLoaded = true;\n    })();\n<\/script>\n\n\n\n\n<p><\/p>\n\n\n\n<div class=\"wp-block-buttons is-content-justification-center is-layout-flex wp-container-1\">\n<div class=\"wp-block-button has-custom-width wp-block-button__width-25 has-custom-font-size has-medium-font-size\"><a class=\"wp-block-button__link has-vivid-cyan-blue-to-vivid-purple-gradient-background has-background wp-element-button\" href=\"https:\/\/ies7-juj.infd.edu.ar\/sitio\/formulario-de-asociacion\/\">Formulario de Asociaci\u00f3n<\/a><\/div>\n\n\n\n<div class=\"wp-block-button has-custom-width wp-block-button__width-25 has-custom-font-size has-medium-font-size\"><a class=\"wp-block-button__link has-vivid-cyan-blue-to-vivid-purple-gradient-background has-background wp-element-button\" href=\"https:\/\/ies7-juj.infd.edu.ar\/sitio\/formulario-para-solicitar-planificaciones-programas\/\">Formulario para solicitar programas<\/a><\/div>\n<\/div>\n\n\n<div class=\"wp-block-image\">\n<figure class=\"aligncenter size-full is-resized\"><img decoding=\"async\" loading=\"lazy\" src=\"https:\/\/ies7-juj.infd.edu.ar\/sitio\/wp-content\/uploads\/2026\/03\/WhatsApp-Image-2026-03-12-at-08.43.55.jpeg\" alt=\"\" class=\"wp-image-12419\" width=\"642\" height=\"704\"\/><\/figure><\/div>\n\n\n<p class=\"has-text-align-center\"><\/p>\n\n\n\n<p class=\"has-text-align-center\"><span style=\"color: #ff0000;\"><strong><span class=\"has-inline-color has-vivid-red-color\">Para finalizar el tr\u00e1mite el socio deber\u00e1 presentarse en biblioteca para confirmar los datos.<\/span><\/strong><\/span><\/p>\n\n\n\n<p><mark style=\"background-color:rgba(0, 0, 0, 0)\" class=\"has-inline-color has-black-color\">(Validez del carnet: hasta <strong>31 de marzo del a\u00f1o siguiente<\/strong>).<\/mark><\/p>\n\n\n<div class=\"wp-block-image\">\n<figure class=\"aligncenter\"><img decoding=\"async\" loading=\"lazy\" width=\"1000\" height=\"275\" src=\"https:\/\/ies7-juj.infd.edu.ar\/sitio\/wp-content\/uploads\/2023\/05\/pngwing.com_-1000x275.png\" alt=\"\" class=\"wp-image-9274\" srcset=\"https:\/\/ies7-juj.infd.edu.ar\/sitio\/wp-content\/uploads\/2023\/05\/pngwing.com_-1000x275.png 1000w, https:\/\/ies7-juj.infd.edu.ar\/sitio\/wp-content\/uploads\/2023\/05\/pngwing.com_-1900x522.png 1900w, https:\/\/ies7-juj.infd.edu.ar\/sitio\/wp-content\/uploads\/2023\/05\/pngwing.com_-768x211.png 768w, https:\/\/ies7-juj.infd.edu.ar\/sitio\/wp-content\/uploads\/2023\/05\/pngwing.com_-1536x422.png 1536w, https:\/\/ies7-juj.infd.edu.ar\/sitio\/wp-content\/uploads\/2023\/05\/pngwing.com_-2048x563.png 2048w\" sizes=\"(max-width: 1000px) 100vw, 1000px\" \/><\/figure><\/div>\n\n<div class=\"wp-block-image\">\n<figure class=\"aligncenter\"><img decoding=\"async\" loading=\"lazy\" width=\"1000\" height=\"1000\" src=\"https:\/\/ies7-juj.infd.edu.ar\/sitio\/wp-content\/uploads\/2024\/04\/horarios-Biblioteca-2024-1000x1000.png\" alt=\"\" class=\"wp-image-11090\" srcset=\"https:\/\/ies7-juj.infd.edu.ar\/sitio\/wp-content\/uploads\/2024\/04\/horarios-Biblioteca-2024-1000x1000.png 1000w, https:\/\/ies7-juj.infd.edu.ar\/sitio\/wp-content\/uploads\/2024\/04\/horarios-Biblioteca-2024-500x500.png 500w, https:\/\/ies7-juj.infd.edu.ar\/sitio\/wp-content\/uploads\/2024\/04\/horarios-Biblioteca-2024-768x768.png 768w, https:\/\/ies7-juj.infd.edu.ar\/sitio\/wp-content\/uploads\/2024\/04\/horarios-Biblioteca-2024.png 1080w\" sizes=\"(max-width: 1000px) 100vw, 1000px\" \/><\/figure><\/div>\n\n\n<p class=\"has-text-align-center\"><\/p>\n\n\n\n<h4 class=\"wp-block-heading\"><mark style=\"background-color:rgba(0, 0, 0, 0)\" class=\"has-inline-color has-black-color\"><strong>VISITA NUESTRA P\u00c1GINA DE FACEBOOK<br><\/strong><\/mark><\/h4>\n\n\n\n<h5 class=\"wp-block-heading\"><img decoding=\"async\" loading=\"lazy\" width=\"112\" height=\"84\" class=\"wp-image-1437 aligncenter\" src=\"https:\/\/ies7-juj.infd.edu.ar\/sitio\/wp-content\/uploads\/2018\/10\/AlarmingShamefulAmericanbulldog-size_restricted.gif\" alt=\"\"><\/h5>\n\n\n\n<h5 class=\"wp-block-heading has-text-align-center\"><a rel=\"noopener\" href=\"https:\/\/www.facebook.com\/bmmvjujuy\" target=\"_blank\"><img decoding=\"async\" loading=\"lazy\" width=\"267\" height=\"267\" class=\"aligncenter wp-image-4462 \" src=\"https:\/\/ies7-juj.infd.edu.ar\/sitio\/wp-content\/uploads\/2021\/08\/GoodnaturedFocusedFugu-max-1mb.gif\" alt=\"\"><\/a><\/h5>\n\n\n\n<p class=\"has-text-align-center\"><strong><span style=\"color: #000080; font-family: book antiqua,palatino; font-size: 14pt;\"><span style=\"text-decoration: underline;\">Personal<\/span>:<\/span><\/strong><\/p>\n\n\n\n<p class=\"has-text-align-center\"><span style=\"color: #000000;\"><strong><span style=\"font-family: book antiqua,palatino; font-size: 14pt;\"><span style=\"text-decoration: underline;\">Jefe de Biblioteca<\/span>: Lic. Daniel Garc\u00eda&nbsp;<\/span><\/strong><\/span><\/p>\n\n\n\n<p class=\"has-text-align-center\"><span style=\"color: #000000;\"><strong><span style=\"font-family: book antiqua,palatino; font-size: 14pt;\">\u00a0 \u00a0 \u00a0 \u00a0 \u00a0 \u00a0 \u00a0 \u00a0 \u00a0 \u00a0 \u00a0 \u00a0 \u00a0 \u00a0 \u00a0 \u00a0 \u00a0 \u00a0 \u00a0 \u00a0Bibl. Lorena Cordoba<\/span><\/strong><\/span><\/p>\n\n\n\n<p class=\"has-text-align-center\"><span style=\"color: #000000;\"><strong><span style=\"font-family: book antiqua,palatino; font-size: 14pt;\">&nbsp; &nbsp; &nbsp; &nbsp; &nbsp; &nbsp; &nbsp; &nbsp; &nbsp; &nbsp; &nbsp; &nbsp; &nbsp; &nbsp; &nbsp; &nbsp; &nbsp; &nbsp; &nbsp;Bibl. Pablo Orellana<\/span><\/strong><\/span><\/p>\n\n\n\n<p class=\"has-text-align-center\"><span style=\"color: #000000;\"><strong><span style=\"font-family: book antiqua,palatino; font-size: 14pt;\">\u00a0 \u00a0 \u00a0 \u00a0 \u00a0 \u00a0 \u00a0 \u00a0 \u00a0 \u00a0 \u00a0 \u00a0 \u00a0 \u00a0 \u00a0 \u00a0 \u00a0 \u00a0 \u00a0 Prof. Susana Sajama <\/span><\/strong><\/span><\/p>\n\n\n\n<h4 class=\"wp-block-heading\"><span style=\"color: #ff0000;\"><strong><span style=\"text-decoration: underline;\"><span style=\"font-family: book antiqua,palatino; font-size: 14pt;\"><img decoding=\"async\" loading=\"lazy\" class=\"wp-image-9274 aligncenter\" src=\"https:\/\/ies7-juj.infd.edu.ar\/sitio\/wp-content\/uploads\/2023\/05\/pngwing.com_-1000x275.png\" alt=\"\" width=\"655\" height=\"180\" srcset=\"https:\/\/ies7-juj.infd.edu.ar\/sitio\/wp-content\/uploads\/2023\/05\/pngwing.com_-1000x275.png 1000w, https:\/\/ies7-juj.infd.edu.ar\/sitio\/wp-content\/uploads\/2023\/05\/pngwing.com_-1900x522.png 1900w, https:\/\/ies7-juj.infd.edu.ar\/sitio\/wp-content\/uploads\/2023\/05\/pngwing.com_-768x211.png 768w, https:\/\/ies7-juj.infd.edu.ar\/sitio\/wp-content\/uploads\/2023\/05\/pngwing.com_-1536x422.png 1536w, https:\/\/ies7-juj.infd.edu.ar\/sitio\/wp-content\/uploads\/2023\/05\/pngwing.com_-2048x563.png 2048w\" sizes=\"(max-width: 655px) 100vw, 655px\" \/>RECURSOS EN L\u00cdNEA DE ACCESO ABIERTO:<\/span><\/span><\/strong><\/span><\/h4>\n\n\n\n<p class=\"has-text-align-center\"><\/p>\n\n\n<div  class=\"lgc-column lgc-grid-parent lgc-grid-50 lgc-tablet-grid-50 lgc-mobile-grid-100 lgc-equal-heights \"><div  class=\"inside-grid-column\">\n<p><img decoding=\"async\" loading=\"lazy\" class=\"size-full wp-image-9866 aligncenter\" src=\"https:\/\/ies7-juj.infd.edu.ar\/sitio\/wp-content\/uploads\/2023\/09\/Sin-titulo.png\" alt=\"\" width=\"395\" height=\"128\"\/><\/p>\n<h4 style=\"text-align: center;\"><a href=\"https:\/\/www.bn.gov.ar\/\" target=\"_blank\" rel=\"noopener\"><img decoding=\"async\" loading=\"lazy\" class=\"alignnone wp-image-3527\" src=\"https:\/\/ies7-juj.infd.edu.ar\/sitio\/wp-content\/uploads\/2020\/09\/button_visitar-la-pagina-web.png\" alt=\"\" width=\"341\" height=\"63\"\/><\/a><\/h4>\n<p style=\"text-align: justify;\">La Biblioteca Nacional Mariano Moreno de la Rep\u00fablica Argentina, fundada como Biblioteca P\u00fablica de Buenos Aires en el marco de la Revoluci\u00f3n de Mayo, atesora y resguarda, a trav\u00e9s de las m\u00e1s modernas t\u00e9cnicas bibliotecol\u00f3gicas, los materiales con los que se han forjado las distintas ideas y \u00e9pocas del pa\u00eds, que pone a disposici\u00f3n de la ciudadan\u00eda como una oportunidad para repensar los enigmas de nuestra cultura colectiva.<\/p>\n<h3 style=\"text-align: center;\"><\/h3><\/div><\/div><\/h3>\n\n\n\n<p class=\"has-text-align-center\"><\/p>\n\n\n<div  class=\"lgc-column lgc-grid-parent lgc-grid-50 lgc-tablet-grid-50 lgc-mobile-grid-100 lgc-equal-heights \"><div  class=\"inside-grid-column\">\n<p><img decoding=\"async\" loading=\"lazy\" class=\"\" style=\"display: block; margin-left: auto; margin-right: auto;\" src=\"https:\/\/ies7-juj.infd.edu.ar\/aula\/archivos\/repositorio\/1500\/1595\/scielo.jpg\" alt=\"\" width=\"105\" height=\"78\" border=\"0\"\/><\/p>\n<h4 style=\"text-align: center;\"><a href=\"https:\/\/scielo.org\/es\/\" target=\"_blank\" rel=\"noopener\"><img decoding=\"async\" loading=\"lazy\" class=\"alignnone wp-image-3527\" src=\"https:\/\/ies7-juj.infd.edu.ar\/sitio\/wp-content\/uploads\/2020\/09\/button_visitar-la-pagina-web.png\" alt=\"\" width=\"341\" height=\"63\"\/><\/a><\/h4>\n<p style=\"text-align: justify;\">Permite la publicaci\u00f3n electr\u00f3nica de ediciones completas de las&nbsp;revistas cient\u00edficas&nbsp;mediante una plataforma de&nbsp;<em>software<\/em>&nbsp;que posibilita el acceso a trav\u00e9s de distintos mecanismos, incluyendo&nbsp;listas&nbsp;de t\u00edtulos y por materia,&nbsp;\u00edndices&nbsp;de autores y materias y un&nbsp;motor de b\u00fasqueda.<\/p>\n<h3 style=\"text-align: center;\"><\/h3><\/div><\/div><\/h3>\n\n\n\n<p class=\"has-text-align-center\"><\/p>\n\n\n<div  class=\"lgc-column lgc-grid-parent lgc-grid-50 lgc-tablet-grid-50 lgc-mobile-grid-100 lgc-equal-heights \"><div  class=\"inside-grid-column\">\n<p style=\"text-align: center;\"><img decoding=\"async\" loading=\"lazy\" class=\"wp-image-6210 aligncenter\" src=\"https:\/\/ies7-juj.infd.edu.ar\/sitio\/wp-content\/uploads\/2022\/04\/FACPCE.png\" alt=\"\" width=\"334\" height=\"122\" srcset=\"https:\/\/ies7-juj.infd.edu.ar\/sitio\/wp-content\/uploads\/2022\/04\/FACPCE.png 852w, https:\/\/ies7-juj.infd.edu.ar\/sitio\/wp-content\/uploads\/2022\/04\/FACPCE-768x280.png 768w\" sizes=\"(max-width: 334px) 100vw, 334px\" \/><a href=\"https:\/\/www.facpce.org.ar\/NORMASWEB\/index_argentina.php?c=1&amp;sc=1&amp;p=1\" target=\"_blank\" rel=\"noopener\"><img decoding=\"async\" loading=\"lazy\" class=\"wp-image-3527 aligncenter\" src=\"https:\/\/ies7-juj.infd.edu.ar\/sitio\/wp-content\/uploads\/2020\/09\/button_visitar-la-pagina-web.png\" alt=\"\" width=\"341\" height=\"63\"\/><\/a><\/p>\n<p style=\"text-align: center;\">Normas profesionales argentinas.<\/p>\n<p style=\"text-align: center;\">Normas obligatorias.<\/p>\n<p style=\"text-align: center;\">Resoluciones t\u00e9cnicas<\/p>\n<h3 style=\"text-align: center;\"><\/h3><\/div><\/div><\/h3>\n\n\n\n<p class=\"has-text-align-center\"><\/p>\n\n\n<div  class=\"lgc-column lgc-grid-parent lgc-grid-50 lgc-tablet-grid-50 lgc-mobile-grid-100 lgc-equal-heights \"><div  class=\"inside-grid-column\">\n<p><img decoding=\"async\" loading=\"lazy\" class=\"size-full wp-image-6830 aligncenter\" src=\"https:\/\/ies7-juj.infd.edu.ar\/sitio\/wp-content\/uploads\/2022\/07\/logogris.png\" alt=\"\" width=\"260\" height=\"85\"\/><\/p>\n<h4 style=\"text-align: center;\"><a href=\"https:\/\/www.margen.org\/\" target=\"_blank\" rel=\"noopener\"><img decoding=\"async\" loading=\"lazy\" class=\"alignnone wp-image-3527\" src=\"https:\/\/ies7-juj.infd.edu.ar\/sitio\/wp-content\/uploads\/2020\/09\/button_visitar-la-pagina-web.png\" alt=\"\" width=\"341\" height=\"63\"\/><\/a><\/h4>\n<p style=\"text-align: justify;\">Temas de Trabajo Social y Ciencias Sociales<span style=\"font-weight: 400;\">&nbsp;:&nbsp;<\/span>La pr\u00e1ctica del Trabajo Social y las Ciencias Sociales ante el desaf\u00edo de colaborar en el dise\u00f1o de nuevos espacios de participaci\u00f3n y desarrollo.&nbsp; Margen aporta elementos para repensar las pr\u00e1cticas de intervenci\u00f3n.<\/p>\n<h3 style=\"text-align: center;\"><\/h3><\/div><\/div><\/h3>\n\n\n\n<p class=\"has-text-align-center\"><\/p>\n\n\n<div  class=\"lgc-column lgc-grid-parent lgc-grid-50 lgc-tablet-grid-50 lgc-mobile-grid-100 lgc-equal-heights \"><div  class=\"inside-grid-column\">\n<p><img decoding=\"async\" loading=\"lazy\" class=\"aligncenter wp-image-1158\" src=\"https:\/\/ies7-juj.infd.edu.ar\/sitio\/wp-content\/uploads\/2018\/08\/sid.jpg\" alt=\"\" width=\"216\" height=\"88\"\/><\/p>\n<h4 style=\"text-align: center;\"><a href=\"https:\/\/sid-inico.usal.es\/\" target=\"_blank\" rel=\"noopener\"><img decoding=\"async\" loading=\"lazy\" class=\"alignnone wp-image-3527\" src=\"https:\/\/ies7-juj.infd.edu.ar\/sitio\/wp-content\/uploads\/2020\/09\/button_visitar-la-pagina-web.png\" alt=\"\" width=\"341\" height=\"63\"\/><\/a><\/h4>\n<p style=\"text-align: justify;\">El&nbsp;Servicio de Informaci\u00f3n sobre Discapacidad (SID)&nbsp;es un portal con informaci\u00f3n sobre discapacidad en castellano. La&nbsp;Universidad de Salamanca, a trav\u00e9s del&nbsp;INICO (Instituto Universitario de Integraci\u00f3n en la Comunidad)&nbsp;y la&nbsp;Consejer\u00eda de servicios sociales de la Junta de Castilla y Le\u00f3n&nbsp;hacen posible que se pueda recopilar, ofrecer y difundir esta informaci\u00f3n v\u00eda web con acceso p\u00fablico, libre y gratuito.<\/p>\n<h3 style=\"text-align: center;\"><\/h3><\/div><\/div><\/h3>\n\n\n\n<p class=\"has-text-align-center\"><\/p>\n\n\n<div  class=\"lgc-column lgc-grid-parent lgc-grid-50 lgc-tablet-grid-50 lgc-mobile-grid-100 lgc-equal-heights \"><div  class=\"inside-grid-column\">\n<p><img decoding=\"async\" loading=\"lazy\" class=\" wp-image-3485 aligncenter\" src=\"https:\/\/ies7-juj.infd.edu.ar\/sitio\/wp-content\/uploads\/2020\/09\/Santa-Sede.jpg\" alt=\"\" width=\"421\" height=\"90\"\/><\/p>\n<h4 style=\"text-align: center;\"><a href=\"https:\/\/w2.vatican.va\/content\/john-paul-ii\/es\/encyclicals.index.html\" target=\"_blank\" rel=\"noopener\"><img decoding=\"async\" loading=\"lazy\" class=\"alignnone wp-image-3527\" src=\"https:\/\/ies7-juj.infd.edu.ar\/sitio\/wp-content\/uploads\/2020\/09\/button_visitar-la-pagina-web.png\" alt=\"\" width=\"341\" height=\"63\"\/><\/a><\/h4>\n<p style=\"text-align: justify;\">P\u00e1gina oficial del Vaticano, reune enc\u00edclicas, homilias, mensajes, cartas apost\u00f3licas, etc.<\/p>\n<p style=\"text-align: justify;\">Para&nbsp;leer adem\u00e1s las \u00faltimas noticias sobre el Papa Francisco, la Santa Sede y la Iglesia en el mundo.<\/p>\n<h3 style=\"text-align: center;\"><\/h3><\/div><\/div><\/h3>\n\n\n\n<p class=\"has-text-align-center\"><\/p>\n\n\n<div  class=\"lgc-column lgc-grid-parent lgc-grid-50 lgc-tablet-grid-50 lgc-mobile-grid-100 lgc-equal-heights \"><div  class=\"inside-grid-column\">\n<p><img decoding=\"async\" loading=\"lazy\" class=\"size-full wp-image-3486 aligncenter\" src=\"https:\/\/ies7-juj.infd.edu.ar\/sitio\/wp-content\/uploads\/2020\/09\/descarga.png\" alt=\"\" width=\"245\" height=\"135\"\/><\/p>\n<h4 style=\"text-align: center;\"><a href=\"http:\/\/www.bnm.me.gov.ar\/?id_curso=25\" target=\"_blank\" rel=\"noopener\"><img decoding=\"async\" loading=\"lazy\" class=\"alignnone wp-image-3527\" src=\"https:\/\/ies7-juj.infd.edu.ar\/sitio\/wp-content\/uploads\/2020\/09\/button_visitar-la-pagina-web.png\" alt=\"\" width=\"341\" height=\"63\"\/><\/a><\/h4>\n<p style=\"text-align: justify;\">La BNM pone a disposici\u00f3n m\u00e1s de 40.000 recursos digitales organizados por colecciones. En la actualidad somos un referente de toda la comunidad educativa nacional con su permanente actualizaci\u00f3n bibliogr\u00e1fica en distintos soportes y desarrollos virtuales a trav\u00e9s de su sitio web, con la finalidad de construir diferentes escenarios de formaci\u00f3n y acceso al conocimiento.<\/p>\n<h3 style=\"text-align: center;\"><\/h3><\/div><\/div><\/h3>\n\n\n\n<p class=\"has-text-align-center\"><\/p>\n\n\n<div  class=\"lgc-column lgc-grid-parent lgc-grid-50 lgc-tablet-grid-50 lgc-mobile-grid-100 lgc-equal-heights \"><div  class=\"inside-grid-column\">\n<p><img decoding=\"async\" loading=\"lazy\" class=\"alignnone wp-image-3488 aligncenter\" src=\"https:\/\/ies7-juj.infd.edu.ar\/sitio\/wp-content\/uploads\/2020\/09\/redalyc.png\" alt=\"\" width=\"156\" height=\"156\"\/><\/p>\n<h4 style=\"text-align: center;\"><a href=\"https:\/\/www.redalyc.org\/pais.oa?id_curso=25&amp;id=9\" target=\"_blank\" rel=\"noopener\"><img decoding=\"async\" loading=\"lazy\" class=\"alignnone wp-image-3527\" src=\"https:\/\/ies7-juj.infd.edu.ar\/sitio\/wp-content\/uploads\/2020\/09\/button_visitar-la-pagina-web.png\" alt=\"\" width=\"341\" height=\"63\"\/><\/a><\/h4>\n<p style=\"text-align: justify;\">Red de Revistas Cient\u00edficas de Am\u00e9rica Latina y el Caribe, Espa\u00f1a y Portugal es un proyecto acad\u00e9mico para la difusi\u00f3n en acceso abierto de la actividad cient\u00edfica editorial de todo el mundo, bajo un modelo liderado por la academia y no lucrativo.<\/p>\n<h3 style=\"text-align: center;\"><\/h3><\/div><\/div><\/h3>\n\n\n\n<p class=\"has-text-align-center\"><\/p>\n\n\n<div  class=\"lgc-column lgc-grid-parent lgc-grid-50 lgc-tablet-grid-50 lgc-mobile-grid-100 lgc-equal-heights \"><div  class=\"inside-grid-column\">\n<p style=\"text-align: center;\"><img decoding=\"async\" loading=\"lazy\" class=\"alignnone size-full wp-image-3489 aligncenter\" src=\"https:\/\/ies7-juj.infd.edu.ar\/sitio\/wp-content\/uploads\/2020\/09\/infoleg.jpg\" alt=\"\" width=\"180\" height=\"180\"\/><\/p>\n<h4 style=\"text-align: center;\"><a href=\"http:\/\/www.infoleg.gob.ar\/?id_curso=25\" target=\"_blank\" rel=\"noopener\"><img decoding=\"async\" loading=\"lazy\" class=\"alignnone wp-image-3527\" src=\"https:\/\/ies7-juj.infd.edu.ar\/sitio\/wp-content\/uploads\/2020\/09\/button_visitar-la-pagina-web.png\" alt=\"\" width=\"341\" height=\"63\"\/><\/a><\/h4>\n<p style=\"text-align: justify;\">Es acr\u00f3nimo de \u00abInformaci\u00f3n Legislativa y Documental\u00bb, es una base de datos que recopila leyes nacionales y actos administrativos de alcance general del Poder Ejecutivo Nacional.<\/p>\n<h3 style=\"text-align: center;\"><\/h3><\/div><\/div><\/h3>\n\n\n\n<p class=\"has-text-align-center\"><\/p>\n\n\n<div  class=\"lgc-column lgc-grid-parent lgc-grid-50 lgc-tablet-grid-50 lgc-mobile-grid-100 lgc-equal-heights \"><div  class=\"inside-grid-column\">\n<p><img decoding=\"async\" loading=\"lazy\" class=\" wp-image-3502 aligncenter\" src=\"https:\/\/ies7-juj.infd.edu.ar\/sitio\/wp-content\/uploads\/2020\/09\/unesco.png\" alt=\"\" width=\"352\" height=\"123\"\/><\/p>\n<h4 style=\"text-align: center;\"><a href=\"https:\/\/unesdoc.unesco.org\/acerca\" target=\"_blank\" rel=\"noopener\"><img decoding=\"async\" loading=\"lazy\" class=\"alignnone wp-image-3527\" src=\"https:\/\/ies7-juj.infd.edu.ar\/sitio\/wp-content\/uploads\/2020\/09\/button_visitar-la-pagina-web.png\" alt=\"\" width=\"341\" height=\"63\"\/><\/a><\/h4>\n<p style=\"text-align: justify;\">La Biblioteca Digital de la UNESCO es el dep\u00f3sito de la memoria institucional de la UNESCO y una fuente de informaci\u00f3n de alta calidad sobre las actividades de la UNESCO (en educaci\u00f3n, ciencias naturales, ciencias sociales y humanas, cultura y comunicaci\u00f3n e informaci\u00f3n), con m\u00e1s de 350.000 documentos que datan de 1945. Incluye las colecciones de la biblioteca de la UNESCO y varios centros de documentaci\u00f3n de las oficinas exteriores e institutos de la UNESCO, as\u00ed como los archivos de la UNESCO. El prop\u00f3sito fundamental de la Biblioteca Digital de la UNESCO es compartir conocimientos y transmitirlos a las generaciones futuras.<\/p>\n<h3 style=\"text-align: center;\"><\/h3><\/div><\/div><\/h3>\n\n\n\n<p class=\"has-text-align-center\"><\/p>\n\n\n<div  class=\"lgc-column lgc-grid-parent lgc-grid-50 lgc-tablet-grid-50 lgc-mobile-grid-100 lgc-equal-heights \"><div  class=\"inside-grid-column\">\n<p><img decoding=\"async\" loading=\"lazy\" class=\"alignnone wp-image-3503 aligncenter\" src=\"https:\/\/ies7-juj.infd.edu.ar\/sitio\/wp-content\/uploads\/2020\/09\/descarga-1.png\" alt=\"\" width=\"197\" height=\"196\"\/><\/p>\n<h4 style=\"text-align: center;\"><a href=\"https:\/\/bcn.gob.ar\/la-biblioteca\" target=\"_blank\" rel=\"noopener\"><img decoding=\"async\" loading=\"lazy\" class=\"alignnone wp-image-3527\" src=\"https:\/\/ies7-juj.infd.edu.ar\/sitio\/wp-content\/uploads\/2020\/09\/button_visitar-la-pagina-web.png\" alt=\"\" width=\"341\" height=\"63\"\/><\/a><\/h4>\n<p style=\"text-align: justify;\">La Biblioteca del Congreso de la Naci\u00f3n garantiza el derecho de acceso a la informaci\u00f3n, el conocimiento y la cultura en forma libre y gratuita, y promueve la cohesi\u00f3n social y el intercambio cultural en todo el pa\u00eds. La BCN ofrece una diversidad de servicios, en sus distintos espacios.<\/p>\n<p style=\"text-align: justify;\">Asimismo, la BCN cuenta con una importante colecci\u00f3n de diarios y revistas actuales y de distintas \u00e9pocas, y un extenso cat\u00e1logo de documentos microfilmados, que se pueden consultar en las Salas Hemeroteca Diarios y Hemeroteca Revistas.<\/p>\n<h3 style=\"text-align: center;\"><\/h3><\/div><\/div><\/h3>\n\n\n\n<p class=\"has-text-align-center\"><\/p>\n\n\n<div  class=\"lgc-column lgc-grid-parent lgc-grid-50 lgc-tablet-grid-50 lgc-mobile-grid-100 lgc-equal-heights \"><div  class=\"inside-grid-column\">\n<p><img decoding=\"async\" loading=\"lazy\" class=\"wp-image-3530 aligncenter\" src=\"https:\/\/ies7-juj.infd.edu.ar\/sitio\/wp-content\/uploads\/2020\/09\/pageHeaderTitleImage_es_ES.jpg\" alt=\"\" width=\"574\" height=\"114\"\/><\/p>\n<h4 style=\"text-align: center;\"><a href=\"https:\/\/revistas.unc.edu.ar\/\" target=\"_blank\" rel=\"noopener\"><img decoding=\"async\" loading=\"lazy\" class=\"alignnone wp-image-3527\" src=\"https:\/\/ies7-juj.infd.edu.ar\/sitio\/wp-content\/uploads\/2020\/09\/button_visitar-la-pagina-web.png\" alt=\"\" width=\"341\" height=\"63\"\/><\/a><\/h4>\n<div class=\"row\">\n<div class=\"col-lg-12\">\n<p style=\"text-align: justify;\">El sitio&nbsp;<strong>Revistas de la Universidad Nacional de C\u00f3rdoba<\/strong>&nbsp;es un espacio destinado a la comunidad universitaria, con el fin que a trav\u00e9s de \u00e9ste, se produzcan y publiquen &nbsp;revistas electr\u00f3nicas que difundan de contenidos cient\u00edficos, acad\u00e9micos y culturales. &nbsp;Consideramos que el conocimiento es un recurso p\u00fablico y por ello la Universidad ofrece acceso libre a su producci\u00f3n cient\u00edfica, acad\u00e9mica y cultural.<\/p>\n<\/div>\n<\/div>\n<div class=\"row panels-row bn-panel-buttons\">\n<div class=\"col-xs-12 col-sm-6 col-md-6\">\n<h3 style=\"text-align: center;\"><\/h3><\/div><\/div><\/div><\/div><\/h3>\n<\/div>\n<\/div>\n\n\n\n<p class=\"has-text-align-center\"><\/p>\n\n\n<div  class=\"lgc-column lgc-grid-parent lgc-grid-50 lgc-tablet-grid-50 lgc-mobile-grid-100 lgc-equal-heights \"><div  class=\"inside-grid-column\">\n<p><img decoding=\"async\" loading=\"lazy\" class=\" wp-image-3519 aligncenter\" src=\"https:\/\/ies7-juj.infd.edu.ar\/sitio\/wp-content\/uploads\/2020\/09\/descarga.jpg\" alt=\"\" width=\"190\" height=\"181\"\/><\/p>\n<h4 style=\"text-align: center;\"><a href=\"http:\/\/biblioteca.clacso.edu.ar\/\" target=\"_blank\" rel=\"noopener\"><img decoding=\"async\" loading=\"lazy\" class=\"alignnone wp-image-3527\" src=\"https:\/\/ies7-juj.infd.edu.ar\/sitio\/wp-content\/uploads\/2020\/09\/button_visitar-la-pagina-web.png\" alt=\"\" width=\"341\" height=\"63\"\/><\/a><\/h4>\n<p style=\"text-align: justify;\">La Red de Bibliotecas Virtuales CLACSO, repositorio digital, ofrece acceso libre a m\u00e1s de 100.000 textos de la red&nbsp;CLACSO&nbsp;y recibe m\u00e1s de un mill\u00f3n de solicitudes por mes en CLACSO y en la&nbsp;colecci\u00f3n CLACSO en Redalyc.<br \/>\nEl&nbsp;portal CLACSO-REDALYC&nbsp;ofrece acceso abierto e indicadores de 850 revistas de ciencias sociales y humanidades de Iberoam\u00e9rica (350.721 art\u00edculos). Esta colecci\u00f3n recibe m\u00e1s de 4 millones de descargas por mes.<br \/>\nEs un servicio de&nbsp;CLACSO&nbsp;con la participaci\u00f3n del los grupos&nbsp;publicaciones, biblioteca&nbsp;y&nbsp;multimedia&nbsp;de los&nbsp;centros miembros de CLACSO.<\/p>\n<h3 style=\"text-align: center;\"><\/h3><\/div><\/div><\/h3>\n\n\n\n<p class=\"has-text-align-center\"><\/p>\n\n\n<div  class=\"lgc-column lgc-grid-parent lgc-grid-50 lgc-tablet-grid-50 lgc-mobile-grid-100 lgc-equal-heights \"><div  class=\"inside-grid-column\">\n<p><img decoding=\"async\" loading=\"lazy\" class=\"wp-image-4234 aligncenter\" src=\"https:\/\/ies7-juj.infd.edu.ar\/sitio\/wp-content\/uploads\/2021\/04\/UNESCO-libera-biblioteca-1024x640-1000x625.png\" alt=\"\" width=\"336\" height=\"210\" srcset=\"https:\/\/ies7-juj.infd.edu.ar\/sitio\/wp-content\/uploads\/2021\/04\/UNESCO-libera-biblioteca-1024x640-1000x625.png 1000w, https:\/\/ies7-juj.infd.edu.ar\/sitio\/wp-content\/uploads\/2021\/04\/UNESCO-libera-biblioteca-1024x640-768x480.png 768w, https:\/\/ies7-juj.infd.edu.ar\/sitio\/wp-content\/uploads\/2021\/04\/UNESCO-libera-biblioteca-1024x640.png 1024w\" sizes=\"(max-width: 336px) 100vw, 336px\" \/><\/p>\n<h4 style=\"text-align: center;\"><a href=\"https:\/\/www.wdl.org\/es\/\" target=\"_blank\" rel=\"noopener\"><img decoding=\"async\" loading=\"lazy\" class=\"alignnone wp-image-3527\" src=\"https:\/\/ies7-juj.infd.edu.ar\/sitio\/wp-content\/uploads\/2020\/09\/button_visitar-la-pagina-web.png\" alt=\"\" width=\"341\" height=\"63\"\/><\/a><\/h4>\n<p style=\"text-align: justify;\">La Biblioteca Digital Mundial pone a disposici\u00f3n en Internet, de manera gratuita y en formato multiling\u00fce, importantes materiales fundamentales de culturas de todo el mundo.<\/p>\n<p>Los objetivos de la Biblioteca Digital Mundial son:<\/p>\n<ul>\n<li>Promover el entendimiento internacional e intercultural;<\/li>\n<li>Ampliar la cantidad y la variedad de contenidos culturales en Internet;<\/li>\n<li>Facilitar recursos a los educadores, estudiosos y el p\u00fablico en general;<\/li>\n<li>Permitir a las instituciones asociadas reducir la distancia digital dentro de y entre los pa\u00edses.<\/li>\n<\/ul>\n<h3 style=\"text-align: center;\"><\/h3><\/div><\/div><\/h3>\n\n\n\n<p class=\"has-text-align-center\"><\/p>\n\n\n<div  class=\"lgc-column lgc-grid-parent lgc-grid-50 lgc-tablet-grid-50 lgc-mobile-grid-100 lgc-equal-heights \"><div  class=\"inside-grid-column\">\n<p><img decoding=\"async\" loading=\"lazy\" class=\"size-full wp-image-4238 aligncenter\" src=\"https:\/\/ies7-juj.infd.edu.ar\/sitio\/wp-content\/uploads\/2021\/04\/bf08a77df980bbc07d59d35c0904f474.png\" alt=\"\" width=\"324\" height=\"155\"\/><\/p>\n<h4 style=\"text-align: center;\"><a href=\"https:\/\/argentina.bvsalud.org\/\" target=\"_blank\" rel=\"noopener\"><img decoding=\"async\" loading=\"lazy\" class=\"alignnone wp-image-3527\" src=\"https:\/\/ies7-juj.infd.edu.ar\/sitio\/wp-content\/uploads\/2020\/09\/button_visitar-la-pagina-web.png\" alt=\"\" width=\"341\" height=\"63\"\/><\/a><\/h4>\n<p style=\"text-align: justify;\">La&nbsp;Biblioteca Virtual de Salud (BVS)&nbsp;se estableci\u00f3 en 1998 c\u00f3mo modelo, estrategia y plataforma operacional de cooperaci\u00f3n t\u00e9cnica de la&nbsp;Organizaci\u00f3n Panamericana de la Salud (OPS)&nbsp;para gesti\u00f3n de la informaci\u00f3n y conocimiento en salud en la Regi\u00f3n del Am\u00e9rica Latina y el Caribe. Es el espacio de integraci\u00f3n de fuentes de informaci\u00f3n en salud que promueve la democratizaci\u00f3n y ampliaci\u00f3n del acceso a la informaci\u00f3n cient\u00edfica y t\u00e9cnica en salud.<\/p>\n<h3 style=\"text-align: center;\"><\/h3><\/div><\/div><\/h3>\n\n\n\n<p class=\"has-text-align-center\"><\/p>\n\n\n<div  class=\"lgc-column lgc-grid-parent lgc-grid-50 lgc-tablet-grid-50 lgc-mobile-grid-100 lgc-equal-heights \"><div  class=\"inside-grid-column\">\n<p><img decoding=\"async\" loading=\"lazy\" class=\"size-full wp-image-4358 aligncenter\" src=\"https:\/\/ies7-juj.infd.edu.ar\/sitio\/wp-content\/uploads\/2021\/06\/descarga.jpg\" alt=\"\" width=\"387\" height=\"130\"\/><\/p>\n<p><a href=\"https:\/\/repositoriosdigitales.mincyt.gob.ar\/vufind\/\" target=\"_blank\" rel=\"noopener\"><img decoding=\"async\" class=\"aligncenter\" src=\"https:\/\/ies7-juj.infd.edu.ar\/sitio\/wp-content\/uploads\/2020\/09\/button_visitar-la-pagina-web.png\"\/><\/a><\/p>\n<p class=\"text-justify\" style=\"text-align: justify;\">El SNRD tiene como prop\u00f3sito conformar una red interoperable de repositorios digitales en ciencia y tecnolog\u00eda, a partir del establecimiento de pol\u00edticas, est\u00e1ndares y protocolos comunes a todos los integrantes del Sistema.<\/p>\n<h3 style=\"text-align: center;\"><\/h3><\/div><\/div><\/h3>\n\n\n\n<p class=\"has-text-align-center\"><\/p>\n\n\n<div  class=\"lgc-column lgc-grid-parent lgc-grid-50 lgc-tablet-grid-50 lgc-mobile-grid-100 lgc-equal-heights \"><div  class=\"inside-grid-column\">\n<p><img decoding=\"async\" loading=\"lazy\" class=\"wp-image-4359 aligncenter\" src=\"https:\/\/ies7-juj.infd.edu.ar\/sitio\/wp-content\/uploads\/2021\/06\/LaReferencia.png\" alt=\"\" width=\"575\" height=\"123\" srcset=\"https:\/\/ies7-juj.infd.edu.ar\/sitio\/wp-content\/uploads\/2021\/06\/LaReferencia.png 998w, https:\/\/ies7-juj.infd.edu.ar\/sitio\/wp-content\/uploads\/2021\/06\/LaReferencia-768x164.png 768w\" sizes=\"(max-width: 575px) 100vw, 575px\" \/><\/p>\n<p><a href=\"https:\/\/www.lareferencia.info\/es\/\" target=\"_blank\" rel=\"noopener\"><img decoding=\"async\" class=\"aligncenter\" src=\"https:\/\/ies7-juj.infd.edu.ar\/sitio\/wp-content\/uploads\/2020\/09\/button_visitar-la-pagina-web.png\"\/><\/a><\/p>\n<p style=\"text-align: justify;\">La Red Federada de Repositorios Institucionales de Publicaciones Cient\u00edficas, o simplemente LA Referencia, es una red latinoamericana de repositorios de acceso abierto. Por medio de sus servicios, apoya las estrategias nacionales de Acceso Abierto en Am\u00e9rica Latina mediante una plataforma con est\u00e1ndares de interoperabilidad, compartiendo y dando visibilidad a la producci\u00f3n cient\u00edfica generada en las instituciones de educaci\u00f3n superior y de investigaci\u00f3n cient\u00edfica.<\/p>\n<h3 style=\"text-align: center;\"><\/h3><\/div><\/div><\/h3>\n\n\n\n<p class=\"has-text-align-center\"><\/p>\n\n\n<div  class=\"lgc-column lgc-grid-parent lgc-grid-50 lgc-tablet-grid-50 lgc-mobile-grid-100 lgc-equal-heights \"><div  class=\"inside-grid-column\">\n<p><img decoding=\"async\" loading=\"lazy\" class=\" wp-image-4652 aligncenter\" src=\"https:\/\/ies7-juj.infd.edu.ar\/sitio\/wp-content\/uploads\/2021\/09\/descarga.png\" alt=\"\" width=\"364\" height=\"114\"\/><\/p>\n<p><a href=\"https:\/\/cosechador.siu.edu.ar\/index.php\" target=\"_blank\" rel=\"noopener\"><img decoding=\"async\" class=\"aligncenter\" src=\"https:\/\/ies7-juj.infd.edu.ar\/sitio\/wp-content\/uploads\/2020\/09\/button_visitar-la-pagina-web.png\"\/><\/a><\/p>\n<p style=\"text-align: justify;\">Desarrollada por el SIU (consorcio de universidades que desarrolla soluciones inform\u00e1ticas y brinda servicios para el Sistema Universitario Nacional y distintos organismos de gobierno). La bdu (base de datos unificada) es un cat\u00e1logo colectivo de bibliotecas universitarias y otras instituciones argentinas. La bdu2 cosecha repositorios institucionales.<\/p>\n<h3 style=\"text-align: center;\"><\/h3><\/div><\/div><\/h3>\n\n\n\n<p class=\"has-text-align-center\"><\/p>\n\n\n<div  class=\"lgc-column lgc-grid-parent lgc-grid-50 lgc-tablet-grid-50 lgc-mobile-grid-100 lgc-equal-heights \"><div  class=\"inside-grid-column\">\n<p><img decoding=\"async\" loading=\"lazy\" class=\"size-full wp-image-6219 aligncenter\" src=\"https:\/\/ies7-juj.infd.edu.ar\/sitio\/wp-content\/uploads\/2022\/04\/cedoc.jpg\" alt=\"\" width=\"397\" height=\"101\"\/><\/p>\n<p><a href=\"https:\/\/cedoc.infd.edu.ar\/\" target=\"_blank\" rel=\"noopener\"><img decoding=\"async\" class=\"aligncenter\" src=\"https:\/\/ies7-juj.infd.edu.ar\/sitio\/wp-content\/uploads\/2020\/09\/button_visitar-la-pagina-web.png\"\/><\/a><\/p>\n<p>El Centro de Documentaci\u00f3n (CEDOC) del Instituto Nacional de Formaci\u00f3n Docente se especializa desde sus inicios en presentar: normativa, documentos oficiales, comunicados de apoyo, investigaciones, publicaciones, videos, ponencias, dise\u00f1os curriculares jurisdiccionales, oferta de carreras y datos de los ISFD de todo el pa\u00eds.<\/p>\n<h3 style=\"text-align: center;\"><\/h3><\/div><\/div><\/h3>\n\n\n\n<p class=\"has-text-align-center\"><div  class=\"lgc-column lgc-grid-parent lgc-grid-50 lgc-tablet-grid-50 lgc-mobile-grid-100 lgc-equal-heights \"><div  class=\"inside-grid-column\">\n\n\n<div class=\"wp-block-image\">\n<figure class=\"aligncenter\"><img decoding=\"async\" loading=\"lazy\" width=\"407\" height=\"90\" src=\"https:\/\/ies7-juj.infd.edu.ar\/sitio\/wp-content\/uploads\/2021\/09\/images.jpg\" alt=\"\" class=\"wp-image-4653\"\/><\/figure><\/div>\n\n<div class=\"wp-block-image\">\n<figure class=\"aligncenter\"><a href=\"https:\/\/bdigital.uncu.edu.ar\/\" target=\"_blank\" rel=\"noopener\"><img decoding=\"async\" src=\"https:\/\/ies7-juj.infd.edu.ar\/sitio\/wp-content\/uploads\/2020\/09\/button_visitar-la-pagina-web.png\" alt=\"\"\/><\/a><\/figure><\/div>\n\n\n<p>Almacena la producci\u00f3n cient\u00edfica, acad\u00e9mica, art\u00edstica y cultural de la UNCuyo. Incluye texto, audio y video. Comprende libros, tesis (de posgrado o de grado con recomendaci\u00f3n de publicaci\u00f3n), publicaciones peri\u00f3dicas (revistas universitarias), informes y avances de proyectos de investigaci\u00f3n, documentales (audio y video), entrevistas (audio y video), eventos acad\u00e9micos (audio y video), informes destacados (audio y video), y todo tipo de documentos que hayan sido generados en las diferentes unidades acad\u00e9micas de la UNCuyo con fines de investigaci\u00f3n, extensi\u00f3n o docencia.<\/p>\n\n\n\n<figure class=\"wp-block-image\"><img alt=\"\"\/><\/figure>\n\n\n\n<h3 class=\"wp-block-heading has-text-align-center\"><\/h3><\/div><\/div><\/h3>\n\n\n\n<div  class=\"lgc-column lgc-grid-parent lgc-grid-50 lgc-tablet-grid-50 lgc-mobile-grid-100 lgc-equal-heights \"><div  class=\"inside-grid-column\">\n\n\n\n<p class=\"has-text-align-center\">        <img decoding=\"async\" loading=\"lazy\" width=\"415\" height=\"121\" class=\"wp-image-4844\" style=\"width: 150px;\" src=\"https:\/\/ies7-juj.infd.edu.ar\/sitio\/wp-content\/uploads\/2021\/11\/index.png\" alt=\"\"\/><\/p>\n\n\n<div class=\"wp-block-image\">\n<figure class=\"aligncenter\"><a href=\"https:\/\/oaister.worldcat.org\/\" target=\"_blank\" rel=\"noopener\"><img decoding=\"async\" src=\"https:\/\/ies7-juj.infd.edu.ar\/sitio\/wp-content\/uploads\/2021\/11\/image-1.png\" alt=\"La imagen tiene un atributo ALT vac\u00edo; su nombre de archivo es image-1.png\"\/><\/a><\/figure><\/div>\n\n<p>WoldCast, Cat\u00e1logo Mundial en espa\u00f1ol, es un cat\u00e1logo en l\u00ednea gestionado por la organizaci\u00f3n cooperativa mundial OCLC\u200b y considerado el mayor cat\u00e1logo en l\u00ednea del mundo<\/p>\n\n\n<h3 class=\"wp-block-heading\"><\/h3><\/div><\/div><\/h3>\n\n\n\n<div  class=\"lgc-column lgc-grid-parent lgc-grid-50 lgc-tablet-grid-50 lgc-mobile-grid-100 lgc-equal-heights \"><div  class=\"inside-grid-column\">\n\n\n\n<p class=\"has-text-align-center\"> <img decoding=\"async\" loading=\"lazy\" width=\"185\" height=\"37\" class=\"wp-image-4845\" style=\"width: 150px;\" src=\"https:\/\/ies7-juj.infd.edu.ar\/sitio\/wp-content\/uploads\/2021\/11\/dialnet.png.pagespeed.ce_.XL0RY84U73.png\" alt=\"\"\/><\/p>\n\n\n<div class=\"wp-block-image\">\n<figure class=\"aligncenter size-large\"><a href=\"https:\/\/dialnet.unirioja.es\/\" target=\"_blank\" rel=\"noopener\"><img decoding=\"async\" loading=\"lazy\" width=\"384\" height=\"71\" src=\"https:\/\/ies7-juj.infd.edu.ar\/sitio\/wp-content\/uploads\/2021\/11\/image-1.png\" alt=\"\" class=\"wp-image-4847\"\/><\/a><\/figure><\/div>\n\n\n<p>Dialnet es un portal de difusi\u00f3n de la producci\u00f3n cient\u00edfica hispana cuyo funcionamiento se inici\u00f3 en 2001 especializado en ciencias humanas y sociales.<\/p>\n\n\n\n<h3 class=\"wp-block-heading\" id=\"block-64a9f136-9a3f-4543-a686-683e2ff42f2f\"><\/h3><\/div><\/div><\/h3>\n\n\n\n<p><\/p>\n","protected":false},"excerpt":{"rendered":"<p>Para finalizar el tr\u00e1mite el socio deber\u00e1 presentarse en biblioteca para confirmar los datos. (Validez del carnet: hasta 31 de marzo del a\u00f1o siguiente). VISITA NUESTRA P\u00c1GINA DE FACEBOOK Personal: Jefe de Biblioteca: Lic. Daniel Garc\u00eda&nbsp; \u00a0 \u00a0 \u00a0 \u00a0 \u00a0 \u00a0 \u00a0 \u00a0 \u00a0 \u00a0 \u00a0 \u00a0 \u00a0 \u00a0 \u00a0 \u00a0 \u00a0 \u00a0 \u00a0 &#8230; <a title=\"Biblioteca \u00abMons. Miguel Vergara\u00bb\" class=\"read-more\" href=\"https:\/\/ies7-juj.infd.edu.ar\/sitio\/biblioteca-2\/\" aria-label=\"More on Biblioteca \u00abMons. Miguel Vergara\u00bb\">[+]<\/a><\/p>\n","protected":false},"author":542,"featured_media":0,"parent":0,"menu_order":0,"comment_status":"closed","ping_status":"closed","template":"","meta":[],"acf":[],"_links":{"self":[{"href":"https:\/\/ies7-juj.infd.edu.ar\/sitio\/wp-json\/wp\/v2\/pages\/821"}],"collection":[{"href":"https:\/\/ies7-juj.infd.edu.ar\/sitio\/wp-json\/wp\/v2\/pages"}],"about":[{"href":"https:\/\/ies7-juj.infd.edu.ar\/sitio\/wp-json\/wp\/v2\/types\/page"}],"author":[{"embeddable":true,"href":"https:\/\/ies7-juj.infd.edu.ar\/sitio\/wp-json\/wp\/v2\/users\/542"}],"replies":[{"embeddable":true,"href":"https:\/\/ies7-juj.infd.edu.ar\/sitio\/wp-json\/wp\/v2\/comments?post=821"}],"version-history":[{"count":292,"href":"https:\/\/ies7-juj.infd.edu.ar\/sitio\/wp-json\/wp\/v2\/pages\/821\/revisions"}],"predecessor-version":[{"id":12421,"href":"https:\/\/ies7-juj.infd.edu.ar\/sitio\/wp-json\/wp\/v2\/pages\/821\/revisions\/12421"}],"wp:attachment":[{"href":"https:\/\/ies7-juj.infd.edu.ar\/sitio\/wp-json\/wp\/v2\/media?parent=821"}],"curies":[{"name":"wp","href":"https:\/\/api.w.org\/{rel}","templated":true}]}}