{"id":286,"date":"2024-05-09T12:49:36","date_gmt":"2024-05-09T15:49:36","guid":{"rendered":"https:\/\/ies7-juj.infd.edu.ar\/sitio\/?page_id=286"},"modified":"2026-03-31T09:15:34","modified_gmt":"2026-03-31T12:15:34","slug":"inicio","status":"publish","type":"page","link":"https:\/\/ies7-juj.infd.edu.ar\/sitio\/","title":{"rendered":"Home Instituto"},"content":{"rendered":"\n<!-- BLOQUE REUTILIZABLE 1: MEN\u00da PRINCIPAL -->\n<!-- Carga de fuentes e \u00edconos -->\n<link rel=\"preconnect\" href=\"https:\/\/fonts.googleapis.com\">\n<link rel=\"preconnect\" href=\"https:\/\/fonts.gstatic.com\" crossorigin>\n<link href=\"https:\/\/fonts.googleapis.com\/css2?family=Montserrat:wght@400;600;700&#038;family=Open+Sans:wght@300;400;600&#038;display=swap\" rel=\"stylesheet\">\n<link rel=\"stylesheet\" href=\"https:\/\/fonts.googleapis.com\/css2?family=Material+Symbols+Outlined:opsz,wght,FILL,GRAD@24,400,0,0\" \/>\n\n<style>\n    :root {\n        --color-primario: #3e81b8;\n        --color-cian: #13b4d1;\n        --color-texto: #6b4941;\n        --color-texto-oscuro: #6b4441;\n        --color-texto-suave: #7b7159;\n        --color-acento: #e9c46a;\n        --color-terracota: #d25c54;\n        --color-fondo-claro: #e4e0e5;\n        --color-azul-claro: #acd4ec;\n        --color-azul-intermedio: #4b9bd3;\n        --color-blanco: #ffffff;\n        --color-gris-deshabilitado: #95a3ae;\n        --color-fondo-base: #f8fafc;\n        --color-fondo-suave: #f4f6f8;\n        --color-fondo-info: #f0f4f8;\n        --color-fondo-info-acento: #e3f2fd;\n        --alto-menu: 64px;\n    }\n\n    \/* Compensa men\u00fa fijo sin agregar div espaciador *\/\n    body {\n        padding-top: var(--alto-menu) !important;\n    }\n\n    \/* Barra admin WordPress *\/\n    @media screen and (min-width: 783px) {\n        body.admin-bar {\n            padding-top: calc(var(--alto-menu) + 32px) !important;\n        }\n    }\n    @media screen and (max-width: 782px) {\n        body.admin-bar {\n            padding-top: calc(var(--alto-menu) + 46px) !important;\n        }\n    }\n\n    \/* Estilos del Men\u00fa *\/\n    #ies7-container-menu {\n        font-family: 'Open Sans', sans-serif;\n    }\n    #ies7-container-menu h1,\n    #ies7-container-menu h2,\n    #ies7-container-menu h3 {\n        font-family: 'Montserrat', sans-serif;\n    }\n    #ies7-container-menu a {\n        text-decoration: none;\n        color: var(--color-fondo-claro) !important;\n        transition: all 0.3s ease;\n    }\n    #ies7-container-menu .external-link {\n        display: inline-flex;\n        align-items: center;\n        gap: 0.35rem;\n    }\n    #ies7-container-menu .external-link-icon {\n        font-size: 0.85em;\n        opacity: 0.9;\n    }\n    body.mobile-menu-open {\n        overflow: hidden;\n    }\n\n    #ies7-container-menu .custom-nav {\n        background-color: var(--color-primario);\n        color: var(--color-fondo-claro);\n        box-shadow: 0 2px 4px rgba(0,0,0,0.1);\n        position: fixed;\n        top: 0;\n        left: 0;\n        right: 0;\n        width: 100%;\n        z-index: 1000;\n    }\n    #ies7-container-menu .nav-container {\n        display: flex;\n        justify-content: space-between;\n        align-items: center;\n        max-width: 1280px;\n        margin: auto;\n        height: var(--alto-menu);\n        padding: 0 1rem;\n    }\n    #ies7-container-menu .nav-logo {\n        display: flex;\n        align-items: center;\n        gap: 0.75rem;\n    }\n    #ies7-container-menu .nav-logo img {\n        height: 50px;\n        width: auto;\n    }\n    #ies7-container-menu .logo-text-container {\n        display: none;\n        flex-direction: column;\n        line-height: 1.2;\n        color: white;\n    }\n    #ies7-container-menu .logo-main-text {\n        font-family: 'Montserrat', sans-serif;\n        font-weight: 700;\n        font-size: 1rem;\n    }\n    #ies7-container-menu .logo-sub-text {\n        font-size: 0.8rem;\n        color: var(--color-azul-claro);\n        font-weight: 300;\n    }\n    #ies7-container-menu .nav-menu {\n        display: none;\n        list-style: none;\n        margin: 0;\n        padding: 0;\n        align-items: center;\n        gap: 1.5rem;\n    }\n    #ies7-container-menu .nav-menu > li {\n        position: relative;\n    }\n    #ies7-container-menu .nav-menu a {\n        display: block;\n        padding: 1rem 0;\n        font-size: 0.95rem;\n        font-weight: 600;\n        position: relative;\n    }\n    #ies7-container-menu .nav-menu > li > a:hover {\n        color: white !important;\n    }\n    #ies7-container-menu .nav-menu > li > a::after {\n        content: '';\n        position: absolute;\n        width: 0%;\n        height: 3px;\n        background-color: var(--color-acento);\n        bottom: 10px;\n        left: 0;\n        border-radius: 2px;\n        transition: width 0.3s ease-in-out;\n    }\n    #ies7-container-menu .nav-menu > li:hover > a::after {\n        width: 100%;\n    }\n    #ies7-container-menu .dropdown {\n        display: block;\n        opacity: 0;\n        visibility: hidden;\n        position: absolute;\n        top: 90%;\n        left: 0;\n        background-color: var(--color-primario);\n        border-radius: 0.375rem;\n        list-style: none;\n        padding: 0.5rem;\n        margin: 0;\n        min-width: 240px;\n        box-shadow: 0 8px 16px rgba(0,0,0,0.2);\n        transform: translateY(10px);\n        transition: opacity 0.3s ease, transform 0.3s ease, visibility 0.3s;\n    }\n    #ies7-container-menu .dropdown .dropdown {\n        top: 0;\n        left: 100%;\n        transform: translateY(0) translateX(10px);\n    }\n    #ies7-container-menu .dropdown > li:hover > .dropdown {\n        opacity: 1;\n        visibility: visible;\n        transform: translateY(0) translateX(0);\n    }\n    #ies7-container-menu .nav-menu > li:last-child .dropdown {\n        left: auto;\n        right: 0;\n    }\n    #ies7-container-menu .nav-menu > li:last-child .dropdown .dropdown {\n        right: 100%;\n        left: auto;\n    }\n    #ies7-container-menu .dropdown li {\n        list-style: none;\n        position: relative;\n    }\n    #ies7-container-menu .dropdown a {\n        padding: 0.75rem 1rem;\n        white-space: nowrap;\n        border-radius: 0.25rem;\n        display: flex;\n        justify-content: space-between;\n        align-items: center;\n        transition: background-color 0.3s ease, color 0.3s ease, padding-left 0.3s ease;\n    }\n    #ies7-container-menu .dropdown a:hover {\n        background-color: var(--color-cian);\n        color: white !important;\n        padding-left: 1.5rem;\n    }\n    #ies7-container-menu .nav-menu > li:hover > .dropdown {\n        opacity: 1;\n        visibility: visible;\n        transform: translateY(0);\n    }\n\n    \/* Men\u00fa M\u00f3vil *\/\n    #ies7-container-menu .mobile-menu-button {\n        display: block;\n        background: none;\n        border: none;\n        color: white;\n        padding: 0.5rem;\n        cursor: pointer;\n    }\n    #ies7-container-menu .mobile-menu-button svg {\n        width: 24px;\n        height: 24px;\n    }\n    #ies7-container-menu .mobile-nav-panel {\n        display: none;\n        background-color: var(--color-primario);\n        padding: 1rem;\n        position: fixed;\n        top: var(--alto-menu);\n        left: 0;\n        right: 0;\n        height: calc(100vh - var(--alto-menu));\n        overflow-y: auto;\n    }\n    #ies7-container-menu .mobile-nav-panel.open {\n        display: block;\n    }\n    #ies7-container-menu .mobile-nav-panel ul {\n        list-style: none;\n        padding: 0;\n        margin: 0;\n        padding-bottom: 100px;\n    }\n    #ies7-container-menu .mobile-nav-panel li {\n        list-style-type: none;\n    }\n    #ies7-container-menu .mobile-nav-panel > ul > li > a {\n        display: block;\n        padding: 0.75rem 0.5rem;\n        border-bottom: 1px solid var(--color-azul-claro);\n        color: var(--color-fondo-claro) !important;\n    }\n    #ies7-container-menu .mobile-nav-panel .dropdown {\n        position: static;\n        display: block;\n        background: none;\n        box-shadow: none;\n        padding: 0 0 0 1rem;\n        margin: 0;\n        opacity: 1;\n        visibility: visible;\n        transform: none;\n        min-width: unset;\n        width: 100%;\n    }\n    #ies7-container-menu .mobile-nav-panel .dropdown a {\n        padding-left: 1.5rem;\n        border: none;\n    }\n    #ies7-container-menu .mobile-nav-panel .dropdown .dropdown {\n        padding-left: 1rem;\n    }\n\n    \/* Top offset en admin bar para el nav fijo *\/\n    @media screen and (min-width: 783px) {\n        body.admin-bar #ies7-container-menu .custom-nav {\n            top: 32px;\n        }\n    }\n    @media screen and (max-width: 782px) {\n        body.admin-bar #ies7-container-menu .custom-nav {\n            top: 46px;\n        }\n        body.admin-bar #ies7-container-menu .mobile-nav-panel {\n            top: calc(var(--alto-menu) + 46px);\n            height: calc(100vh - var(--alto-menu) - 46px);\n        }\n    }\n\n    @media (min-width: 1024px) {\n        #ies7-container-menu .mobile-menu-button { display: none; }\n        #ies7-container-menu .nav-menu { display: flex; }\n        #ies7-container-menu .mobile-nav-panel { display: none !important; }\n        #ies7-container-menu .logo-text-container { display: flex; }\n    }\n<\/style>\n\n<div id=\"ies7-container-menu\">\n    <nav class=\"custom-nav\">\n        <div class=\"nav-container\">\n            <a href=\"https:\/\/ies7-juj.infd.edu.ar\/sitio\/\" class=\"nav-logo\" aria-label=\"Inicio IES N\u00b07\">\n                <img decoding=\"async\" src=\"https:\/\/ies7-juj.infd.edu.ar\/sitio\/wp-content\/uploads\/2025\/04\/Logo-Pagina-2.png\" alt=\"Logo IES N\u00b07\">\n                <div class=\"logo-text-container\">\n                    <span class=\"logo-main-text\">Instituto de Educaci\u00f3n Superior N\u00ba 7<\/span>\n                    <span class=\"logo-sub-text\">\u00abPopulorum Progressio &#8211; In. Te. La.\u00bb<\/span>\n                <\/div>\n            <\/a>\n\n            <ul class=\"nav-menu\">\n                <li><a href=\"https:\/\/ies7-juj.infd.edu.ar\/sitio\/\">Inicio<\/a><\/li>\n                <li>\n                    <a href=\"javascript:void(0)\">Institucional <span class=\"material-symbols-outlined\" style=\"font-size: 1rem;\">expand_more<\/span><\/a>\n                    <ul class=\"dropdown\">\n                        <li><a href=\"https:\/\/ies7-juj.infd.edu.ar\/sitio\/?page_id=854\">Historia<\/a><\/li>\n                        <li><a href=\"https:\/\/ies7-juj.infd.edu.ar\/sitio\/autoridades\/\">Autoridades<\/a><\/li>\n                        <li><a href=\"javascript:void(0)\">Misi\u00f3n y Visi\u00f3n<\/a><\/li>\n                        <li><a href=\"javascript:void(0)\">Valores e Ideario<\/a><\/li>\n                        <li>\n                            <a href=\"javascript:void(0)\">Departamentos <span class=\"material-symbols-outlined\" style=\"font-size: 1rem;\">chevron_right<\/span><\/a>\n                            <ul class=\"dropdown\">\n                                <li><a href=\"https:\/\/ies7-juj.infd.edu.ar\/sitio\/departamento-de-investigacion\/\">Investigaci\u00f3n<\/a><\/li>\n                                <li><a href=\"https:\/\/ies7-juj.infd.edu.ar\/sitio\/departamento-de-formacion-inicial\/\">Formaci\u00f3n Inicial<\/a><\/li>\n                                <li><a href=\"https:\/\/ies7-juj.infd.edu.ar\/sitio\/departamento-de-formacion-continua-y-desarrollo-profesional\/\">Formaci\u00f3n Continua<\/a><\/li>\n                                <li><a href=\"https:\/\/ies7-juj.infd.edu.ar\/sitio\/departamento-pastoral\/\">Pastoral Educativa<\/a><\/li>\n                                <li><a href=\"https:\/\/ies7-juj.infd.edu.ar\/sitio\/saad\/\">D.A.T.E<\/a><\/li>\n                            <\/ul>\n                        <\/li>\n                    <\/ul>\n                <\/li>\n                <li>\n                    <a href=\"javascript:void(0)\">Sedes <span class=\"material-symbols-outlined\" style=\"font-size: 1rem;\">expand_more<\/span><\/a>\n                    <ul class=\"dropdown\">\n                        <li><a href=\"https:\/\/ies7-juj.infd.edu.ar\/sitio\/filial-san-pedro\/\">Sede San Pedro<\/a><\/li>\n                        <li><a href=\"https:\/\/ies7-juj.infd.edu.ar\/sitio\/filial-perico\/\">Sede Perico<\/a><\/li>\n                        <li><a href=\"https:\/\/ies7-juj.infd.edu.ar\/sitio\/sede-libertador-gral-san-martin\/\">Sede Libertador<\/a><\/li>\n                    <\/ul>\n                <\/li>\n                <li>\n                    <a href=\"javascript:void(0)\">Estudiantes <span class=\"material-symbols-outlined\" style=\"font-size: 1rem;\">expand_more<\/span><\/a>\n                    <ul class=\"dropdown\">\n                        <li><a href=\"https:\/\/ies7-juj.infd.edu.ar\/sitio\/mesa-de-examenes\/\">Turnos de Examen<\/a><\/li>\n                        <li><a href=\"https:\/\/ies7-juj.infd.edu.ar\/sitio\/secretaria-academica2025\/\">Secretar\u00eda Acad\u00e9mica<\/a><\/li>\n                        <li><a href=\"https:\/\/ies7-juj.infd.edu.ar\/sitio\/pasantias-educativas\/\">Pasant\u00edas Educativas<\/a><\/li>\n                        <li><a href=\"https:\/\/ies7-juj.infd.edu.ar\/sitio\/becas\/\">Becas Acad\u00e9micas<\/a><\/li>\n                        <li><a href=\"http:\/\/populorumcc.ddns.net:8080\/popuweb\/alumnos.index.aspx\" target=\"_blank\" rel=\"noopener\" class=\"external-link\" aria-label=\"Autogesti\u00f3n Estudiantes (sitio externo, abre en una pesta\u00f1a nueva)\">Autogesti\u00f3n Estudiantes <span class=\"external-link-icon\" aria-hidden=\"true\">&#x2197;<\/span><\/a><\/li>\n                        <li><a href=\"https:\/\/ies7-juj.infd.edu.ar\/aula\/acceso.cgi\" target=\"_blank\" rel=\"noopener\" class=\"external-link\" aria-label=\"Campus Virtual (sitio externo, abre en una pesta\u00f1a nueva)\">Campus Virtual <span class=\"external-link-icon\" aria-hidden=\"true\">&#x2197;<\/span><\/a><\/li>\n                    <\/ul>\n                <\/li>\n                <li>\n                    <a href=\"javascript:void(0)\">Docentes <span class=\"material-symbols-outlined\" style=\"font-size: 1rem;\">expand_more<\/span><\/a>\n                    <ul class=\"dropdown\">\n                        <li><a href=\"http:\/\/populorumcc.ddns.net:8080\/popuweb\/docentes.index.aspx\" target=\"_blank\" rel=\"noopener\" class=\"external-link\" aria-label=\"Autogesti\u00f3n Docentes (sitio externo, abre en una pesta\u00f1a nueva)\">Autogesti\u00f3n Docentes <span class=\"external-link-icon\" aria-hidden=\"true\">&#x2197;<\/span><\/a><\/li>\n                        <li><a href=\"https:\/\/ies7-juj.infd.edu.ar\/aula\/acceso.cgi\" target=\"_blank\" rel=\"noopener\" class=\"external-link\" aria-label=\"Campus Virtual (sitio externo, abre en una pesta\u00f1a nueva)\">Campus Virtual <span class=\"external-link-icon\" aria-hidden=\"true\">&#x2197;<\/span><\/a><\/li>\n                    <\/ul>\n                <\/li>\n                <li><a href=\"javascript:void(0)\">Egresados<\/a><\/li>\n                <li>\n                    <a href=\"javascript:void(0)\">Recursos <span class=\"material-symbols-outlined\" style=\"font-size: 1rem;\">expand_more<\/span><\/a>\n                     <ul class=\"dropdown\">\n                        <li><a href=\"javascript:void(0)\">Noticias<\/a><\/li>\n                        <li><a href=\"https:\/\/ies7-juj.infd.edu.ar\/sitio\/biblioteca-2\/\">Biblioteca<\/a><\/li>\n                        <li><a href=\"https:\/\/ies7-juj.infd.edu.ar\/sitio\/publicaciones-2024\/\">Publicaciones<\/a><\/li>\n                        <li><a href=\"https:\/\/ies7-juj.infd.edu.ar\/sitio\/xiv-jornadas-cientificas\/\">Jornadas Cient\u00edficas<\/a><\/li>\n                        <li><a href=\"javascript:void(0)\">Tesorer\u00eda<\/a><\/li>\n                    <\/ul>\n                <\/li>\n            <\/ul>\n\n            <button class=\"mobile-menu-button\" id=\"mobile-menu-toggle-ies7\" aria-label=\"Abrir menu\" aria-expanded=\"false\" aria-controls=\"mobile-nav-ies7\">\n                <svg xmlns=\"http:\/\/www.w3.org\/2000\/svg\" fill=\"none\" viewBox=\"0 0 24 24\" stroke-width=\"1.5\" stroke=\"currentColor\"><path stroke-linecap=\"round\" stroke-linejoin=\"round\" d=\"M3.75 6.75h16.5M3.75 12h16.5m-16.5 5.25h16.5\" \/><\/svg>\n            <\/button>\n        <\/div>\n\n        <div class=\"mobile-nav-panel\" id=\"mobile-nav-ies7\">\n            <!-- El contenido del men\u00fa m\u00f3vil se genera con JS -->\n        <\/div>\n    <\/nav>\n<\/div>\n<script>\n    (function() {\n        if (window.ies7MenuScriptLoaded) return;\n\n        document.addEventListener('DOMContentLoaded', function() {\n            const menuContainer = document.querySelector('#ies7-container-menu');\n            if (!menuContainer) return;\n\n            const menu = menuContainer.querySelector('.nav-menu');\n            const mobileNavPanel = menuContainer.querySelector('#mobile-nav-ies7');\n            const toggleButton = menuContainer.querySelector('#mobile-menu-toggle-ies7');\n\n            if (!menu || !mobileNavPanel || !toggleButton) return;\n\n            mobileNavPanel.innerHTML = '<ul>' + menu.innerHTML + '<\/ul>';\n\n            const closeIcon = '<svg xmlns=\"http:\/\/www.w3.org\/2000\/svg\" fill=\"none\" viewBox=\"0 0 24 24\" stroke-width=\"1.5\" stroke=\"currentColor\"><path stroke-linecap=\"round\" stroke-linejoin=\"round\" d=\"M6 18L18 6M6 6l12 12\" \/><\/svg>';\n            const openIcon = '<svg xmlns=\"http:\/\/www.w3.org\/2000\/svg\" fill=\"none\" viewBox=\"0 0 24 24\" stroke-width=\"1.5\" stroke=\"currentColor\"><path stroke-linecap=\"round\" stroke-linejoin=\"round\" d=\"M3.75 6.75h16.5M3.75 12h16.5m-16.5 5.25h16.5\" \/><\/svg>';\n\n            function closeMenu() {\n                mobileNavPanel.classList.remove('open');\n                document.body.classList.remove('mobile-menu-open');\n                toggleButton.innerHTML = openIcon;\n                toggleButton.setAttribute('aria-label', 'Abrir menu');\n                toggleButton.setAttribute('aria-expanded', 'false');\n            }\n\n            toggleButton.addEventListener('click', function() {\n                const isOpen = mobileNavPanel.classList.toggle('open');\n                document.body.classList.toggle('mobile-menu-open', isOpen);\n\n                if (isOpen) {\n                    toggleButton.innerHTML = closeIcon;\n                    toggleButton.setAttribute('aria-label', 'Cerrar menu');\n                    toggleButton.setAttribute('aria-expanded', 'true');\n                } else {\n                    toggleButton.innerHTML = openIcon;\n                    toggleButton.setAttribute('aria-label', 'Abrir menu');\n                    toggleButton.setAttribute('aria-expanded', 'false');\n                }\n            });\n\n            mobileNavPanel.addEventListener('click', function(e) {\n                if (e.target.tagName === 'A') {\n                    closeMenu();\n                }\n            });\n        });\n\n        window.ies7MenuScriptLoaded = true;\n    })();\n<\/script>\n\n\n\n\n<!-- BLOQUE 2: CONTENIDO P\u00c1GINA DE INICIO -->\n<!-- Este bloque se inserta DESPU\u00c9S del Bloque 1 (Men\u00fa) y ANTES del Bloque 3 (Footer) -->\n\n<style>\n    \/* ==== SLIDER CON ANIMACIONES Y DOTS ==== *\/\n    #ies7-container .slider-container {\n        position: relative;\n        width: 100%;\n        overflow: hidden;\n        background-color: var(--color-primario); \/* Azul Principal *\/\n    }\n    #ies7-container .slider-wrapper {\n        display: flex;\n        transition: transform 0.7s ease-in-out;\n    }\n    #ies7-container .slide {\n        min-width: 100%;\n        box-sizing: border-box;\n        display: grid;\n        grid-template-columns: 1fr;\n        height: 500px;\n    }\n    .slide-text-content {\n        background-image: linear-gradient(45deg, rgba(62, 129, 184, 0.95), rgba(19, 180, 209, 0.95));\n        color: white;\n        display: flex;\n        flex-direction: column;\n        justify-content: center;\n        padding: 2rem 4rem;\n        text-align: left;\n    }\n    .slide-text-content > * {\n        opacity: 0;\n        transform: translateY(20px);\n        transition: opacity 0.6s ease, transform 0.6s ease;\n    }\n    .slide.active .slide-text-content > * {\n        opacity: 1;\n        transform: translateY(0);\n    }\n    .slide.active .slide-title { transition-delay: 0.3s; }\n    .slide.active .slide-desc { transition-delay: 0.5s; }\n    .slide.active .slide-buttons-container { transition-delay: 0.7s; }\n\n    .slide-text-content h2 {\n        font-family: 'Montserrat', sans-serif;\n        font-size: 3rem;\n        font-weight: 700;\n        margin: 0 0 1rem 0;\n        line-height: 1.1;\n    }\n    .slide-text-content p {\n        font-family: 'Open Sans', sans-serif;\n        font-size: 1.1rem;\n        opacity: 0.9;\n        margin: 0 0 2rem 0;\n        max-width: 500px;\n    }\n    .slide-image-content {\n        display: none;\n        background-size: cover;\n        background-position: center;\n    }\n    #ies7-container .slide-buttons-container {\n        display: flex;\n        gap: 1rem;\n        flex-wrap: wrap; \n    }\n    .cta-button, .slide-button-secondary {\n        display: inline-block;\n        padding: 0.75rem 2rem;\n        border-radius: 9999px;\n        font-family: 'Open Sans', sans-serif;\n        font-weight: 600;\n        transition: transform 0.3s ease, filter 0.3s ease, box-shadow 0.3s ease;\n        text-align: center;\n    }\n    .cta-button {\n        background-color: var(--color-cian); \/* Cian de Interacci\u00f3n *\/\n        color: var(--color-blanco);\n        box-shadow: 0 4px 15px rgba(0, 0, 0, 0.1);\n    }\n    .slide-button-secondary {\n        background-color: transparent;\n        border: 2px solid white;\n        color: white;\n    }\n    .cta-button:hover, .slide-button-secondary:hover {\n        transform: scale(1.05);\n        filter: brightness(1.1);\n        box-shadow: 0 6px 20px rgba(0, 0, 0, 0.2);\n    }\n    #ies7-container .slider-button {\n        position: absolute;\n        top: 50%;\n        transform: translateY(-50%);\n        background-color: rgba(0, 0, 0, 0.4);\n        color: white;\n        border: none;\n        cursor: pointer;\n        z-index: 10;\n        width: 48px;\n        height: 48px;\n        border-radius: 50%;\n        display: flex;\n        align-items: center;\n        justify-content: center;\n        font-size: 1.5rem;\n        transition: background-color 0.3s;\n    }\n    #ies7-container .slider-button.prev { left: 1rem; }\n    #ies7-container .slider-button.next { right: 1rem; }\n    #ies7-container .slider-button:hover { background-color: rgba(0, 0, 0, 0.7); }\n    \n    .slider-dots {\n        position: absolute;\n        bottom: 20px;\n        left: 50%;\n        transform: translateX(-50%);\n        display: flex;\n        gap: 8px;\n        z-index: 10;\n    }\n    .dot {\n        width: 12px;\n        height: 12px;\n        border-radius: 50%;\n        background-color: rgba(255, 255, 255, 0.5);\n        cursor: pointer;\n        transition: background-color 0.3s ease, transform 0.3s ease;\n    }\n    .dot.active {\n        background-color: white;\n        transform: scale(1.2);\n    }\n    @media (min-width: 768px) {\n        #ies7-container .slide { grid-template-columns: 1fr 1fr; }\n        .slide-image-content { display: block; }\n        .slider-dots { left: 25%; }\n    }\n    @media (max-width: 767px) {\n        .slide-text-content {\n            text-align: center;\n            align-items: center;\n            background-image: none;\n            background-color: rgba(62, 129, 184, 0.8);\n        }\n        .slide-text-content h2 { font-size: 2.5rem; }\n        #ies7-container .slide {\n            background-size: cover;\n            background-position: center;\n        }\n    }\n    \n    \/* ==== FRANJA REDES SOCIALES ==== *\/\n    .home-social-strip {\n        background-color: var(--color-fondo-info);\n        padding: 1rem;\n        border-bottom: 1px solid var(--color-fondo-claro);\n    }\n    .home-social-strip .home-social-inner {\n        max-width: 1200px;\n        margin: 0 auto;\n        display: flex;\n        align-items: center;\n        justify-content: center;\n        gap: 1rem;\n        flex-wrap: wrap;\n    }\n    .home-social-strip .home-social-title {\n        margin: 0;\n        font-family: 'Montserrat', sans-serif;\n        font-size: 1rem;\n        font-weight: 700;\n        color: var(--color-primario);\n        letter-spacing: 0.4px;\n        text-transform: uppercase;\n    }\n    .home-social-strip .home-social-links {\n        display: inline-flex;\n        gap: 0.75rem;\n        align-items: center;\n    }\n    .home-social-strip .home-social-links a {\n        width: 38px;\n        height: 38px;\n        border-radius: 50%;\n        display: inline-flex;\n        align-items: center;\n        justify-content: center;\n        color: var(--color-primario);\n        border: 2px solid var(--color-primario);\n        transition: background-color 0.3s ease, color 0.3s ease, transform 0.3s ease;\n    }\n    .home-social-strip .home-social-links a:hover {\n        background-color: var(--color-primario);\n        color: var(--color-blanco);\n        transform: translateY(-2px);\n    }\n    .home-social-strip .home-social-links svg {\n        width: 18px;\n        height: 18px;\n        fill: currentColor;\n        display: block;\n    }\n    @media (max-width: 640px) {\n        .home-social-strip .home-social-inner {\n            flex-direction: column;\n            gap: 0.75rem;\n        }\n    }\n\n    \/* ==== ESTILOS ACCESOS R\u00c1PIDOS ==== *\/\n    .accesos-rapidos-section {\n        padding: 4rem 1rem;\n        background-color: var(--color-fondo-suave);\n    }\n    .accesos-rapidos-container {\n        display: grid;\n        grid-template-columns: repeat(auto-fit, minmax(250px, 1fr));\n        gap: 2rem;\n        max-width: 1200px;\n        margin: auto;\n    }\n    .accesos-rapidos-section .section-title {\n        font-family: 'Montserrat', sans-serif;\n        font-size: 2.25rem;\n        font-weight: 700;\n        text-align: center;\n        color: var(--color-primario);\n        margin-bottom: 3rem;\n        text-transform: uppercase;\n        letter-spacing: 1px;\n    }\n    .acceso-card {\n        background-color: var(--color-blanco);\n        border-radius: 0.75rem;\n        padding: 2rem;\n        text-align: center;\n        box-shadow: 0 4px 6px -1px rgba(0,0,0,0.05);\n        transition: box-shadow 0.3s, transform 0.3s;\n        border-top: 4px solid var(--color-cian);\n    }\n    .acceso-card:hover {\n        transform: translateY(-8px);\n        box-shadow: 0 10px 15px -3px rgba(0,0,0,0.1), 0 4px 6px -2px rgba(0,0,0,0.05);\n    }\n    .acceso-card .material-symbols-outlined {\n        font-size: 3.125rem;\n        color: var(--color-primario);\n        margin-bottom: 1rem;\n        display: block;\n    }\n    .acceso-card h3 {\n        font-family: 'Montserrat', sans-serif;\n        font-weight: 600;\n        font-size: 1.1rem;\n        color: var(--color-primario);\n        margin: 0 0 0.5rem 0;\n        text-transform: uppercase;\n    }\n    .acceso-card p {\n        font-family: 'Open Sans', sans-serif;\n        color: var(--color-texto-suave);\n        font-size: 0.95rem;\n        margin: 0;\n        line-height: 1.5;\n    }\n    \n    \/* ==== SECCI\u00d3N: NUESTRA IDENTIDAD (ACTUALIZADA) ==== *\/\n    .identidad-section {\n        padding: 4rem 1rem;\n        background-color: var(--color-blanco);\n    }\n    .identidad-container {\n        display: grid;\n        grid-template-columns: 1fr;\n        gap: 3rem;\n        align-items: center;\n        max-width: 1200px;\n        margin: auto;\n    }\n    .identidad-imagen img {\n        width: 100%;\n        height: 100%;\n        border-radius: 0.75rem;\n        box-shadow: 0 10px 15px -3px rgba(0,0,0,0.1);\n        object-fit: cover;\n        max-height: 550px;\n    }\n    .identidad-texto h2 {\n        font-family: 'Montserrat', sans-serif;\n        font-size: 2.25rem;\n        font-weight: 700;\n        color: var(--color-primario); \/* Azul Principal *\/\n        margin-top: 0;\n        margin-bottom: 1rem;\n    }\n    .identidad-texto .subtitle {\n        font-family: 'Open Sans', sans-serif;\n        font-size: 1.1rem;\n        font-weight: 600;\n        color: var(--color-texto-suave); \/* Marr\u00f3n Claro *\/\n        margin-bottom: 1.5rem;\n        display: block;\n    }\n    .identidad-texto p {\n        font-family: 'Open Sans', sans-serif;\n        font-size: 1.05rem;\n        line-height: 1.7;\n        color: var(--color-texto-oscuro); \/* Marr\u00f3n Oscuro *\/\n        margin-bottom: 2rem;\n    }\n\n    @media (min-width: 992px) {\n        .identidad-container {\n            grid-template-columns: 1fr 1fr;\n        }\n    }\n    \n    \/* ==== SECCI\u00d3N: CITA PAPAL (REDise\u00f1ada y con imagen redonda) ==== *\/\n    .cita-section {\n        padding: 4rem 1rem;\n        background-color: var(--color-fondo-claro); \/* Gris Muy Claro *\/\n    }\n    .cita-container-grid {\n        max-width: 1200px;\n        margin: auto;\n        display: grid;\n        grid-template-columns: 1fr;\n        align-items: center;\n        gap: 2rem;\n        text-align: center;\n    }\n    .cita-imagen img {\n        width: 250px;\n        height: 250px;\n        border-radius: 50%; \/* << C\u00d3DIGO CLAVE PARA HACERLA REDONDA *\/\n        object-fit: cover; \/* Evita que la imagen se deforme *\/\n        border: 8px solid var(--color-blanco); \/* Borde blanco para resaltar *\/\n        box-shadow: 0 10px 25px -5px rgba(0,0,0,0.2); \/* Sombra m\u00e1s pronunciada *\/\n        margin: auto;\n        display: block;\n    }\n    .cita-texto {\n        text-align: left;\n    }\n    .cita-texto blockquote {\n        font-family: 'Montserrat', sans-serif;\n        font-size: 1.75rem;\n        font-weight: 600;\n        color: var(--color-texto-oscuro); \/* Marr\u00f3n Oscuro *\/\n        line-height: 1.5;\n        margin: 0;\n        border-left: 5px solid var(--color-terracota); \/* Rojo Terracota *\/\n        padding-left: 2rem;\n    }\n    .cita-texto cite {\n        display: block;\n        margin-top: 1.5rem;\n        padding-left: 2.3rem;\n        font-family: 'Open Sans', sans-serif;\n        font-style: normal;\n        font-weight: 600;\n        color: var(--color-primario); \/* Azul Principal *\/\n        font-size: 1.1rem;\n    }\n    .cita-texto cite span {\n        font-weight: 400;\n        color: var(--color-texto-suave); \/* Marr\u00f3n Claro *\/\n        font-size: 1rem;\n    }\n        @media (min-width: 768px) {\n        .cita-container-grid {\n            grid-template-columns: 350px 1fr;\n            gap: 3rem;\n            text-align: left;\n        }\n    }\n    \n    \/* ==== SECCI\u00d3N: OFERTA EDUCATIVA PORTADA (NUEVA) ==== *\/\n    .oferta-portada-section {\n        padding: 6rem 1rem;\n        background-image: linear-gradient(rgba(62, 129, 184, 0.85), rgba(19, 180, 209, 0.85)), url('https:\/\/ies7-juj.infd.edu.ar\/sitio\/wp-content\/uploads\/2024\/07\/foto-seccion-porque-ies7.jpg');\n        background-size: cover;\n        background-position: center;\n        background-attachment: fixed; \/* Efecto parallax *\/\n        text-align: center;\n        color: white;\n    }\n    .oferta-portada-container {\n        max-width: 800px;\n        margin: auto;\n    }\n    .oferta-portada-container h2 {\n        font-family: 'Montserrat', sans-serif;\n        font-size: 2.5rem;\n        font-weight: 700;\n        margin: 0 0 1rem 0;\n        text-transform: uppercase;\n        letter-spacing: 1px;\n    }\n    .oferta-portada-container p {\n        font-family: 'Open Sans', sans-serif;\n        font-size: 1.1rem;\n        margin: 0 0 2rem 0;\n        opacity: 0.9;\n        max-width: 600px;\n        margin-left: auto;\n        margin-right: auto;\n    }\n    .cta-button-grande {\n        display: inline-block;\n        padding: 1rem 2.5rem;\n        border-radius: 9999px;\n        font-family: 'Open Sans', sans-serif;\n        font-weight: 700;\n        background-color: var(--color-acento); \/* Acento Amarillo Ocre *\/\n        color: var(--color-texto-oscuro); \/* Marr\u00f3n Oscuro *\/\n        text-transform: uppercase;\n        letter-spacing: 1px;\n        box-shadow: 0 6px 20px rgba(0, 0, 0, 0.2);\n        transition: transform 0.3s ease, box-shadow 0.3s ease;\n    }\n    .cta-button-grande:hover {\n        transform: scale(1.05);\n        box-shadow: 0 8px 25px rgba(0, 0, 0, 0.3);\n    }\n    \n    \/* ==== SECCI\u00d3N JUBILEO Y EVANGELIO (NUEVA Y CORREGIDA) ==== *\/\n    .final-section {\n        padding: 4rem 1rem;\n        background-color: var(--color-fondo-suave);\n    }\n    .final-section-container {\n        max-width: 1200px;\n        margin: auto;\n        display: grid;\n        grid-template-columns: 1fr;\n        gap: 2rem;\n    }\n    .final-card {\n        background-color: var(--color-blanco);\n        border-radius: 0.75rem;\n        padding: 2rem;\n        box-shadow: 0 4px 6px -1px rgba(0,0,0,0.05);\n        border-top: 4px solid var(--color-primario);\n        display: flex;\n        flex-direction: column;\n    }\n    .jubileo-card {\n        text-align: center;\n    }\n    .jubileo-card img {\n        height: 100px;\n        margin-bottom: 1rem;\n        object-fit: contain; \n    }\n    .final-card h3 {\n        font-family: 'Montserrat', sans-serif;\n        font-size: 1.5rem;\n        font-weight: 700;\n        color: var(--color-primario);\n        margin: 0 0 1rem 0;\n    }\n    .final-card p {\n        font-family: 'Open Sans', sans-serif;\n        color: var(--color-texto-oscuro);\n        font-size: 1rem;\n        line-height: 1.6;\n        margin: 0 0 1.5rem 0;\n        flex-grow: 1;\n    }\n    .final-card-button {\n        display: inline-block;\n        padding: 0.6rem 1.5rem;\n        border-radius: 9999px;\n        font-family: 'Open Sans', sans-serif;\n        font-weight: 600;\n        background-color: var(--color-cian);\n        color: white;\n        transition: transform 0.3s ease, filter 0.3s ease;\n    }\n    .final-card-button:hover {\n        transform: scale(1.05);\n        filter: brightness(1.1);\n    }\n    .evangelio-card .widget-container {\n        flex-grow: 1;\n        display: flex;\n        flex-direction: column;\n        min-height: 380px; \/* Asegura una altura m\u00ednima *\/\n    }\n    .evangelio-card .evangelio-content {\n        background-color: var(--color-fondo-info);\n        border: 1px solid var(--color-fondo-claro);\n        border-radius: 0.5rem;\n        padding: 1rem;\n        min-height: 260px;\n        max-height: 320px;\n        overflow-y: auto;\n    }\n    .evangelio-card .evangelio-reference {\n        margin: 0 0 0.6rem 0;\n        color: var(--color-terracota);\n        font-weight: 700;\n        font-size: 0.95rem;\n    }\n    .evangelio-card .evangelio-liturgic-title {\n        font-family: 'Montserrat', sans-serif;\n        color: var(--color-primario);\n        font-size: 1rem;\n        font-weight: 700;\n        margin: 0 0 0.75rem 0;\n    }\n    .evangelio-card .evangelio-text {\n        margin: 0;\n        color: var(--color-texto);\n        line-height: 1.65;\n        white-space: pre-line;\n    }\n    .evangelio-card .evangelio-status {\n        margin: 0;\n        color: var(--color-texto-suave);\n        font-style: italic;\n    }\n    .evangelio-card .evangelio-note {\n        margin-top: 0.75rem;\n        margin-bottom: 0.75rem;\n        font-size: 0.9rem;\n        color: var(--color-texto-suave);\n    }\n    .evangelio-card .evangelio-links {\n        display: flex;\n        gap: 0.75rem;\n        flex-wrap: wrap;\n    }\n@media (min-width: 992px) {\n        .final-section-container {\n            grid-template-columns: 1fr 1fr;\n        }\n    }\n\n<\/style>\n\n<!-- INICIO DEL CONTENIDO DE LA P\u00c1GINA -->\n<div id=\"ies7-container\">\n    \n    <!-- ==== SLIDER PRINCIPAL ==== -->\n    <div class=\"slider-container\" id=\"main-slider\">\n        <div class=\"slider-wrapper\">\n            <!-- Slide 1 -->\n            <div class=\"slide\" style=\"background-image: url('https:\/\/ies7-juj.infd.edu.ar\/sitio\/wp-content\/uploads\/2026\/03\/university-students-discussing-project-together-scaled.jpg');\">\n                <div class=\"slide-text-content\">\n                    <h2 class=\"slide-title\">Listados de Ingresantes 2026<\/h2>\n                    <p class=\"slide-desc\">\u00a1Bienvenidos! Entr\u00e1 y consulta el listado de los aprobados del curso de ingreso.<\/p>\n                    <div class=\"slide-buttons-container\">\n                        <a href=\"https:\/\/ies7-juj.infd.edu.ar\/sitio\/ingresantes-2026\/\" class=\"cta-button\">Ingres\u00e1 aqu\u00ed<\/a>\n                    <\/div>\n                <\/div>\n                <div class=\"slide-image-content\" style=\"background-image: url('https:\/\/ies7-juj.infd.edu.ar\/sitio\/wp-content\/uploads\/2026\/03\/university-students-discussing-project-together-scaled.jpg');\"><\/div>\n            <\/div>\n            <!-- Slide 1.2 -->\n            <div class=\"slide\" style=\"background-image: url('https:\/\/ies7-juj.infd.edu.ar\/sitio\/wp-content\/uploads\/2025\/12\/POPULORUM-PROGRESSIO.png');\">\n                <div class=\"slide-text-content\">\n                    <h2 class=\"slide-title\">Ingresantes 2026<\/h2>\n                    <p class=\"slide-desc\">Acced\u00e9 a toda la impormaci\u00f3n importante para el ingreso a una carrera.<\/p>\n                    <div class=\"slide-buttons-container\">\n                        <a href=\"https:\/\/ies7-juj.infd.edu.ar\/sitio\/cartillas-del-curso-de-ingreso\/\" class=\"cta-button\">Ingres\u00e1 aqu\u00ed<\/a>\n                    <\/div>\n                <\/div>\n                <div class=\"slide-image-content\" style=\"background-image: url('https:\/\/ies7-juj.infd.edu.ar\/sitio\/wp-content\/uploads\/2025\/12\/POPULORUM-PROGRESSIO.png');\"><\/div>\n            <\/div>\n            <!-- Slide 2 -->\n            <div class=\"slide\" style=\"background-image: url('https:\/\/ies7-juj.infd.edu.ar\/sitio\/wp-content\/uploads\/2025\/10\/POPULORUM-PROGRESSIO-4.png');\">\n                <div class=\"slide-text-content\">\n                    <h2 class=\"slide-title\">Ingreso 2026<\/h2>\n                    <p class=\"slide-desc\">Form\u00e1 parte de nuestra comunidad educativa. Tu futuro profesional comienza aqu\u00ed.<\/p>\n                    <div class=\"slide-buttons-container\">\n                        <a href=\"https:\/\/ies7-juj.infd.edu.ar\/sitio\/oferta-educativa-2026\/\" class=\"cta-button\">Conoc\u00e9 las carreras<\/a>\n                    <\/div>\n                <\/div>\n                <div class=\"slide-image-content\" style=\"background-image: url('https:\/\/ies7-juj.infd.edu.ar\/sitio\/wp-content\/uploads\/2025\/10\/POPULORUM-PROGRESSIO-4.png');\"><\/div>\n            <\/div>\n            <!-- Slide 3 -->\n            <div class=\"slide\" style=\"background-image: url('https:\/\/ies7-juj.infd.edu.ar\/sitio\/wp-content\/uploads\/2025\/10\/POPULORUM-PROGRESSIO-2.png');\">\n                <div class=\"slide-text-content\">\n                    <h2 class=\"slide-title\">XXXIV Acto de Colaci\u00f3n<\/h2>\n                    <p class=\"slide-desc\">Celebramos el esfuerzo y la dedicaci\u00f3n de nuestros nuevos egresados. \u00a1Felicitaciones a los profesionales!<\/p>\n                    <div class=\"slide-buttons-container\">\n                        <a href=\"javascript:void(0)\" class=\"cta-button\">Ver la Galer\u00eda<\/a>\n                    <\/div>\n                <\/div>\n                <div class=\"slide-image-content\" style=\"background-image: url('https:\/\/ies7-juj.infd.edu.ar\/sitio\/wp-content\/uploads\/2025\/10\/POPULORUM-PROGRESSIO-2.png');\"><\/div>\n            <\/div>\n            <!-- Slide 4 -->\n            <div class=\"slide\" style=\"background-image: url('https:\/\/ies7-juj.infd.edu.ar\/sitio\/wp-content\/uploads\/2024\/07\/foto-seccion-porque-ies7.jpg');\">\n                <div class=\"slide-text-content\">\n                    <h2 class=\"slide-title\">Sistema de Autogesti\u00f3n<\/h2>\n                    <p class=\"slide-desc\">Acced\u00e9 a tu seguimiento, horarios y tr\u00e1mites acad\u00e9micos de forma r\u00e1pida y sencilla.<\/p>\n                    <div class=\"slide-buttons-container\">\n                        <a href=\"http:\/\/populorumcc.ddns.net:8080\/popuweb\/alumnos.index.aspx\" class=\"cta-button\" target=\"_blank\" rel=\"noopener\" aria-label=\"Ingreso Estudiantes (sitio externo, abre en una pesta\u00f1a nueva)\">Ingreso Estudiantes &#x2197;<\/a>\n                        <a href=\"http:\/\/populorumcc.ddns.net:8080\/popuweb\/docentes.index.aspx\" class=\"slide-button-secondary\" target=\"_blank\" rel=\"noopener\" aria-label=\"Ingreso Docentes (sitio externo, abre en una pesta\u00f1a nueva)\">Ingreso Docentes &#x2197;<\/a>\n                    <\/div>\n                <\/div>\n                <div class=\"slide-image-content\" style=\"background-image: url('https:\/\/ies7-juj.infd.edu.ar\/sitio\/wp-content\/uploads\/2024\/07\/foto-seccion-porque-ies7.jpg');\"><\/div>\n            <\/div>\n        <\/div>\n        <button class=\"slider-button prev\" id=\"prev-slide\" aria-label=\"Slide anterior\"><span class=\"material-symbols-outlined\">chevron_left<\/span><\/button>\n        <button class=\"slider-button next\" id=\"next-slide\" aria-label=\"Siguiente slide\"><span class=\"material-symbols-outlined\">chevron_right<\/span><\/button>\n        <div class=\"slider-dots\" id=\"slider-dots\"><\/div>\n    <\/div>\n\n    <!-- ==== FRANJA REDES SOCIALES ==== -->\n    <section class=\"home-social-strip\">\n        <div class=\"home-social-inner\">\n            <p class=\"home-social-title\">Seguinos en redes<\/p>\n            <div class=\"home-social-links\">\n                <a href=\"https:\/\/www.facebook.com\/infopopu\" target=\"_blank\" rel=\"noopener\" aria-label=\"Facebook (sitio externo, abre en una pesta\u00f1a nueva)\">\n                    <svg viewBox=\"0 0 24 24\" aria-hidden=\"true\" focusable=\"false\"><path d=\"M22 12a10 10 0 1 0-11.56 9.88v-6.99H7.9V12h2.54V9.8c0-2.5 1.49-3.88 3.78-3.88 1.1 0 2.24.2 2.24.2v2.46H15.2c-1.24 0-1.63.77-1.63 1.56V12h2.78l-.44 2.9h-2.34v6.99A10 10 0 0 0 22 12z\"\/><\/svg>\n                <\/a>\n                <a href=\"https:\/\/www.instagram.com\/popu.jujuy\" target=\"_blank\" rel=\"noopener\" aria-label=\"Instagram (sitio externo, abre en una pesta\u00f1a nueva)\">\n                    <svg viewBox=\"0 0 24 24\" aria-hidden=\"true\" focusable=\"false\"><path d=\"M7.75 2h8.5A5.75 5.75 0 0 1 22 7.75v8.5A5.75 5.75 0 0 1 16.25 22h-8.5A5.75 5.75 0 0 1 2 16.25v-8.5A5.75 5.75 0 0 1 7.75 2zm0 1.8A3.95 3.95 0 0 0 3.8 7.75v8.5a3.95 3.95 0 0 0 3.95 3.95h8.5a3.95 3.95 0 0 0 3.95-3.95v-8.5a3.95 3.95 0 0 0-3.95-3.95h-8.5zM12 7.6a4.4 4.4 0 1 1 0 8.8 4.4 4.4 0 0 1 0-8.8zm0 1.8a2.6 2.6 0 1 0 0 5.2 2.6 2.6 0 0 0 0-5.2zm4.75-2.5a1.05 1.05 0 1 1 0 2.1 1.05 1.05 0 0 1 0-2.1z\"\/><\/svg>\n                <\/a>\n                <a href=\"https:\/\/www.whatsapp.com\/channel\/0029VaoIWj2Fy72ILDVbqs1I\" target=\"_blank\" rel=\"noopener\" aria-label=\"Canal de WhatsApp (sitio externo, abre en una pesta\u00f1a nueva)\">\n                    <svg viewBox=\"0 0 24 24\" aria-hidden=\"true\" focusable=\"false\"><path d=\"M20.52 3.48A11.88 11.88 0 0 0 12.06 0C5.5 0 .15 5.35.15 11.91c0 2.1.55 4.15 1.6 5.97L0 24l6.3-1.65a11.85 11.85 0 0 0 5.76 1.47h.01c6.56 0 11.91-5.35 11.91-11.91 0-3.18-1.24-6.16-3.46-8.43zm-8.46 18.3h-.01a9.9 9.9 0 0 1-5.05-1.38l-.36-.21-3.73.98 1-3.64-.23-.37a9.88 9.88 0 0 1-1.52-5.25C2.16 6.43 6.58 2 12.06 2c2.64 0 5.12 1.03 6.98 2.89a9.8 9.8 0 0 1 2.9 6.98c0 5.48-4.43 9.91-9.88 9.91zm5.43-7.43c-.3-.15-1.76-.87-2.03-.97-.27-.1-.47-.15-.67.15-.2.3-.77.97-.94 1.16-.17.2-.35.22-.65.07-.3-.15-1.28-.47-2.43-1.5-.9-.8-1.5-1.8-1.67-2.1-.17-.3-.02-.46.13-.61.13-.13.3-.35.45-.52.15-.17.2-.3.3-.5.1-.2.05-.37-.02-.52-.07-.15-.67-1.62-.92-2.22-.24-.58-.49-.5-.67-.5h-.57c-.2 0-.52.07-.8.37-.27.3-1.05 1.03-1.05 2.5 0 1.47 1.08 2.9 1.23 3.1.15.2 2.1 3.2 5.08 4.49.71.3 1.27.48 1.7.62.71.23 1.36.2 1.87.12.57-.08 1.76-.72 2-1.42.25-.7.25-1.3.17-1.42-.08-.12-.27-.2-.57-.35z\"\/><\/svg>\n                <\/a>\n            <\/div>\n        <\/div>\n    <\/section>\n\n    <!-- ==== SECCI\u00d3N ACCESOS R\u00c1PIDOS ==== -->\n    <section class=\"accesos-rapidos-section\">\n        <h2 class=\"section-title\">ACCESOS R\u00c1PIDOS<\/h2>\n        <div class=\"accesos-rapidos-container\">\n            <a href=\"https:\/\/ies7-juj.infd.edu.ar\/sitio\/ingreso2026\/\" class=\"acceso-card\">\n                <span class=\"material-symbols-outlined\">how_to_reg<\/span>\n                <h3>INGRESANTES<\/h3>\n                <p>Informaci\u00f3n y requisitos para nuevos alumnos<\/p>\n            <\/a>\n            <a href=\"https:\/\/ies7-juj.infd.edu.ar\/sitio\/mesa-de-examenes\/\" class=\"acceso-card\">\n                <span class=\"material-symbols-outlined\">edit_calendar<\/span>\n                <h3>MESAS DE EX\u00c1MENES<\/h3>\n                <p>Consult\u00e1 las fechas y horarios<\/p>\n            <\/a>\n            <a href=\"https:\/\/ies7-juj.infd.edu.ar\/sitio\/calendario-academico\/\" class=\"acceso-card\">\n                <span class=\"material-symbols-outlined\">event<\/span>\n                <h3>CALENDARIO ACAD\u00c9MICO<\/h3>\n                <p>Agend\u00e1 las fechas importantes del ciclo<\/p>\n            <\/a>\n            <a href=\"https:\/\/ies7-juj.infd.edu.ar\/sitio\/contacto-2\/\" class=\"acceso-card\">\n                <span class=\"material-symbols-outlined\">mail<\/span>\n                <h3>CONTACTO<\/h3>\n                <p>Comunicate con nosotros<\/p>\n            <\/a>\n        <\/div>\n    <\/section>\n    \n    <!-- ==== SECCI\u00d3N: NUESTRA IDENTIDAD (ACTUALIZADA) ==== -->\n    <section class=\"identidad-section\">\n        <div class=\"identidad-container\">\n            <div class=\"identidad-imagen\">\n                <img decoding=\"async\" src=\"https:\/\/ies7-juj.infd.edu.ar\/sitio\/wp-content\/uploads\/2025\/07\/20190429_091026-scaled.jpg\" alt=\"Fachada del Instituto de Educaci\u00f3n Superior N\u00b07\">\n            <\/div>\n            <div class=\"identidad-texto\">\n                <h2>Forjando el Futuro de Jujuy<\/h2>\n                <span class=\"subtitle\">Una instituci\u00f3n del Obispado de Jujuy<\/span>\n                <p>Fundado por el Obispo Monse\u00f1or Jos\u00e9 Miguel Medina e inspirado en la enc\u00edclica \"Populorum Progressio\", nuestro instituto posee una larga trayectoria en la formaci\u00f3n de profesionales de calidad humana, comprometidos con el desarrollo integral y el progreso de los pueblos.<\/p>\n                <p>Nuestra misi\u00f3n se basa en tres pilares: una <strong>larga trayectoria educativa<\/strong> que garantiza excelencia, una formaci\u00f3n que une la <strong>calidad profesional y humana<\/strong>, y un profundo <strong>compromiso con el desarrollo<\/strong> solidario de nuestra comunidad.<\/p>\n            <\/div>\n        <\/div>\n    <\/section>\n\n    <!-- ==== SECCI\u00d3N: CITA PAPAL (REDise\u00f1ada y con imagen redonda) ==== -->\n    <section class=\"cita-section\">\n        <div class=\"cita-container-grid\">\n            <div class=\"cita-imagen\">\n                <img decoding=\"async\" src=\"https:\/\/ies7-juj.infd.edu.ar\/sitio\/wp-content\/uploads\/2025\/06\/pblo-VI.jpg\" alt=\"Retrato del Papa Pablo VI\">\n            <\/div>\n            <div class=\"cita-texto\">\n                <blockquote>\u00abEl desarrollo completo del hombre no puede darse sin el desarrollo solidario de la humanidad.\u00bb<\/blockquote>\n                <cite>Papa Pablo VI <span>- Enc\u00edclica Populorum Progressio<\/span><\/cite>\n            <\/div>\n        <\/div>\n    <\/section>\n    \n    <!-- ==== SECCI\u00d3N: OFERTA EDUCATIVA PORTADA (NUEVA) ==== -->\n    <section class=\"oferta-portada-section\">\n        <div class=\"oferta-portada-container\">\n            <h2>Descubr\u00ed tu Futuro Profesional<\/h2>\n            <p>Formaci\u00f3n docente y t\u00e9cnica para responder a las demandas de un mundo en constante cambio.<\/p>\n            <a href=\"https:\/\/ies7-juj.infd.edu.ar\/sitio\/oferta-educativa-2026\/\" class=\"cta-button-grande\">Ver Todas las Carreras<\/a>\n        <\/div>\n    <\/section>\n\n    <!-- ==== SECCI\u00d3N JUBILEO Y EVANGELIO (NUEVA Y CORREGIDA) ==== -->\n    <section class=\"final-section\">\n        <div class=\"final-section-container\">\n            <!-- Columna 1: Jubileo 2025 -->\n            <div class=\"final-card jubileo-card\">\n                <img decoding=\"async\" src=\"https:\/\/www.iubilaeum2025.va\/content\/dam\/iubilaeum2025\/logo-giubileo-2025-rivisitazioni\/sfumato\/Spagnolo_V1.png\/_jcr_content\/renditions\/cq5dam.web.1280.1280.png\" alt=\"Logo oficial del Jubileo 2025\">\n                <h3>Jubileo 2025<\/h3>\n                <p>Peregrinos de la Esperanza. Acompa\u00f1amos el camino hacia el a\u00f1o jubilar, un tiempo de gracia y reconciliaci\u00f3n para toda la Iglesia.<\/p>\n                <a href=\"https:\/\/www.iubilaeum2025.va\/es.html\" class=\"final-card-button\">Saber m\u00e1s sobre el Jubileo<\/a>\n            <\/div>\n            <!-- Columna 2: Evangelio Diario -->\n            <div class=\"final-card evangelio-card\">\n                <h3>Evangelio del D\u00eda<\/h3>\n                <div class=\"widget-container\">\n                    <div class=\"evangelio-content\" id=\"evangelio-content\">\n                        <p class=\"evangelio-status\" id=\"evangelio-status\">Cargando lectura diaria...<\/p>\n                    <\/div>\n                    <p class=\"evangelio-note\">Tambi\u00e9n pod\u00e9s consultarlo en Evangelizo.<\/p>\n                    <div class=\"evangelio-links\">\n                        <a href=\"https:\/\/evangeliodeldia.org\/SP\/gospel\" class=\"final-card-button\" target=\"_blank\" rel=\"noopener\" aria-label=\"Abrir Evangelizo (sitio externo, abre en una pesta\u00f1a nueva)\">Ver en Evangelizo &#8599;<\/a>\n                    <\/div>\n                <\/div>\n            <\/div>\n        <\/div>\n    <\/section>\n\n<\/div> <!-- Fin de #ies7-container -->\n\n<!-- JAVASCRIPT PARA SLIDER -->\n<script>\ndocument.addEventListener('DOMContentLoaded', function() {\n    \n    \/\/ --- Script para el Slider Principal ---\n    const sliderWrapper = document.querySelector('#main-slider .slider-wrapper');\n    const slides = document.querySelectorAll('#main-slider .slide');\n    const prevBtn = document.getElementById('prev-slide');\n    const nextBtn = document.getElementById('next-slide');\n    const dotsContainer = document.getElementById('slider-dots');\n    let currentIndex = 0;\n    let autoPlayInterval;\n\n    if (sliderWrapper && slides.length > 0) {\n        slides.forEach((_, i) => {\n            const dot = document.createElement('div');\n            dot.classList.add('dot');\n            if (i === 0) dot.classList.add('active');\n            dot.addEventListener('click', () => { goToSlide(i); resetAutoPlay(); });\n            dotsContainer.appendChild(dot);\n        });\n        const dots = document.querySelectorAll('#slider-dots .dot');\n\n        function updateUI() {\n            sliderWrapper.style.transform = `translateX(-${currentIndex * 100}%)`;\n            dots.forEach((dot, i) => dot.classList.toggle('active', i === currentIndex));\n            slides.forEach((slide, i) => slide.classList.toggle('active', i === currentIndex));\n        }\n\n        function goToSlide(index) {\n            currentIndex = (index + slides.length) % slides.length;\n            updateUI();\n        }\n        \n        prevBtn.addEventListener('click', () => { goToSlide(currentIndex - 1); resetAutoPlay(); });\n        nextBtn.addEventListener('click', () => { goToSlide(currentIndex + 1); resetAutoPlay(); });\n\n        function startAutoPlay() {\n            autoPlayInterval = setInterval(() => { goToSlide(currentIndex + 1); }, 7000);\n        }\n\n        function resetAutoPlay() {\n            clearInterval(autoPlayInterval);\n            startAutoPlay();\n        }\n\n        updateUI();\n        startAutoPlay();\n    }\n\n    \/\/ --- Evangelio diario desde Evangelizo Feed ---\n    const evangelioContent = document.getElementById('evangelio-content');\n    const evangelioStatus = document.getElementById('evangelio-status');\n\n    function formatDateForEvangelizo(dateObj) {\n        const y = dateObj.getFullYear();\n        const m = String(dateObj.getMonth() + 1).padStart(2, '0');\n        const d = String(dateObj.getDate()).padStart(2, '0');\n        return `${y}${m}${d}`;\n    }\n\n    function normalizeFeedText(raw) {\n        const withBreaks = raw.replace(\/<br\\s*\\\/?>\/gi, '\\n');\n        const temp = document.createElement('div');\n        temp.innerHTML = withBreaks;\n        return temp.textContent.replace(\/\\n{3,}\/g, '\\n\\n').trim();\n    }\n\n    async function loadEvangelio() {\n        if (!evangelioContent || !evangelioStatus) return;\n\n        const dateStr = formatDateForEvangelizo(new Date());\n        const baseUrl = 'https:\/\/feed.evangelizo.org\/v2\/reader.php';\n        const paramsBase = `date=${dateStr}&lang=SP&content=GSP`;\n        const readingUrl = `${baseUrl}?${paramsBase}&type=reading`;\n        const liturgicUrl = `${baseUrl}?${paramsBase}&type=liturgic_t`;\n        const referenceUrl = `${baseUrl}?${paramsBase}&type=reading_st`;\n\n        try {\n            const [readingResp, liturgicResp, referenceResp] = await Promise.all([\n                fetch(readingUrl),\n                fetch(liturgicUrl),\n                fetch(referenceUrl)\n            ]);\n\n            if (!readingResp.ok || !liturgicResp.ok || !referenceResp.ok) {\n                throw new Error('No se pudo obtener el contenido del Evangelio.');\n            }\n\n            const [readingRaw, liturgicRaw, referenceRaw] = await Promise.all([\n                readingResp.text(),\n                liturgicResp.text(),\n                referenceResp.text()\n            ]);\n\n            const readingText = normalizeFeedText(readingRaw);\n            const liturgicTitle = normalizeFeedText(liturgicRaw);\n            const readingReference = normalizeFeedText(referenceRaw);\n\n            evangelioContent.innerHTML = `\n                <p class=\"evangelio-liturgic-title\">${liturgicTitle || 'Lectura del dia'}<\/p>\n                <p class=\"evangelio-reference\">${readingReference || 'Cita biblica no disponible'}<\/p>\n                <p class=\"evangelio-text\">${readingText || 'No se pudo cargar la lectura completa.'}<\/p>\n            `;\n        } catch (err) {\n            evangelioStatus.textContent = 'No fue posible cargar el evangelio ahora. Usa el boton \"Ver en Evangelizo\".';\n        }\n    }\n\n    loadEvangelio();\n});\n<\/script>\n\n\n\n<!-- BLOQUE REUTILIZABLE 3: FOOTER PRINCIPAL -->\n<!-- Este bloque se inserta al final de la p\u00c3\u00a1gina -->\n<!-- NOTA: Este bloque asume que Material Symbols y las Google Fonts ya fueron cargadas por el Bloque 1 (Men\u00c3\u00ba) -->\n<!-- Si se usa de forma aislada, es necesario cargar las librer\u00c3\u00adas de fuentes e \u00c3\u00adconos. -->\n\n<style>\n    \/* ==== ESTILOS DEL FOOTER ==== *\/\n    .custom-footer {\n        \/* Color de Marca: Azul Principal *\/\n        background-color: var(--color-primario);\n        \/* Texto Base: Gris Muy Claro *\/\n        color: var(--color-fondo-claro);\n        padding: 4rem 1rem 2rem 1rem;\n        \/* Fuente Base: Open Sans *\/\n        font-family: 'Open Sans', sans-serif;\n    }\n    .footer-container {\n        max-width: 1200px;\n        margin: auto;\n        display: grid;\n        grid-template-columns: repeat(auto-fit, minmax(240px, 1fr));\n        gap: 2.5rem;\n    }\n    .footer-col .logo-footer {\n        height: 60px;\n        margin-bottom: 1.5rem;\n    }\n    .footer-col p {\n        font-size: 0.9rem;\n        line-height: 1.6;\n        margin: 0 0 1rem 0;\n    }\n    .footer-col h3 {\n        \/* Fuente de T\u00c3\u00adtulos: Montserrat *\/\n        font-family: 'Montserrat', sans-serif;\n        font-weight: 700;\n        color: var(--color-blanco);\n        font-size: 1.1rem;\n        margin: 0 0 1.5rem 0;\n        text-transform: uppercase;\n        letter-spacing: 0.5px;\n    }\n    .footer-col ul {\n        list-style: none;\n        padding: 0;\n        margin: 0;\n    }\n    \n    .footer-col a {\n        \/* Texto Base: Gris Muy Claro *\/\n        color: var(--color-fondo-claro);\n        text-decoration: none;\n        font-size: 0.95rem;\n        transition: color 0.3s ease;\n    }\n    \n    .footer-col a:hover {\n        \/* Interacci\u00ef\u00bf\u00bdn: Cian *\/\n        color: var(--color-cian);\n    }\n    \n    .footer-col .external-link {\n        display: inline-flex;\n        align-items: center;\n        gap: 0.35rem;\n    }\n    .footer-col .external-link-icon {\n        font-size: 0.85em;\n        opacity: 0.9;\n    }\n    .footer-col .icon-text {\n        display: flex;\n        align-items: flex-start;\n        gap: 0.75rem;\n        font-size: 0.95rem;\n        margin-bottom: 0.75rem;\n    }\n    .footer-col .icon-text .material-symbols-outlined {\n        margin-top: 4px;\n        font-size: 1rem;\n        width: 20px; \/* Ancho fijo para alineaci\u00c3\u00b3n *\/\n        text-align: center;\n    }\n    .social-links {\n        display: flex;\n        gap: 1rem;\n        margin-top: 1.5rem;\n    }\n    .social-links a {\n        display: inline-flex;\n        align-items: center;\n        justify-content: center;\n        width: 40px;\n        height: 40px;\n        border-radius: 50%;\n        border: 2px solid var(--color-fondo-claro);\n        color: var(--color-fondo-claro);\n        font-size: 1.1rem;\n        transition: background-color 0.3s, color 0.3s;\n    }\n    .social-links a svg {\n        width: 18px;\n        height: 18px;\n        fill: currentColor;\n        display: block;\n    }\n    .social-links a:hover {\n        background-color: var(--color-fondo-claro);\n        \/* Al invertir, el \u00c3\u00adcono toma el color del Azul Principal *\/\n        color: var(--color-primario);\n    }\n    .footer-bottom {\n        max-width: 1200px;\n        margin: 3rem auto 0 auto;\n        padding-top: 2rem;\n        \/* Borde: Azul Intermedio *\/\n        border-top: 1px solid var(--color-azul-intermedio);\n        text-align: center;\n    }\n    .footer-bottom p {\n        font-size: 0.85rem;\n        color: var(--color-azul-claro); \/* Azul Muy Claro *\/\n        margin: 0;\n    }\n<\/style>\n\n<footer class=\"custom-footer\">\n    <div class=\"footer-container\">\n        <!-- Columna 1: Contacto -->\n        <div class=\"footer-col\">\n            <img decoding=\"async\" src=\"https:\/\/ies7-juj.infd.edu.ar\/sitio\/wp-content\/uploads\/2025\/04\/Logo-Pagina-2.png\" alt=\"Logo IES N\u00c2\u00b07 Blanco\" class=\"logo-footer\">\n            <div class=\"icon-text\">\n                <span class=\"material-symbols-outlined\" aria-hidden=\"true\">location_on<\/span>\n                <span>Sarmiento 268, San Salvador de Jujuy<\/span>\n            <\/div>\n            <div class=\"icon-text\">\n                <span class=\"material-symbols-outlined\" aria-hidden=\"true\">call<\/span>\n                <span>(0388) 4224514<\/span>\n            <\/div>\n            <div class=\"icon-text\">\n                <span class=\"material-symbols-outlined\" aria-hidden=\"true\">mail<\/span>\n                <a href=\"mailto:campus@populorumjujuy.ar\">campus@populorumjujuy.ar<\/a>\n            <\/div>\n        <\/div>\n        \n        <!-- Columna 2: Institucional -->\n        <div class=\"footer-col\">\n            <h3>Institucional<\/h3>\n            <ul>\n                <li><a href=\"https:\/\/ies7-juj.infd.edu.ar\/sitio\/autoridades\/\">Autoridades<\/a><\/li>\n                <li><a href=\"https:\/\/ies7-juj.infd.edu.ar\/sitio\/?page_id=854\">Historia<\/a><\/li>\n                <li><a href=\"https:\/\/ies7-juj.infd.edu.ar\/sitio\/departamento-pastoral\/\">Pastoral<\/a><\/li>\n                <li><a href=\"https:\/\/ies7-juj.infd.edu.ar\/aula\/acceso.cgi\" target=\"_blank\" rel=\"noopener\" class=\"external-link\" aria-label=\"Campus Virtual (sitio externo, abre en una pesta&ntilde;a nueva)\">Campus Virtual <span class=\"external-link-icon\" aria-hidden=\"true\">&#8599;<\/span><\/a><\/li>\n            <\/ul>\n        <\/div>\n\n        <!-- Columna 3: Estudiantes -->\n        <div class=\"footer-col\">\n            <h3>Estudiantes<\/h3>\n            <ul>\n                <li><a href=\"https:\/\/ies7-juj.infd.edu.ar\/sitio\/biblioteca-2\/\">Biblioteca<\/a><\/li>\n                <li><a href=\"https:\/\/ies7-juj.infd.edu.ar\/sitio\/secretaria-academica2025\/\">Secretaria Acad\u00e9mica<\/a><\/li>\n                <li><a href=\"http:\/\/populorumcc.ddns.net:8080\/popuweb\/alumnos.index.aspx\" target=\"_blank\" rel=\"noopener\" class=\"external-link\" aria-label=\"Autogesti\u00f3n (sitio externo, abre en una pesta\u00f1a nueva)\">Autogesti\u00f3n <span class=\"external-link-icon\" aria-hidden=\"true\">&#8599;<\/span><\/a><\/li>\n            <\/ul>\n        <\/div>\n\n        <!-- Columna 4: Redes Sociales -->\n        <div class=\"footer-col\">\n            <h3>Seguinos<\/h3>\n            <p>Conectate con nuestra comunidad.<\/p>\n            <div class=\"social-links\">\n                <a href=\"https:\/\/www.facebook.com\/infopopu\" target=\"_blank\" aria-label=\"Facebook\" rel=\"noopener\">\n                    <svg viewBox=\"0 0 24 24\" aria-hidden=\"true\" focusable=\"false\"><path d=\"M22 12a10 10 0 1 0-11.56 9.88v-6.99H7.9V12h2.54V9.8c0-2.5 1.49-3.88 3.78-3.88 1.1 0 2.24.2 2.24.2v2.46H15.2c-1.24 0-1.63.77-1.63 1.56V12h2.78l-.44 2.9h-2.34v6.99A10 10 0 0 0 22 12z\"\/><\/svg>\n                <\/a>\n                <a href=\"https:\/\/www.instagram.com\/popu.jujuy\" target=\"_blank\" aria-label=\"Instagram\" rel=\"noopener\">\n                    <svg viewBox=\"0 0 24 24\" aria-hidden=\"true\" focusable=\"false\"><path d=\"M7.75 2h8.5A5.75 5.75 0 0 1 22 7.75v8.5A5.75 5.75 0 0 1 16.25 22h-8.5A5.75 5.75 0 0 1 2 16.25v-8.5A5.75 5.75 0 0 1 7.75 2zm0 1.8A3.95 3.95 0 0 0 3.8 7.75v8.5a3.95 3.95 0 0 0 3.95 3.95h8.5a3.95 3.95 0 0 0 3.95-3.95v-8.5a3.95 3.95 0 0 0-3.95-3.95h-8.5zM12 7.6a4.4 4.4 0 1 1 0 8.8 4.4 4.4 0 0 1 0-8.8zm0 1.8a2.6 2.6 0 1 0 0 5.2 2.6 2.6 0 0 0 0-5.2zm4.75-2.5a1.05 1.05 0 1 1 0 2.1 1.05 1.05 0 0 1 0-2.1z\"\/><\/svg>\n                <\/a>\n                <a href=\"https:\/\/www.whatsapp.com\/channel\/0029VaoIWj2Fy72ILDVbqs1I\" target=\"_blank\" aria-label=\"Canal de WhatsApp\" rel=\"noopener\">\n                    <svg viewBox=\"0 0 24 24\" aria-hidden=\"true\" focusable=\"false\"><path d=\"M20.52 3.48A11.88 11.88 0 0 0 12.06 0C5.5 0 .15 5.35.15 11.91c0 2.1.55 4.15 1.6 5.97L0 24l6.3-1.65a11.85 11.85 0 0 0 5.76 1.47h.01c6.56 0 11.91-5.35 11.91-11.91 0-3.18-1.24-6.16-3.46-8.43zm-8.46 18.3h-.01a9.9 9.9 0 0 1-5.05-1.38l-.36-.21-3.73.98 1-3.64-.23-.37a9.88 9.88 0 0 1-1.52-5.25C2.16 6.43 6.58 2 12.06 2c2.64 0 5.12 1.03 6.98 2.89a9.8 9.8 0 0 1 2.9 6.98c0 5.48-4.43 9.91-9.88 9.91zm5.43-7.43c-.3-.15-1.76-.87-2.03-.97-.27-.1-.47-.15-.67.15-.2.3-.77.97-.94 1.16-.17.2-.35.22-.65.07-.3-.15-1.28-.47-2.43-1.5-.9-.8-1.5-1.8-1.67-2.1-.17-.3-.02-.46.13-.61.13-.13.3-.35.45-.52.15-.17.2-.3.3-.5.1-.2.05-.37-.02-.52-.07-.15-.67-1.62-.92-2.22-.24-.58-.49-.5-.67-.5h-.57c-.2 0-.52.07-.8.37-.27.3-1.05 1.03-1.05 2.5 0 1.47 1.08 2.9 1.23 3.1.15.2 2.1 3.2 5.08 4.49.71.3 1.27.48 1.7.62.71.23 1.36.2 1.87.12.57-.08 1.76-.72 2-1.42.25-.7.25-1.3.17-1.42-.08-.12-.27-.2-.57-.35z\"\/><\/svg>\n                <\/a>\n            <\/div>\n        <\/div>\n    <\/div>\n    \n    <div class=\"footer-bottom\">\n        <p>&copy; 2025 - Instituto de Educaci\u00f3n Superior N\u00ba 7 \"Populorum Progressio - In. Te. La.\"<\/p>\n    <\/div>\n<\/footer>\n","protected":false},"excerpt":{"rendered":"<p>Listados de Ingresantes 2026 \u00a1Bienvenidos! Entr\u00e1 y consulta el listado de los aprobados del curso de ingreso. Ingres\u00e1 aqu\u00ed Ingresantes 2026 Acced\u00e9 a toda la impormaci\u00f3n importante para el ingreso a una carrera. Ingres\u00e1 aqu\u00ed Ingreso 2026 Form\u00e1 parte de nuestra comunidad educativa. Tu futuro profesional comienza aqu\u00ed. Conoc\u00e9 las carreras XXXIV Acto de Colaci\u00f3n &#8230; <a title=\"Home Instituto\" class=\"read-more\" href=\"https:\/\/ies7-juj.infd.edu.ar\/sitio\/\" aria-label=\"More on Home Instituto\">[+]<\/a><\/p>\n","protected":false},"author":3026,"featured_media":0,"parent":0,"menu_order":0,"comment_status":"closed","ping_status":"closed","template":"","meta":[],"acf":[],"_links":{"self":[{"href":"https:\/\/ies7-juj.infd.edu.ar\/sitio\/wp-json\/wp\/v2\/pages\/286"}],"collection":[{"href":"https:\/\/ies7-juj.infd.edu.ar\/sitio\/wp-json\/wp\/v2\/pages"}],"about":[{"href":"https:\/\/ies7-juj.infd.edu.ar\/sitio\/wp-json\/wp\/v2\/types\/page"}],"author":[{"embeddable":true,"href":"https:\/\/ies7-juj.infd.edu.ar\/sitio\/wp-json\/wp\/v2\/users\/3026"}],"replies":[{"embeddable":true,"href":"https:\/\/ies7-juj.infd.edu.ar\/sitio\/wp-json\/wp\/v2\/comments?post=286"}],"version-history":[{"count":3332,"href":"https:\/\/ies7-juj.infd.edu.ar\/sitio\/wp-json\/wp\/v2\/pages\/286\/revisions"}],"predecessor-version":[{"id":12466,"href":"https:\/\/ies7-juj.infd.edu.ar\/sitio\/wp-json\/wp\/v2\/pages\/286\/revisions\/12466"}],"wp:attachment":[{"href":"https:\/\/ies7-juj.infd.edu.ar\/sitio\/wp-json\/wp\/v2\/media?parent=286"}],"curies":[{"name":"wp","href":"https:\/\/api.w.org\/{rel}","templated":true}]}}