{"id":1892,"date":"2019-03-20T14:43:26","date_gmt":"2019-03-20T17:43:26","guid":{"rendered":"https:\/\/ies7-juj.infd.edu.ar\/sitio\/?page_id=1892"},"modified":"2025-10-27T14:32:32","modified_gmt":"2025-10-27T17:32:32","slug":"pasantias-educativas","status":"publish","type":"page","link":"https:\/\/ies7-juj.infd.edu.ar\/sitio\/pasantias-educativas\/","title":{"rendered":"PASANT\u00cdAS EDUCATIVAS 2025"},"content":{"rendered":"\n<!-- BLOQUE REUTILIZABLE 1: MEN\u00da PRINCIPAL -->\n<!-- Carga de fuentes e \u00edconos -->\n<link rel=\"preconnect\" href=\"https:\/\/fonts.googleapis.com\">\n<link rel=\"preconnect\" href=\"https:\/\/fonts.gstatic.com\" crossorigin>\n<link href=\"https:\/\/fonts.googleapis.com\/css2?family=Montserrat:wght@400;600;700&#038;family=Open+Sans:wght@300;400;600&#038;display=swap\" rel=\"stylesheet\">\n<link rel=\"stylesheet\" href=\"https:\/\/fonts.googleapis.com\/css2?family=Material+Symbols+Outlined:opsz,wght,FILL,GRAD@24,400,0,0\" \/>\n\n<style>\n    :root {\n        --color-primario: #3e81b8;\n        --color-cian: #13b4d1;\n        --color-texto: #6b4941;\n        --color-texto-oscuro: #6b4441;\n        --color-texto-suave: #7b7159;\n        --color-acento: #e9c46a;\n        --color-terracota: #d25c54;\n        --color-fondo-claro: #e4e0e5;\n        --color-azul-claro: #acd4ec;\n        --color-azul-intermedio: #4b9bd3;\n        --color-blanco: #ffffff;\n        --color-gris-deshabilitado: #95a3ae;\n        --color-fondo-base: #f8fafc;\n        --color-fondo-suave: #f4f6f8;\n        --color-fondo-info: #f0f4f8;\n        --color-fondo-info-acento: #e3f2fd;\n        --alto-menu: 64px;\n    }\n\n    \/* Compensa men\u00fa fijo sin agregar div espaciador *\/\n    body {\n        padding-top: var(--alto-menu) !important;\n    }\n\n    \/* Barra admin WordPress *\/\n    @media screen and (min-width: 783px) {\n        body.admin-bar {\n            padding-top: calc(var(--alto-menu) + 32px) !important;\n        }\n    }\n    @media screen and (max-width: 782px) {\n        body.admin-bar {\n            padding-top: calc(var(--alto-menu) + 46px) !important;\n        }\n    }\n\n    \/* Estilos del Men\u00fa *\/\n    #ies7-container-menu {\n        font-family: 'Open Sans', sans-serif;\n    }\n    #ies7-container-menu h1,\n    #ies7-container-menu h2,\n    #ies7-container-menu h3 {\n        font-family: 'Montserrat', sans-serif;\n    }\n    #ies7-container-menu a {\n        text-decoration: none;\n        color: var(--color-fondo-claro) !important;\n        transition: all 0.3s ease;\n    }\n    #ies7-container-menu .external-link {\n        display: inline-flex;\n        align-items: center;\n        gap: 0.35rem;\n    }\n    #ies7-container-menu .external-link-icon {\n        font-size: 0.85em;\n        opacity: 0.9;\n    }\n    body.mobile-menu-open {\n        overflow: hidden;\n    }\n\n    #ies7-container-menu .custom-nav {\n        background-color: var(--color-primario);\n        color: var(--color-fondo-claro);\n        box-shadow: 0 2px 4px rgba(0,0,0,0.1);\n        position: fixed;\n        top: 0;\n        left: 0;\n        right: 0;\n        width: 100%;\n        z-index: 1000;\n    }\n    #ies7-container-menu .nav-container {\n        display: flex;\n        justify-content: space-between;\n        align-items: center;\n        max-width: 1280px;\n        margin: auto;\n        height: var(--alto-menu);\n        padding: 0 1rem;\n    }\n    #ies7-container-menu .nav-logo {\n        display: flex;\n        align-items: center;\n        gap: 0.75rem;\n    }\n    #ies7-container-menu .nav-logo img {\n        height: 50px;\n        width: auto;\n    }\n    #ies7-container-menu .logo-text-container {\n        display: none;\n        flex-direction: column;\n        line-height: 1.2;\n        color: white;\n    }\n    #ies7-container-menu .logo-main-text {\n        font-family: 'Montserrat', sans-serif;\n        font-weight: 700;\n        font-size: 1rem;\n    }\n    #ies7-container-menu .logo-sub-text {\n        font-size: 0.8rem;\n        color: var(--color-azul-claro);\n        font-weight: 300;\n    }\n    #ies7-container-menu .nav-menu {\n        display: none;\n        list-style: none;\n        margin: 0;\n        padding: 0;\n        align-items: center;\n        gap: 1.5rem;\n    }\n    #ies7-container-menu .nav-menu > li {\n        position: relative;\n    }\n    #ies7-container-menu .nav-menu a {\n        display: block;\n        padding: 1rem 0;\n        font-size: 0.95rem;\n        font-weight: 600;\n        position: relative;\n    }\n    #ies7-container-menu .nav-menu > li > a:hover {\n        color: white !important;\n    }\n    #ies7-container-menu .nav-menu > li > a::after {\n        content: '';\n        position: absolute;\n        width: 0%;\n        height: 3px;\n        background-color: var(--color-acento);\n        bottom: 10px;\n        left: 0;\n        border-radius: 2px;\n        transition: width 0.3s ease-in-out;\n    }\n    #ies7-container-menu .nav-menu > li:hover > a::after {\n        width: 100%;\n    }\n    #ies7-container-menu .dropdown {\n        display: block;\n        opacity: 0;\n        visibility: hidden;\n        position: absolute;\n        top: 90%;\n        left: 0;\n        background-color: var(--color-primario);\n        border-radius: 0.375rem;\n        list-style: none;\n        padding: 0.5rem;\n        margin: 0;\n        min-width: 240px;\n        box-shadow: 0 8px 16px rgba(0,0,0,0.2);\n        transform: translateY(10px);\n        transition: opacity 0.3s ease, transform 0.3s ease, visibility 0.3s;\n    }\n    #ies7-container-menu .dropdown .dropdown {\n        top: 0;\n        left: 100%;\n        transform: translateY(0) translateX(10px);\n    }\n    #ies7-container-menu .dropdown > li:hover > .dropdown {\n        opacity: 1;\n        visibility: visible;\n        transform: translateY(0) translateX(0);\n    }\n    #ies7-container-menu .nav-menu > li:last-child .dropdown {\n        left: auto;\n        right: 0;\n    }\n    #ies7-container-menu .nav-menu > li:last-child .dropdown .dropdown {\n        right: 100%;\n        left: auto;\n    }\n    #ies7-container-menu .dropdown li {\n        list-style: none;\n        position: relative;\n    }\n    #ies7-container-menu .dropdown a {\n        padding: 0.75rem 1rem;\n        white-space: nowrap;\n        border-radius: 0.25rem;\n        display: flex;\n        justify-content: space-between;\n        align-items: center;\n        transition: background-color 0.3s ease, color 0.3s ease, padding-left 0.3s ease;\n    }\n    #ies7-container-menu .dropdown a:hover {\n        background-color: var(--color-cian);\n        color: white !important;\n        padding-left: 1.5rem;\n    }\n    #ies7-container-menu .nav-menu > li:hover > .dropdown {\n        opacity: 1;\n        visibility: visible;\n        transform: translateY(0);\n    }\n\n    \/* Men\u00fa M\u00f3vil *\/\n    #ies7-container-menu .mobile-menu-button {\n        display: block;\n        background: none;\n        border: none;\n        color: white;\n        padding: 0.5rem;\n        cursor: pointer;\n    }\n    #ies7-container-menu .mobile-menu-button svg {\n        width: 24px;\n        height: 24px;\n    }\n    #ies7-container-menu .mobile-nav-panel {\n        display: none;\n        background-color: var(--color-primario);\n        padding: 1rem;\n        position: fixed;\n        top: var(--alto-menu);\n        left: 0;\n        right: 0;\n        height: calc(100vh - var(--alto-menu));\n        overflow-y: auto;\n    }\n    #ies7-container-menu .mobile-nav-panel.open {\n        display: block;\n    }\n    #ies7-container-menu .mobile-nav-panel ul {\n        list-style: none;\n        padding: 0;\n        margin: 0;\n        padding-bottom: 100px;\n    }\n    #ies7-container-menu .mobile-nav-panel li {\n        list-style-type: none;\n    }\n    #ies7-container-menu .mobile-nav-panel > ul > li > a {\n        display: block;\n        padding: 0.75rem 0.5rem;\n        border-bottom: 1px solid var(--color-azul-claro);\n        color: var(--color-fondo-claro) !important;\n    }\n    #ies7-container-menu .mobile-nav-panel .dropdown {\n        position: static;\n        display: block;\n        background: none;\n        box-shadow: none;\n        padding: 0 0 0 1rem;\n        margin: 0;\n        opacity: 1;\n        visibility: visible;\n        transform: none;\n        min-width: unset;\n        width: 100%;\n    }\n    #ies7-container-menu .mobile-nav-panel .dropdown a {\n        padding-left: 1.5rem;\n        border: none;\n    }\n    #ies7-container-menu .mobile-nav-panel .dropdown .dropdown {\n        padding-left: 1rem;\n    }\n\n    \/* Top offset en admin bar para el nav fijo *\/\n    @media screen and (min-width: 783px) {\n        body.admin-bar #ies7-container-menu .custom-nav {\n            top: 32px;\n        }\n    }\n    @media screen and (max-width: 782px) {\n        body.admin-bar #ies7-container-menu .custom-nav {\n            top: 46px;\n        }\n        body.admin-bar #ies7-container-menu .mobile-nav-panel {\n            top: calc(var(--alto-menu) + 46px);\n            height: calc(100vh - var(--alto-menu) - 46px);\n        }\n    }\n\n    @media (min-width: 1024px) {\n        #ies7-container-menu .mobile-menu-button { display: none; }\n        #ies7-container-menu .nav-menu { display: flex; }\n        #ies7-container-menu .mobile-nav-panel { display: none !important; }\n        #ies7-container-menu .logo-text-container { display: flex; }\n    }\n<\/style>\n\n<div id=\"ies7-container-menu\">\n    <nav class=\"custom-nav\">\n        <div class=\"nav-container\">\n            <a href=\"https:\/\/ies7-juj.infd.edu.ar\/sitio\/\" class=\"nav-logo\" aria-label=\"Inicio IES N\u00b07\">\n                <img decoding=\"async\" src=\"https:\/\/ies7-juj.infd.edu.ar\/sitio\/wp-content\/uploads\/2025\/04\/Logo-Pagina-2.png\" alt=\"Logo IES N\u00b07\">\n                <div class=\"logo-text-container\">\n                    <span class=\"logo-main-text\">Instituto de Educaci\u00f3n Superior N\u00ba 7<\/span>\n                    <span class=\"logo-sub-text\">\u00abPopulorum Progressio &#8211; In. Te. La.\u00bb<\/span>\n                <\/div>\n            <\/a>\n\n            <ul class=\"nav-menu\">\n                <li><a href=\"https:\/\/ies7-juj.infd.edu.ar\/sitio\/\">Inicio<\/a><\/li>\n                <li>\n                    <a href=\"javascript:void(0)\">Institucional <span class=\"material-symbols-outlined\" style=\"font-size: 1rem;\">expand_more<\/span><\/a>\n                    <ul class=\"dropdown\">\n                        <li><a href=\"https:\/\/ies7-juj.infd.edu.ar\/sitio\/?page_id=854\">Historia<\/a><\/li>\n                        <li><a href=\"https:\/\/ies7-juj.infd.edu.ar\/sitio\/autoridades\/\">Autoridades<\/a><\/li>\n                        <li><a href=\"javascript:void(0)\">Misi\u00f3n y Visi\u00f3n<\/a><\/li>\n                        <li><a href=\"javascript:void(0)\">Valores e Ideario<\/a><\/li>\n                        <li>\n                            <a href=\"javascript:void(0)\">Departamentos <span class=\"material-symbols-outlined\" style=\"font-size: 1rem;\">chevron_right<\/span><\/a>\n                            <ul class=\"dropdown\">\n                                <li><a href=\"https:\/\/ies7-juj.infd.edu.ar\/sitio\/departamento-de-investigacion\/\">Investigaci\u00f3n<\/a><\/li>\n                                <li><a href=\"https:\/\/ies7-juj.infd.edu.ar\/sitio\/departamento-de-formacion-inicial\/\">Formaci\u00f3n Inicial<\/a><\/li>\n                                <li><a href=\"https:\/\/ies7-juj.infd.edu.ar\/sitio\/departamento-de-formacion-continua-y-desarrollo-profesional\/\">Formaci\u00f3n Continua<\/a><\/li>\n                                <li><a href=\"https:\/\/ies7-juj.infd.edu.ar\/sitio\/departamento-pastoral\/\">Pastoral Educativa<\/a><\/li>\n                                <li><a href=\"https:\/\/ies7-juj.infd.edu.ar\/sitio\/saad\/\">D.A.T.E<\/a><\/li>\n                            <\/ul>\n                        <\/li>\n                    <\/ul>\n                <\/li>\n                <li>\n                    <a href=\"javascript:void(0)\">Sedes <span class=\"material-symbols-outlined\" style=\"font-size: 1rem;\">expand_more<\/span><\/a>\n                    <ul class=\"dropdown\">\n                        <li><a href=\"https:\/\/ies7-juj.infd.edu.ar\/sitio\/filial-san-pedro\/\">Sede San Pedro<\/a><\/li>\n                        <li><a href=\"https:\/\/ies7-juj.infd.edu.ar\/sitio\/filial-perico\/\">Sede Perico<\/a><\/li>\n                        <li><a href=\"https:\/\/ies7-juj.infd.edu.ar\/sitio\/sede-libertador-gral-san-martin\/\">Sede Libertador<\/a><\/li>\n                    <\/ul>\n                <\/li>\n                <li>\n                    <a href=\"javascript:void(0)\">Estudiantes <span class=\"material-symbols-outlined\" style=\"font-size: 1rem;\">expand_more<\/span><\/a>\n                    <ul class=\"dropdown\">\n                        <li><a href=\"https:\/\/ies7-juj.infd.edu.ar\/sitio\/mesa-de-examenes\/\">Turnos de Examen<\/a><\/li>\n                        <li><a href=\"https:\/\/ies7-juj.infd.edu.ar\/sitio\/secretaria-academica2025\/\">Secretar\u00eda Acad\u00e9mica<\/a><\/li>\n                        <li><a href=\"https:\/\/ies7-juj.infd.edu.ar\/sitio\/pasantias-educativas\/\">Pasant\u00edas Educativas<\/a><\/li>\n                        <li><a href=\"https:\/\/ies7-juj.infd.edu.ar\/sitio\/becas\/\">Becas Acad\u00e9micas<\/a><\/li>\n                        <li><a href=\"http:\/\/populorumcc.ddns.net:8080\/popuweb\/alumnos.index.aspx\" target=\"_blank\" rel=\"noopener\" class=\"external-link\" aria-label=\"Autogesti\u00f3n Estudiantes (sitio externo, abre en una pesta\u00f1a nueva)\">Autogesti\u00f3n Estudiantes <span class=\"external-link-icon\" aria-hidden=\"true\">&#x2197;<\/span><\/a><\/li>\n                        <li><a href=\"https:\/\/ies7-juj.infd.edu.ar\/aula\/acceso.cgi\" target=\"_blank\" rel=\"noopener\" class=\"external-link\" aria-label=\"Campus Virtual (sitio externo, abre en una pesta\u00f1a nueva)\">Campus Virtual <span class=\"external-link-icon\" aria-hidden=\"true\">&#x2197;<\/span><\/a><\/li>\n                    <\/ul>\n                <\/li>\n                <li>\n                    <a href=\"javascript:void(0)\">Docentes <span class=\"material-symbols-outlined\" style=\"font-size: 1rem;\">expand_more<\/span><\/a>\n                    <ul class=\"dropdown\">\n                        <li><a href=\"http:\/\/populorumcc.ddns.net:8080\/popuweb\/docentes.index.aspx\" target=\"_blank\" rel=\"noopener\" class=\"external-link\" aria-label=\"Autogesti\u00f3n Docentes (sitio externo, abre en una pesta\u00f1a nueva)\">Autogesti\u00f3n Docentes <span class=\"external-link-icon\" aria-hidden=\"true\">&#x2197;<\/span><\/a><\/li>\n                        <li><a href=\"https:\/\/ies7-juj.infd.edu.ar\/aula\/acceso.cgi\" target=\"_blank\" rel=\"noopener\" class=\"external-link\" aria-label=\"Campus Virtual (sitio externo, abre en una pesta\u00f1a nueva)\">Campus Virtual <span class=\"external-link-icon\" aria-hidden=\"true\">&#x2197;<\/span><\/a><\/li>\n                    <\/ul>\n                <\/li>\n                <li><a href=\"javascript:void(0)\">Egresados<\/a><\/li>\n                <li>\n                    <a href=\"javascript:void(0)\">Recursos <span class=\"material-symbols-outlined\" style=\"font-size: 1rem;\">expand_more<\/span><\/a>\n                     <ul class=\"dropdown\">\n                        <li><a href=\"javascript:void(0)\">Noticias<\/a><\/li>\n                        <li><a href=\"https:\/\/ies7-juj.infd.edu.ar\/sitio\/biblioteca-2\/\">Biblioteca<\/a><\/li>\n                        <li><a href=\"https:\/\/ies7-juj.infd.edu.ar\/sitio\/publicaciones-2024\/\">Publicaciones<\/a><\/li>\n                        <li><a href=\"https:\/\/ies7-juj.infd.edu.ar\/sitio\/xiv-jornadas-cientificas\/\">Jornadas Cient\u00edficas<\/a><\/li>\n                        <li><a href=\"javascript:void(0)\">Tesorer\u00eda<\/a><\/li>\n                    <\/ul>\n                <\/li>\n            <\/ul>\n\n            <button class=\"mobile-menu-button\" id=\"mobile-menu-toggle-ies7\" aria-label=\"Abrir menu\" aria-expanded=\"false\" aria-controls=\"mobile-nav-ies7\">\n                <svg xmlns=\"http:\/\/www.w3.org\/2000\/svg\" fill=\"none\" viewBox=\"0 0 24 24\" stroke-width=\"1.5\" stroke=\"currentColor\"><path stroke-linecap=\"round\" stroke-linejoin=\"round\" d=\"M3.75 6.75h16.5M3.75 12h16.5m-16.5 5.25h16.5\" \/><\/svg>\n            <\/button>\n        <\/div>\n\n        <div class=\"mobile-nav-panel\" id=\"mobile-nav-ies7\">\n            <!-- El contenido del men\u00fa m\u00f3vil se genera con JS -->\n        <\/div>\n    <\/nav>\n<\/div>\n<script>\n    (function() {\n        if (window.ies7MenuScriptLoaded) return;\n\n        document.addEventListener('DOMContentLoaded', function() {\n            const menuContainer = document.querySelector('#ies7-container-menu');\n            if (!menuContainer) return;\n\n            const menu = menuContainer.querySelector('.nav-menu');\n            const mobileNavPanel = menuContainer.querySelector('#mobile-nav-ies7');\n            const toggleButton = menuContainer.querySelector('#mobile-menu-toggle-ies7');\n\n            if (!menu || !mobileNavPanel || !toggleButton) return;\n\n            mobileNavPanel.innerHTML = '<ul>' + menu.innerHTML + '<\/ul>';\n\n            const closeIcon = '<svg xmlns=\"http:\/\/www.w3.org\/2000\/svg\" fill=\"none\" viewBox=\"0 0 24 24\" stroke-width=\"1.5\" stroke=\"currentColor\"><path stroke-linecap=\"round\" stroke-linejoin=\"round\" d=\"M6 18L18 6M6 6l12 12\" \/><\/svg>';\n            const openIcon = '<svg xmlns=\"http:\/\/www.w3.org\/2000\/svg\" fill=\"none\" viewBox=\"0 0 24 24\" stroke-width=\"1.5\" stroke=\"currentColor\"><path stroke-linecap=\"round\" stroke-linejoin=\"round\" d=\"M3.75 6.75h16.5M3.75 12h16.5m-16.5 5.25h16.5\" \/><\/svg>';\n\n            function closeMenu() {\n                mobileNavPanel.classList.remove('open');\n                document.body.classList.remove('mobile-menu-open');\n                toggleButton.innerHTML = openIcon;\n                toggleButton.setAttribute('aria-label', 'Abrir menu');\n                toggleButton.setAttribute('aria-expanded', 'false');\n            }\n\n            toggleButton.addEventListener('click', function() {\n                const isOpen = mobileNavPanel.classList.toggle('open');\n                document.body.classList.toggle('mobile-menu-open', isOpen);\n\n                if (isOpen) {\n                    toggleButton.innerHTML = closeIcon;\n                    toggleButton.setAttribute('aria-label', 'Cerrar menu');\n                    toggleButton.setAttribute('aria-expanded', 'true');\n                } else {\n                    toggleButton.innerHTML = openIcon;\n                    toggleButton.setAttribute('aria-label', 'Abrir menu');\n                    toggleButton.setAttribute('aria-expanded', 'false');\n                }\n            });\n\n            mobileNavPanel.addEventListener('click', function(e) {\n                if (e.target.tagName === 'A') {\n                    closeMenu();\n                }\n            });\n        });\n\n        window.ies7MenuScriptLoaded = true;\n    })();\n<\/script>\n\n\n\n\n<div class=\"wp-block-group is-layout-constrained\"><div class=\"wp-block-group__inner-container\">\n<p>Conceptualmente, las pasant\u00edas son dispositivos dise\u00f1ados con el prop\u00f3sito de complementar la formaci\u00f3n profesional de los estudiantes. Mediante estas, se intenta una vinculaci\u00f3n entre los conocimientos adquiridos durante su formaci\u00f3n y el desempe\u00f1o de las labores propias de su profesi\u00f3n.<\/p>\n\n\n\n<p>La Ley 26.427\/08 establece el marco legal para el sistema de pasant\u00edas educativas, defini\u00e9ndolas como el conjunto de actividades formativas que los estudiantes realizan en empresas u organismos p\u00fablicos, en relaci\u00f3n con la propuesta curricular de cada carrera, y que se reconoce como una experiencia de alto valor pedag\u00f3gico.<\/p>\n\n\n\n<p>Entre los principales objetivos establecidos, destacamos la valoraci\u00f3n del trabajo como elemento indispensable y dignificador para la vida, desde una concepci\u00f3n cultural y no meramente utilitaria; la incorporaci\u00f3n de saberes, habilidades y actitudes vinculados con situaciones reales del mundo laboral; y la retroalimentaci\u00f3n de la propuesta formativa, a partir del v\u00ednculo entre las instituciones educativas y los organismos p\u00fablicos o privados.<\/p>\n\n\n\n<p>Desde 1995, se incorpora el r\u00e9gimen de pasant\u00edas rentadas, cuya demanda ha crecido de manera continua. La solicitud de pasant\u00edas proviene tanto de organismos p\u00fablicos (especialmente del \u00e1rea de la salud), como de empresas privadas, de log\u00edstica, constructoras, estudios contables, empresas de transporte, entre otras.<\/p>\n\n\n<div class=\"wp-block-image\">\n<figure class=\"aligncenter\"><img decoding=\"async\" loading=\"lazy\" width=\"707\" height=\"1000\" src=\"https:\/\/ies7-juj.infd.edu.ar\/sitio\/wp-content\/uploads\/2024\/03\/Documento-A4-Horarios-de-Comercio-Minimalista-Gris-707x1000.png\" alt=\"\" class=\"wp-image-10858\" srcset=\"https:\/\/ies7-juj.infd.edu.ar\/sitio\/wp-content\/uploads\/2024\/03\/Documento-A4-Horarios-de-Comercio-Minimalista-Gris-707x1000.png 707w, https:\/\/ies7-juj.infd.edu.ar\/sitio\/wp-content\/uploads\/2024\/03\/Documento-A4-Horarios-de-Comercio-Minimalista-Gris-1343x1900.png 1343w, https:\/\/ies7-juj.infd.edu.ar\/sitio\/wp-content\/uploads\/2024\/03\/Documento-A4-Horarios-de-Comercio-Minimalista-Gris-768x1086.png 768w, https:\/\/ies7-juj.infd.edu.ar\/sitio\/wp-content\/uploads\/2024\/03\/Documento-A4-Horarios-de-Comercio-Minimalista-Gris-1086x1536.png 1086w, https:\/\/ies7-juj.infd.edu.ar\/sitio\/wp-content\/uploads\/2024\/03\/Documento-A4-Horarios-de-Comercio-Minimalista-Gris.png 1414w\" sizes=\"(max-width: 707px) 100vw, 707px\" \/><\/figure><\/div><\/div><\/div>\n\n\n<div  class=\"lgc-column lgc-grid-parent lgc-grid-50 lgc-tablet-grid-50 lgc-mobile-grid-100 lgc-equal-heights \"><div  class=\"inside-grid-column\"><br \/>\n<img decoding=\"async\" loading=\"lazy\" class=\"aligncenter\" src=\"https:\/\/ies7-juj.infd.edu.ar\/sitio\/wp-content\/uploads\/2018\/10\/AlarmingShamefulAmericanbulldog-size_restricted.gif\" width=\"215\" height=\"161\"\/>\n<h4 style=\"text-align: center;\"><span style=\"color: #008000;\">Reglamento de Pasant\u00edas<\/span><\/h4>\n<h3><a href=\"https:\/\/ies7-juj.infd.edu.ar\/aula\/archivos\/repositorio\/\/3000\/3107\/Reglamento_de_Pasantias.pdf\" target=\"_blank\" rel=\"noopener\"><img decoding=\"async\" loading=\"lazy\" class=\"size-full wp-image-1568 aligncenter\" src=\"https:\/\/ies7-juj.infd.edu.ar\/sitio\/wp-content\/uploads\/2018\/11\/descargar-en-pdf.png\" alt=\"\" width=\"348\" height=\"117\"\/><\/a><\/h3>\n<h3><\/h3><\/div><\/div><\/h3>\n\n\n<div  class=\"lgc-column lgc-grid-parent lgc-grid-50 lgc-tablet-grid-50 lgc-mobile-grid-100 lgc-equal-heights \"><div  class=\"inside-grid-column\"><br \/>\n<img decoding=\"async\" loading=\"lazy\" class=\"aligncenter\" src=\"https:\/\/ies7-juj.infd.edu.ar\/sitio\/wp-content\/uploads\/2018\/10\/AlarmingShamefulAmericanbulldog-size_restricted.gif\" width=\"215\" height=\"161\"\/><a href=\"https:\/\/docs.google.com\/forms\/d\/e\/1FAIpQLScD1U1Yv5pjPsstX88dagUo6pzbmy_F8LkgTImD0zbAxCbXKw\/viewform?usp=sf_link\" target=\"_blank\" rel=\"noopener\"><img decoding=\"async\" loading=\"lazy\" class=\"aligncenter wp-image-2612 size-full\" src=\"https:\/\/ies7-juj.infd.edu.ar\/sitio\/wp-content\/uploads\/2019\/12\/boton.jpg\" alt=\"\" width=\"352\" height=\"145\"\/><\/a>\n<h3><\/h3><\/div><\/div><\/h3>\n\n\n\n<h4 class=\"wp-block-heading alignwide\"><span style=\"color: #000000;\">Enviar C.V. con foto a:<\/span>&nbsp;&nbsp;<span style=\"color: #003366;\"><strong>pasantiasies7@gmail.com<\/strong><\/span><\/h4>\n\n\n\n<p><\/p>\n","protected":false},"excerpt":{"rendered":"<p>Conceptualmente, las pasant\u00edas son dispositivos dise\u00f1ados con el prop\u00f3sito de complementar la formaci\u00f3n profesional de los estudiantes. Mediante estas, se intenta una vinculaci\u00f3n entre los conocimientos adquiridos durante su formaci\u00f3n y el desempe\u00f1o de las labores propias de su profesi\u00f3n. La Ley 26.427\/08 establece el marco legal para el sistema de pasant\u00edas educativas, defini\u00e9ndolas como &#8230; <a title=\"PASANT\u00cdAS EDUCATIVAS 2025\" class=\"read-more\" href=\"https:\/\/ies7-juj.infd.edu.ar\/sitio\/pasantias-educativas\/\" aria-label=\"More on PASANT\u00cdAS EDUCATIVAS 2025\">[+]<\/a><\/p>\n","protected":false},"author":542,"featured_media":0,"parent":0,"menu_order":0,"comment_status":"closed","ping_status":"closed","template":"","meta":[],"acf":[],"_links":{"self":[{"href":"https:\/\/ies7-juj.infd.edu.ar\/sitio\/wp-json\/wp\/v2\/pages\/1892"}],"collection":[{"href":"https:\/\/ies7-juj.infd.edu.ar\/sitio\/wp-json\/wp\/v2\/pages"}],"about":[{"href":"https:\/\/ies7-juj.infd.edu.ar\/sitio\/wp-json\/wp\/v2\/types\/page"}],"author":[{"embeddable":true,"href":"https:\/\/ies7-juj.infd.edu.ar\/sitio\/wp-json\/wp\/v2\/users\/542"}],"replies":[{"embeddable":true,"href":"https:\/\/ies7-juj.infd.edu.ar\/sitio\/wp-json\/wp\/v2\/comments?post=1892"}],"version-history":[{"count":32,"href":"https:\/\/ies7-juj.infd.edu.ar\/sitio\/wp-json\/wp\/v2\/pages\/1892\/revisions"}],"predecessor-version":[{"id":12234,"href":"https:\/\/ies7-juj.infd.edu.ar\/sitio\/wp-json\/wp\/v2\/pages\/1892\/revisions\/12234"}],"wp:attachment":[{"href":"https:\/\/ies7-juj.infd.edu.ar\/sitio\/wp-json\/wp\/v2\/media?parent=1892"}],"curies":[{"name":"wp","href":"https:\/\/api.w.org\/{rel}","templated":true}]}}