{"id":11922,"date":"2025-06-27T12:39:41","date_gmt":"2025-06-27T15:39:41","guid":{"rendered":"https:\/\/ies7-juj.infd.edu.ar\/sitio\/?page_id=11922"},"modified":"2025-11-03T12:29:50","modified_gmt":"2025-11-03T15:29:50","slug":"xiv-jornadas-cientificas","status":"publish","type":"page","link":"https:\/\/ies7-juj.infd.edu.ar\/sitio\/xiv-jornadas-cientificas\/","title":{"rendered":"XIV Jornadas Cient\u00edficas"},"content":{"rendered":"\n<!-- BLOQUE REUTILIZABLE 1: MEN\u00da PRINCIPAL -->\n<!-- Carga de fuentes e \u00edconos -->\n<link rel=\"preconnect\" href=\"https:\/\/fonts.googleapis.com\">\n<link rel=\"preconnect\" href=\"https:\/\/fonts.gstatic.com\" crossorigin>\n<link href=\"https:\/\/fonts.googleapis.com\/css2?family=Montserrat:wght@400;600;700&#038;family=Open+Sans:wght@300;400;600&#038;display=swap\" rel=\"stylesheet\">\n<link rel=\"stylesheet\" href=\"https:\/\/fonts.googleapis.com\/css2?family=Material+Symbols+Outlined:opsz,wght,FILL,GRAD@24,400,0,0\" \/>\n\n<style>\n    :root {\n        --color-primario: #3e81b8;\n        --color-cian: #13b4d1;\n        --color-texto: #6b4941;\n        --color-texto-oscuro: #6b4441;\n        --color-texto-suave: #7b7159;\n        --color-acento: #e9c46a;\n        --color-terracota: #d25c54;\n        --color-fondo-claro: #e4e0e5;\n        --color-azul-claro: #acd4ec;\n        --color-azul-intermedio: #4b9bd3;\n        --color-blanco: #ffffff;\n        --color-gris-deshabilitado: #95a3ae;\n        --color-fondo-base: #f8fafc;\n        --color-fondo-suave: #f4f6f8;\n        --color-fondo-info: #f0f4f8;\n        --color-fondo-info-acento: #e3f2fd;\n        --alto-menu: 64px;\n    }\n\n    \/* Compensa men\u00fa fijo sin agregar div espaciador *\/\n    body {\n        padding-top: var(--alto-menu) !important;\n    }\n\n    \/* Barra admin WordPress *\/\n    @media screen and (min-width: 783px) {\n        body.admin-bar {\n            padding-top: calc(var(--alto-menu) + 32px) !important;\n        }\n    }\n    @media screen and (max-width: 782px) {\n        body.admin-bar {\n            padding-top: calc(var(--alto-menu) + 46px) !important;\n        }\n    }\n\n    \/* Estilos del Men\u00fa *\/\n    #ies7-container-menu {\n        font-family: 'Open Sans', sans-serif;\n    }\n    #ies7-container-menu h1,\n    #ies7-container-menu h2,\n    #ies7-container-menu h3 {\n        font-family: 'Montserrat', sans-serif;\n    }\n    #ies7-container-menu a {\n        text-decoration: none;\n        color: var(--color-fondo-claro) !important;\n        transition: all 0.3s ease;\n    }\n    #ies7-container-menu .external-link {\n        display: inline-flex;\n        align-items: center;\n        gap: 0.35rem;\n    }\n    #ies7-container-menu .external-link-icon {\n        font-size: 0.85em;\n        opacity: 0.9;\n    }\n    body.mobile-menu-open {\n        overflow: hidden;\n    }\n\n    #ies7-container-menu .custom-nav {\n        background-color: var(--color-primario);\n        color: var(--color-fondo-claro);\n        box-shadow: 0 2px 4px rgba(0,0,0,0.1);\n        position: fixed;\n        top: 0;\n        left: 0;\n        right: 0;\n        width: 100%;\n        z-index: 1000;\n    }\n    #ies7-container-menu .nav-container {\n        display: flex;\n        justify-content: space-between;\n        align-items: center;\n        max-width: 1280px;\n        margin: auto;\n        height: var(--alto-menu);\n        padding: 0 1rem;\n    }\n    #ies7-container-menu .nav-logo {\n        display: flex;\n        align-items: center;\n        gap: 0.75rem;\n    }\n    #ies7-container-menu .nav-logo img {\n        height: 50px;\n        width: auto;\n    }\n    #ies7-container-menu .logo-text-container {\n        display: none;\n        flex-direction: column;\n        line-height: 1.2;\n        color: white;\n    }\n    #ies7-container-menu .logo-main-text {\n        font-family: 'Montserrat', sans-serif;\n        font-weight: 700;\n        font-size: 1rem;\n    }\n    #ies7-container-menu .logo-sub-text {\n        font-size: 0.8rem;\n        color: var(--color-azul-claro);\n        font-weight: 300;\n    }\n    #ies7-container-menu .nav-menu {\n        display: none;\n        list-style: none;\n        margin: 0;\n        padding: 0;\n        align-items: center;\n        gap: 1.5rem;\n    }\n    #ies7-container-menu .nav-menu > li {\n        position: relative;\n    }\n    #ies7-container-menu .nav-menu a {\n        display: block;\n        padding: 1rem 0;\n        font-size: 0.95rem;\n        font-weight: 600;\n        position: relative;\n    }\n    #ies7-container-menu .nav-menu > li > a:hover {\n        color: white !important;\n    }\n    #ies7-container-menu .nav-menu > li > a::after {\n        content: '';\n        position: absolute;\n        width: 0%;\n        height: 3px;\n        background-color: var(--color-acento);\n        bottom: 10px;\n        left: 0;\n        border-radius: 2px;\n        transition: width 0.3s ease-in-out;\n    }\n    #ies7-container-menu .nav-menu > li:hover > a::after {\n        width: 100%;\n    }\n    #ies7-container-menu .dropdown {\n        display: block;\n        opacity: 0;\n        visibility: hidden;\n        position: absolute;\n        top: 90%;\n        left: 0;\n        background-color: var(--color-primario);\n        border-radius: 0.375rem;\n        list-style: none;\n        padding: 0.5rem;\n        margin: 0;\n        min-width: 240px;\n        box-shadow: 0 8px 16px rgba(0,0,0,0.2);\n        transform: translateY(10px);\n        transition: opacity 0.3s ease, transform 0.3s ease, visibility 0.3s;\n    }\n    #ies7-container-menu .dropdown .dropdown {\n        top: 0;\n        left: 100%;\n        transform: translateY(0) translateX(10px);\n    }\n    #ies7-container-menu .dropdown > li:hover > .dropdown {\n        opacity: 1;\n        visibility: visible;\n        transform: translateY(0) translateX(0);\n    }\n    #ies7-container-menu .nav-menu > li:last-child .dropdown {\n        left: auto;\n        right: 0;\n    }\n    #ies7-container-menu .nav-menu > li:last-child .dropdown .dropdown {\n        right: 100%;\n        left: auto;\n    }\n    #ies7-container-menu .dropdown li {\n        list-style: none;\n        position: relative;\n    }\n    #ies7-container-menu .dropdown a {\n        padding: 0.75rem 1rem;\n        white-space: nowrap;\n        border-radius: 0.25rem;\n        display: flex;\n        justify-content: space-between;\n        align-items: center;\n        transition: background-color 0.3s ease, color 0.3s ease, padding-left 0.3s ease;\n    }\n    #ies7-container-menu .dropdown a:hover {\n        background-color: var(--color-cian);\n        color: white !important;\n        padding-left: 1.5rem;\n    }\n    #ies7-container-menu .nav-menu > li:hover > .dropdown {\n        opacity: 1;\n        visibility: visible;\n        transform: translateY(0);\n    }\n\n    \/* Men\u00fa M\u00f3vil *\/\n    #ies7-container-menu .mobile-menu-button {\n        display: block;\n        background: none;\n        border: none;\n        color: white;\n        padding: 0.5rem;\n        cursor: pointer;\n    }\n    #ies7-container-menu .mobile-menu-button svg {\n        width: 24px;\n        height: 24px;\n    }\n    #ies7-container-menu .mobile-nav-panel {\n        display: none;\n        background-color: var(--color-primario);\n        padding: 1rem;\n        position: fixed;\n        top: var(--alto-menu);\n        left: 0;\n        right: 0;\n        height: calc(100vh - var(--alto-menu));\n        overflow-y: auto;\n    }\n    #ies7-container-menu .mobile-nav-panel.open {\n        display: block;\n    }\n    #ies7-container-menu .mobile-nav-panel ul {\n        list-style: none;\n        padding: 0;\n        margin: 0;\n        padding-bottom: 100px;\n    }\n    #ies7-container-menu .mobile-nav-panel li {\n        list-style-type: none;\n    }\n    #ies7-container-menu .mobile-nav-panel > ul > li > a {\n        display: block;\n        padding: 0.75rem 0.5rem;\n        border-bottom: 1px solid var(--color-azul-claro);\n        color: var(--color-fondo-claro) !important;\n    }\n    #ies7-container-menu .mobile-nav-panel .dropdown {\n        position: static;\n        display: block;\n        background: none;\n        box-shadow: none;\n        padding: 0 0 0 1rem;\n        margin: 0;\n        opacity: 1;\n        visibility: visible;\n        transform: none;\n        min-width: unset;\n        width: 100%;\n    }\n    #ies7-container-menu .mobile-nav-panel .dropdown a {\n        padding-left: 1.5rem;\n        border: none;\n    }\n    #ies7-container-menu .mobile-nav-panel .dropdown .dropdown {\n        padding-left: 1rem;\n    }\n\n    \/* Top offset en admin bar para el nav fijo *\/\n    @media screen and (min-width: 783px) {\n        body.admin-bar #ies7-container-menu .custom-nav {\n            top: 32px;\n        }\n    }\n    @media screen and (max-width: 782px) {\n        body.admin-bar #ies7-container-menu .custom-nav {\n            top: 46px;\n        }\n        body.admin-bar #ies7-container-menu .mobile-nav-panel {\n            top: calc(var(--alto-menu) + 46px);\n            height: calc(100vh - var(--alto-menu) - 46px);\n        }\n    }\n\n    @media (min-width: 1024px) {\n        #ies7-container-menu .mobile-menu-button { display: none; }\n        #ies7-container-menu .nav-menu { display: flex; }\n        #ies7-container-menu .mobile-nav-panel { display: none !important; }\n        #ies7-container-menu .logo-text-container { display: flex; }\n    }\n<\/style>\n\n<div id=\"ies7-container-menu\">\n    <nav class=\"custom-nav\">\n        <div class=\"nav-container\">\n            <a href=\"https:\/\/ies7-juj.infd.edu.ar\/sitio\/\" class=\"nav-logo\" aria-label=\"Inicio IES N\u00b07\">\n                <img decoding=\"async\" src=\"https:\/\/ies7-juj.infd.edu.ar\/sitio\/wp-content\/uploads\/2025\/04\/Logo-Pagina-2.png\" alt=\"Logo IES N\u00b07\">\n                <div class=\"logo-text-container\">\n                    <span class=\"logo-main-text\">Instituto de Educaci\u00f3n Superior N\u00ba 7<\/span>\n                    <span class=\"logo-sub-text\">\u00abPopulorum Progressio &#8211; In. Te. La.\u00bb<\/span>\n                <\/div>\n            <\/a>\n\n            <ul class=\"nav-menu\">\n                <li><a href=\"https:\/\/ies7-juj.infd.edu.ar\/sitio\/\">Inicio<\/a><\/li>\n                <li>\n                    <a href=\"javascript:void(0)\">Institucional <span class=\"material-symbols-outlined\" style=\"font-size: 1rem;\">expand_more<\/span><\/a>\n                    <ul class=\"dropdown\">\n                        <li><a href=\"https:\/\/ies7-juj.infd.edu.ar\/sitio\/?page_id=854\">Historia<\/a><\/li>\n                        <li><a href=\"https:\/\/ies7-juj.infd.edu.ar\/sitio\/autoridades\/\">Autoridades<\/a><\/li>\n                        <li><a href=\"javascript:void(0)\">Misi\u00f3n y Visi\u00f3n<\/a><\/li>\n                        <li><a href=\"javascript:void(0)\">Valores e Ideario<\/a><\/li>\n                        <li>\n                            <a href=\"javascript:void(0)\">Departamentos <span class=\"material-symbols-outlined\" style=\"font-size: 1rem;\">chevron_right<\/span><\/a>\n                            <ul class=\"dropdown\">\n                                <li><a href=\"https:\/\/ies7-juj.infd.edu.ar\/sitio\/departamento-de-investigacion\/\">Investigaci\u00f3n<\/a><\/li>\n                                <li><a href=\"https:\/\/ies7-juj.infd.edu.ar\/sitio\/departamento-de-formacion-inicial\/\">Formaci\u00f3n Inicial<\/a><\/li>\n                                <li><a href=\"https:\/\/ies7-juj.infd.edu.ar\/sitio\/departamento-de-formacion-continua-y-desarrollo-profesional\/\">Formaci\u00f3n Continua<\/a><\/li>\n                                <li><a href=\"https:\/\/ies7-juj.infd.edu.ar\/sitio\/departamento-pastoral\/\">Pastoral Educativa<\/a><\/li>\n                                <li><a href=\"https:\/\/ies7-juj.infd.edu.ar\/sitio\/saad\/\">D.A.T.E<\/a><\/li>\n                            <\/ul>\n                        <\/li>\n                    <\/ul>\n                <\/li>\n                <li>\n                    <a href=\"javascript:void(0)\">Sedes <span class=\"material-symbols-outlined\" style=\"font-size: 1rem;\">expand_more<\/span><\/a>\n                    <ul class=\"dropdown\">\n                        <li><a href=\"https:\/\/ies7-juj.infd.edu.ar\/sitio\/filial-san-pedro\/\">Sede San Pedro<\/a><\/li>\n                        <li><a href=\"https:\/\/ies7-juj.infd.edu.ar\/sitio\/filial-perico\/\">Sede Perico<\/a><\/li>\n                        <li><a href=\"https:\/\/ies7-juj.infd.edu.ar\/sitio\/sede-libertador-gral-san-martin\/\">Sede Libertador<\/a><\/li>\n                    <\/ul>\n                <\/li>\n                <li>\n                    <a href=\"javascript:void(0)\">Estudiantes <span class=\"material-symbols-outlined\" style=\"font-size: 1rem;\">expand_more<\/span><\/a>\n                    <ul class=\"dropdown\">\n                        <li><a href=\"https:\/\/ies7-juj.infd.edu.ar\/sitio\/mesa-de-examenes\/\">Turnos de Examen<\/a><\/li>\n                        <li><a href=\"https:\/\/ies7-juj.infd.edu.ar\/sitio\/secretaria-academica2025\/\">Secretar\u00eda Acad\u00e9mica<\/a><\/li>\n                        <li><a href=\"https:\/\/ies7-juj.infd.edu.ar\/sitio\/pasantias-educativas\/\">Pasant\u00edas Educativas<\/a><\/li>\n                        <li><a href=\"https:\/\/ies7-juj.infd.edu.ar\/sitio\/becas\/\">Becas Acad\u00e9micas<\/a><\/li>\n                        <li><a href=\"http:\/\/populorumcc.ddns.net:8080\/popuweb\/alumnos.index.aspx\" target=\"_blank\" rel=\"noopener\" class=\"external-link\" aria-label=\"Autogesti\u00f3n Estudiantes (sitio externo, abre en una pesta\u00f1a nueva)\">Autogesti\u00f3n Estudiantes <span class=\"external-link-icon\" aria-hidden=\"true\">&#x2197;<\/span><\/a><\/li>\n                        <li><a href=\"https:\/\/ies7-juj.infd.edu.ar\/aula\/acceso.cgi\" target=\"_blank\" rel=\"noopener\" class=\"external-link\" aria-label=\"Campus Virtual (sitio externo, abre en una pesta\u00f1a nueva)\">Campus Virtual <span class=\"external-link-icon\" aria-hidden=\"true\">&#x2197;<\/span><\/a><\/li>\n                    <\/ul>\n                <\/li>\n                <li>\n                    <a href=\"javascript:void(0)\">Docentes <span class=\"material-symbols-outlined\" style=\"font-size: 1rem;\">expand_more<\/span><\/a>\n                    <ul class=\"dropdown\">\n                        <li><a href=\"http:\/\/populorumcc.ddns.net:8080\/popuweb\/docentes.index.aspx\" target=\"_blank\" rel=\"noopener\" class=\"external-link\" aria-label=\"Autogesti\u00f3n Docentes (sitio externo, abre en una pesta\u00f1a nueva)\">Autogesti\u00f3n Docentes <span class=\"external-link-icon\" aria-hidden=\"true\">&#x2197;<\/span><\/a><\/li>\n                        <li><a href=\"https:\/\/ies7-juj.infd.edu.ar\/aula\/acceso.cgi\" target=\"_blank\" rel=\"noopener\" class=\"external-link\" aria-label=\"Campus Virtual (sitio externo, abre en una pesta\u00f1a nueva)\">Campus Virtual <span class=\"external-link-icon\" aria-hidden=\"true\">&#x2197;<\/span><\/a><\/li>\n                    <\/ul>\n                <\/li>\n                <li><a href=\"javascript:void(0)\">Egresados<\/a><\/li>\n                <li>\n                    <a href=\"javascript:void(0)\">Recursos <span class=\"material-symbols-outlined\" style=\"font-size: 1rem;\">expand_more<\/span><\/a>\n                     <ul class=\"dropdown\">\n                        <li><a href=\"javascript:void(0)\">Noticias<\/a><\/li>\n                        <li><a href=\"https:\/\/ies7-juj.infd.edu.ar\/sitio\/biblioteca-2\/\">Biblioteca<\/a><\/li>\n                        <li><a href=\"https:\/\/ies7-juj.infd.edu.ar\/sitio\/publicaciones-2024\/\">Publicaciones<\/a><\/li>\n                        <li><a href=\"https:\/\/ies7-juj.infd.edu.ar\/sitio\/xiv-jornadas-cientificas\/\">Jornadas Cient\u00edficas<\/a><\/li>\n                        <li><a href=\"javascript:void(0)\">Tesorer\u00eda<\/a><\/li>\n                    <\/ul>\n                <\/li>\n            <\/ul>\n\n            <button class=\"mobile-menu-button\" id=\"mobile-menu-toggle-ies7\" aria-label=\"Abrir menu\" aria-expanded=\"false\" aria-controls=\"mobile-nav-ies7\">\n                <svg xmlns=\"http:\/\/www.w3.org\/2000\/svg\" fill=\"none\" viewBox=\"0 0 24 24\" stroke-width=\"1.5\" stroke=\"currentColor\"><path stroke-linecap=\"round\" stroke-linejoin=\"round\" d=\"M3.75 6.75h16.5M3.75 12h16.5m-16.5 5.25h16.5\" \/><\/svg>\n            <\/button>\n        <\/div>\n\n        <div class=\"mobile-nav-panel\" id=\"mobile-nav-ies7\">\n            <!-- El contenido del men\u00fa m\u00f3vil se genera con JS -->\n        <\/div>\n    <\/nav>\n<\/div>\n<script>\n    (function() {\n        if (window.ies7MenuScriptLoaded) return;\n\n        document.addEventListener('DOMContentLoaded', function() {\n            const menuContainer = document.querySelector('#ies7-container-menu');\n            if (!menuContainer) return;\n\n            const menu = menuContainer.querySelector('.nav-menu');\n            const mobileNavPanel = menuContainer.querySelector('#mobile-nav-ies7');\n            const toggleButton = menuContainer.querySelector('#mobile-menu-toggle-ies7');\n\n            if (!menu || !mobileNavPanel || !toggleButton) return;\n\n            mobileNavPanel.innerHTML = '<ul>' + menu.innerHTML + '<\/ul>';\n\n            const closeIcon = '<svg xmlns=\"http:\/\/www.w3.org\/2000\/svg\" fill=\"none\" viewBox=\"0 0 24 24\" stroke-width=\"1.5\" stroke=\"currentColor\"><path stroke-linecap=\"round\" stroke-linejoin=\"round\" d=\"M6 18L18 6M6 6l12 12\" \/><\/svg>';\n            const openIcon = '<svg xmlns=\"http:\/\/www.w3.org\/2000\/svg\" fill=\"none\" viewBox=\"0 0 24 24\" stroke-width=\"1.5\" stroke=\"currentColor\"><path stroke-linecap=\"round\" stroke-linejoin=\"round\" d=\"M3.75 6.75h16.5M3.75 12h16.5m-16.5 5.25h16.5\" \/><\/svg>';\n\n            function closeMenu() {\n                mobileNavPanel.classList.remove('open');\n                document.body.classList.remove('mobile-menu-open');\n                toggleButton.innerHTML = openIcon;\n                toggleButton.setAttribute('aria-label', 'Abrir menu');\n                toggleButton.setAttribute('aria-expanded', 'false');\n            }\n\n            toggleButton.addEventListener('click', function() {\n                const isOpen = mobileNavPanel.classList.toggle('open');\n                document.body.classList.toggle('mobile-menu-open', isOpen);\n\n                if (isOpen) {\n                    toggleButton.innerHTML = closeIcon;\n                    toggleButton.setAttribute('aria-label', 'Cerrar menu');\n                    toggleButton.setAttribute('aria-expanded', 'true');\n                } else {\n                    toggleButton.innerHTML = openIcon;\n                    toggleButton.setAttribute('aria-label', 'Abrir menu');\n                    toggleButton.setAttribute('aria-expanded', 'false');\n                }\n            });\n\n            mobileNavPanel.addEventListener('click', function(e) {\n                if (e.target.tagName === 'A') {\n                    closeMenu();\n                }\n            });\n        });\n\n        window.ies7MenuScriptLoaded = true;\n    })();\n<\/script>\n\n\n\n\n<!-- Este c\u00f3digo est\u00e1 dise\u00f1ado para ser pegado en un bloque \"HTML Personalizado\" -->\n<!-- Carga de la librer\u00eda de \u00edconos de Google -->\n<link rel=\"stylesheet\" href=\"https:\/\/fonts.googleapis.com\/css2?family=Material+Symbols+Outlined:opsz,wght,FILL,GRAD@24,400,0,0\" \/>\n<!-- Carga de la librer\u00eda de Font Awesome -->\n<link rel=\"stylesheet\" href=\"https:\/\/cdnjs.cloudflare.com\/ajax\/libs\/font-awesome\/6.5.1\/css\/all.min.css\">\n\n<style>\n    \/* Estilos Generales *\/\n    #jornadas-container {\n        font-family: 'Inter', sans-serif;\n        background-color: #f8fafc;\n        color: #3f6d8f;\n    }\n    #jornadas-container a {\n        text-decoration: none;\n        color: inherit;\n        transition: all 0.3s ease;\n    }\n\n    \/* Banner Principal *\/\n    .jornadas-header {\n        background-image: linear-gradient(45deg, #3f6d8f, #13b4d1);\n        padding: 3rem 1rem;\n        text-align: center;\n        color: white;\n        display: flex;\n        flex-direction: column;\n        align-items: center;\n        justify-content: center;\n    }\n    .jornadas-logo {\n        max-width: 450px;\n        width: 100%;\n        height: auto;\n        margin-bottom: 1.5rem;\n    }\n    .jornadas-header .dates {\n        margin-top: 1rem;\n        font-size: 1.25rem;\n        font-weight: 600;\n        display: inline-block;\n        background-color: rgba(255,255,255,0.2);\n        padding: 0.5rem 1.5rem;\n        border-radius: 9999px;\n    }\n\n    \/* Contenedor de Secciones *\/\n    .jornadas-section {\n        padding: 4rem 1rem;\n        max-width: 1000px;\n        margin: auto;\n    }\n    .section-title {\n        text-align: center;\n        font-size: 2.25rem;\n        font-weight: 700;\n        margin-bottom: 3rem;\n        color: #3f6d8f;\n    }\n\n    \/* Secci\u00f3n de Avales *\/\n    .avales-section {\n        padding-top: 2rem;\n        padding-bottom: 2rem;\n        background-color: #e4e0e5;\n    }\n    .avales-grid {\n        display: grid;\n        grid-template-columns: repeat(auto-fit, minmax(250px, 1fr));\n        gap: 1.5rem;\n        max-width: 1000px;\n        margin: auto;\n    }\n    .aval-item {\n        text-align: center;\n    }\n    .aval-item .material-symbols-outlined {\n        font-size: 36px;\n        color: #13b4d1;\n    }\n    .aval-item h4 {\n        margin: 0.5rem 0 0.25rem 0;\n        font-size: 1rem;\n        font-weight: 600;\n        color: #3f6d8f;\n    }\n    .aval-item p {\n        margin: 0;\n        font-size: 0.9rem;\n        color: #6b4941;\n    }\n\n\n    \/* Conferencia Central *\/\n    .conferencia-card {\n        background-color: white;\n        border-radius: 1rem;\n        box-shadow: 0 10px 25px rgba(0,0,0,0.1);\n        display: flex;\n        flex-direction: column;\n        align-items: center;\n        padding: 2.5rem;\n        text-align: center;\n        margin-top: -2rem; \/* Ajustado para agregar espacio arriba *\/\n        position: relative;\n    }\n    .conferencia-card img {\n        width: 120px;\n        height: 120px;\n        border-radius: 50%;\n        border: 5px solid #13b4d1;\n        box-shadow: 0 4px 10px rgba(0,0,0,0.2);\n        margin-bottom: 1.5rem;\n    }\n    .conferencia-card h3 {\n        background-image: linear-gradient(45deg, #13b4d1, #4b9bd3);\n        color: white;\n        display: inline-block;\n        padding: 0.5rem 1.5rem;\n        border-radius: 9999px;\n        font-size: 1rem;\n        font-weight: 600;\n        margin: 0;\n    }\n    .conferencia-card h4 {\n        font-size: 1.75rem;\n        font-style: italic;\n        margin: 1rem 0 0.5rem 0;\n        color: #6b4941;\n    }\n    .conferencia-card .conferencista-nombre {\n        font-size: 1.25rem;\n        font-weight: 600;\n        margin: 0;\n    }\n     .conferencia-card .conferencista-bio {\n        font-size: 1rem;\n        font-weight: 400;\n        line-height: 1.6;\n        color: #7b7159;\n        max-width: 700px;\n        margin-top: 1.5rem;\n        text-align: left;\n    }\n\n    \/* Ejes Tem\u00e1ticos *\/\n    .ejes-grid {\n        display: grid;\n        grid-template-columns: repeat(auto-fit, minmax(300px, 1fr));\n        gap: 1.5rem;\n    }\n    .eje-card {\n        background-color: white;\n        border-radius: 0.75rem;\n        padding: 2rem;\n        box-shadow: 0 4px 6px rgba(0,0,0,0.05);\n        transition: transform 0.3s, box-shadow 0.3s;\n        display: flex;\n        align-items: flex-start;\n        gap: 1rem;\n    }\n    .eje-card:hover {\n        transform: translateY(-5px);\n        box-shadow: 0 10px 20px rgba(0,0,0,0.1);\n    }\n    .eje-card .material-symbols-outlined {\n        font-size: 32px;\n        color: #13b4d1;\n        margin-top: 5px;\n    }\n    .eje-card h5 {\n        margin: 0 0 0.5rem 0;\n        font-size: 1.1rem;\n        font-weight: 700;\n        color: #3f6d8f;\n    }\n\n    \/* Programa General y Circulares *\/\n    .cta-button {\n        display: inline-block;\n        background-image: linear-gradient(45deg, #13b4d1, #4b9bd3);\n        color: white;\n        padding: 1rem 2.5rem;\n        border-radius: 9999px;\n        font-weight: 700;\n        transition: all 0.3s ease;\n        box-shadow: 0 4px 15px rgba(0, 0, 0, 0.2);\n    }\n    .cta-button:hover {\n        transform: scale(1.05);\n        box-shadow: 0 6px 20px rgba(0, 0, 0, 0.3);\n    }\n    .circulares-grid {\n        display: grid;\n        grid-template-columns: repeat(auto-fit, minmax(250px, 1fr));\n        gap: 2rem;\n    }\n    .circular-card {\n        background-color: white;\n        border-radius: 0.75rem;\n        box-shadow: 0 4px 6px rgba(0,0,0,0.05);\n        text-align: center;\n        overflow: hidden;\n        transition: transform 0.3s, box-shadow 0.3s;\n    }\n    .circular-card:hover {\n        transform: translateY(-5px);\n        box-shadow: 0 10px 20px rgba(0,0,0,0.1);\n    }\n    .circular-card img {\n        width: 100%;\n        height: 350px;\n        object-fit: cover;\n        display: block;\n    }\n    .circular-card .circular-title {\n        padding: 1.5rem;\n        font-weight: 600;\n        color: #3f6d8f;\n    }\n    \n    \/* Logos Institucionales *\/\n    .logos-section {\n        background-color: #ffffff;\n        padding: 3rem 1rem;\n    }\n    .logos-grid {\n        display: flex;\n        flex-wrap: wrap;\n        justify-content: center;\n        align-items: center;\n        gap: 2rem;\n        max-width: 1000px;\n        margin: auto;\n    }\n    .logos-grid img {\n        max-height: 60px;\n        max-width: 150px;\n        opacity: 0.7;\n        transition: opacity 0.3s;\n    }\n    .logos-grid img:hover {\n        opacity: 1;\n    }\n    \n    \/* Animaciones *\/\n    .animate-on-scroll {\n        opacity: 0;\n        transform: translateY(30px);\n        transition: opacity 0.6s ease-out, transform 0.6s ease-out;\n    }\n    .animate-on-scroll.is-visible {\n        opacity: 1;\n        transform: translateY(0);\n    }\n    \n    \/* Media Queries *\/\n    @media (max-width: 600px) {\n        .jornadas-header h1 { font-size: 2rem; }\n        .jornadas-header h2 { font-size: 1.25rem; }\n        .conferencia-card h4 { font-size: 1.5rem; }\n    }\n<\/style>\n\n<div id=\"jornadas-container\">\n\n    <!-- Banner -->\n    <header class=\"jornadas-header\">\n        <!-- REEMPLAZAR con la URL del logo de las jornadas -->\n        <img decoding=\"async\" src=\"https:\/\/ies7-juj.infd.edu.ar\/sitio\/wp-content\/uploads\/2025\/10\/Jornadas-Cientificas.png\" class=\"jornadas-logo\">\n        <div class=\"dates\">8 y 9 de Octubre 2025<\/div>\n    <\/header>\n\n    <!-- Secci\u00f3n de Avales -->\n    <section class=\"avales-section\">\n        <div class=\"avales-grid\">\n            <div class=\"aval-item\">\n                <span class=\"material-symbols-outlined\">account_balance<\/span>\n                <h4>Inter\u00e9s Legislativo<\/h4>\n                <p>Legislatura de Jujuy<\/p>\n            <\/div>\n            <div class=\"aval-item\">\n                <span class=\"material-symbols-outlined\">school<\/span>\n                <h4>Inter\u00e9s Educativo<\/h4>\n                <p>Ministerio de Educaci\u00f3n<\/p>\n            <\/div>\n             <div class=\"aval-item\">\n                <span class=\"material-symbols-outlined\">corporate_fare<\/span>\n                <h4>Inter\u00e9s Institucional<\/h4>\n                <p>Min. de Ambiente y Cambio Clim\u00e1tico<\/p>\n            <\/div>\n        <\/div>\n    <\/section>\n\n\n    <!-- Conferencia Central -->\n    <section class=\"jornadas-section\">\n        <div class=\"conferencia-card animate-on-scroll\">\n            <!-- REEMPLAZAR con la foto del Dr. Albarello -->\n            <img decoding=\"async\" src=\"https:\/\/ies7-juj.infd.edu.ar\/sitio\/wp-content\/uploads\/2025\/10\/7.webp\" alt=\"Foto del Dr. Francisco Albarello\">\n            <h3>CONFERENCIA CENTRAL<\/h3>\n            <h4>\u00abLa rebeli\u00f3n de las m\u00e1quinas: conversaciones en torno a la lectura, la IA y la ense\u00f1anza\u00bb<\/h4>\n            <p>Dr. FRANCISCO ALBARELLO<\/p>\n            <p class=\"conferencista-bio\">\n                Francisco Albarello es doctor en Comunicaci\u00f3n Social por la Universidad Austral y licenciado en Comunicaci\u00f3n Social con orientaci\u00f3n en Periodismo por la Universidad Nacional de La Plata, con un posgrado en Educaci\u00f3n a distancia a trav\u00e9s de redes digitales y recursos de Internet en la Universidad de Murcia (Espa\u00f1a). Docente investigador en la Universidad Austral, donde es Secretario de Investigaci\u00f3n de la Facultad de Comunicaci\u00f3n y editor asociado de la revista acad\u00e9mica Austral Comunicaci\u00f3n, y tambi\u00e9n de la Universidad Nacional de San Mart\u00edn y la Universidad del Salvador. Adem\u00e1s, es profesor en varias universidades de Colombia y Ecuador.\n                <br><br>\n                Ha publicado los libros Edutubers. Docentes en pantallas (Tilde Editora, 2024), Mutaciones: h\u00e1bitos de informaci\u00f3n y estudio de j\u00f3venes en universidades argentinas (UNR Editora, 2022), Entre libros y pantallas: los booktubers como mediadores culturales (Editorial de la Universidad del Salvador, 2020), Lectura transmedia: leer, escribir, conversar en el ecosistema de pantallas (Buenos Aires, Ediciones Ampersand, 2019), entre otros libros, adem\u00e1s de numerosos cap\u00edtulos y art\u00edculos relacionados con la educaci\u00f3n, la tecnolog\u00eda y la comunicaci\u00f3n.\n            <\/p>\n        <\/div>\n    <\/section>\n\n    <!-- Presentaci\u00f3n de la Jornada -->\n    <section class=\"jornadas-section\" style=\"padding-top: 0;\">\n        <div class=\"animate-on-scroll\">\n            <h2 class=\"section-title\">Presentaci\u00f3n de la Jornada<\/h2>\n            <p style=\"text-align: left; max-width: 800px; margin: -2rem auto 0 auto; font-size: 1.1rem; color: #6b4941; line-height: 1.7;\">\n                Las XIV Jornadas Cient\u00edficas del Instituto de Educaci\u00f3n Superior N\u00b0 7 \u00abPopulorum Progressio-In.Te.La.\u00bb tienen el prop\u00f3sito de ofrecer a la comunidad educativa de nuestro medio un espacio para la comunicaci\u00f3n, puesta en valor y discusi\u00f3n de los saberes producidos en los complejos y din\u00e1micos escenarios en los que se desarrolla la investigaci\u00f3n en la actualidad, caracterizada por la irrupci\u00f3n de nuevas tecnolog\u00edas y una creciente interdisciplinariedad.\n                <br><br>\n                A la luz de este contexto, la tem\u00e1tica elegida nos convoca a pensar reflexivamente y a poner en discusi\u00f3n las tramas y experiencias en las que se sostienen los procesos de investigaci\u00f3n. La inteligencia artificial est\u00e1 transformando la manera en que se investiga en muchos campos, lo que nos lleva a plantearnos cuestiones tales como: \u00bfQu\u00e9 desaf\u00edos para la investigaci\u00f3n emergen en los diversos escenarios de la educaci\u00f3n, las ciencias, la producci\u00f3n y la cultura? \u00bfC\u00f3mo potenciar la colaboraci\u00f3n entre disciplinas para abordar los complejos problemas que se nos presentan? \u00bfCu\u00e1les son los modos de pensar y hacer investigaci\u00f3n que demanda esta realidad vertiginosa y din\u00e1mica? \u00bfQu\u00e9 metodolog\u00edas y herramientas de an\u00e1lisis impulsa el avance tecnol\u00f3gico? \u00bfEn qu\u00e9 medida y desde qu\u00e9 lugar participamos de esos avances? \u00bfCu\u00e1l es el lugar de \u00ablo humano\u00bb en este panorama?, por mencionar solamente algunas de las inquietudes que nos alientan en la presente edici\u00f3n.\n                <br><br>\n                Las Jornadas Cient\u00edficas son una oportunidad para escucharnos, interpelar(nos) y tender puentes entre las pr\u00e1cticas de investigaci\u00f3n y las pr\u00e1cticas educativas, para el intercambio de experiencias y saberes entre investigadores, acad\u00e9micos y profesionales de diversas disciplinas. En definitiva, para visibilizar la diversidad de experiencias y perspectivas que enriquecen la construcci\u00f3n de un conocimiento inclusivo, diverso y relevante ante los desaf\u00edos actuales de nuestra sociedad.\n                <br><br>\n                La convocatoria est\u00e1 dirigida a la comunidad acad\u00e9mica de las instituciones de Educaci\u00f3n Superior de la provincia y de otras regiones. Asimismo, se hace extensiva la invitaci\u00f3n a quienes desarrollan actividad cient\u00edfica en el \u00e1mbito de la salud, la cultura, la producci\u00f3n, la comunicaci\u00f3n, y en los diferentes niveles del sistema educativo.\n            <\/p>\n        <\/div>\n    <\/section>\n    \n    <!-- Ejes Tem\u00e1ticos -->\n    <section class=\"jornadas-section\">\n        <h2 class=\"section-title animate-on-scroll\">Ejes Tem\u00e1ticos<\/h2>\n        <div class=\"ejes-grid\">\n            <div class=\"eje-card animate-on-scroll\" style=\"transition-delay: 100ms;\">\n                <span class=\"material-symbols-outlined\">groups<\/span>\n                <div>\n                    <h5>LA TRAMA DE LA EDUCACI\u00d3N INCLUSIVA<\/h5>\n                    <p>Dignidad, derechos y diversidad.<\/p>\n                <\/div>\n            <\/div>\n            <div class=\"eje-card animate-on-scroll\" style=\"transition-delay: 200ms;\">\n                <span class=\"material-symbols-outlined\">library_books<\/span>\n                <div>\n                    <h5>TRAMAS DEL SABER<\/h5>\n                    <p>Aportes disciplinares para la formaci\u00f3n docente y t\u00e9cnica.<\/p>\n                <\/div>\n            <\/div>\n            <div class=\"eje-card animate-on-scroll\" style=\"transition-delay: 300ms;\">\n                <span class=\"material-symbols-outlined\">computer<\/span>\n                <div>\n                    <h5>TRAMAS DIGITALES<\/h5>\n                    <p>Pr\u00e1cticas, experiencias y saberes construidos en la era de la IA.<\/p>\n                <\/div>\n            <\/div>\n            <div class=\"eje-card animate-on-scroll\" style=\"transition-delay: 400ms;\">\n                <span class=\"material-symbols-outlined\">edit_note<\/span>\n                <div>\n                    <h5>TEJER LA EXPERIENCIA<\/h5>\n                    <p>Narrativas pedag\u00f3gicas, pr\u00e1cticas y escritura.<\/p>\n                <\/div>\n            <\/div>\n            <div class=\"eje-card animate-on-scroll\" style=\"transition-delay: 500ms;\">\n                <span class=\"material-symbols-outlined\">local_library<\/span>\n                <div>\n                    <h5>SABERES EN ACCI\u00d3N<\/h5>\n                    <p>Experiencias y reflexiones desde el territorio.<\/p>\n                <\/div>\n            <\/div>\n            <div class=\"eje-card animate-on-scroll\" style=\"transition-delay: 600ms;\">\n                <span class=\"material-symbols-outlined\">public<\/span>\n                <div>\n                    <h5>ENTRAMADOS<\/h5>\n                    <p>Culturas y religiones.<\/p>\n                <\/div>\n            <\/div>\n        <\/div>\n    <\/section>\n\n    <!-- Programa General -->\n    <section class=\"jornadas-section\" style=\"text-align: center;\">\n        <div class=\"animate-on-scroll\">\n            <h2 class=\"section-title\">Programa General<\/h2>\n            <p style=\"max-width: 600px; margin: -2rem auto 2rem auto; font-size: 1.1rem; color: #6b4941;\">Acced\u00e9 al cronograma completo de actividades, conferencias, paneles y talleres de las XIV Jornadas Cient\u00edficas.<\/p>\n            <a href=\"https:\/\/drive.google.com\/file\/d\/1JvHvGRbvBc6W6k2p1VNuwh557kWxy3gF\/view?usp=drive_link\" class=\"cta-button\">\n                <span class=\"material-symbols-outlined\" style=\"font-size: 20px; margin: 0 0.5rem -4px 0; display: inline-block;\">download<\/span>\n                Descargar Programa\n            <\/a>\n        <\/div>\n    <\/section>\n\n    <!-- Circulares -->\n    <section class=\"jornadas-section\" style=\"padding-top: 0;\">\n        <h2 class=\"section-title animate-on-scroll\">Circulares<\/h2>\n        <div class=\"circulares-grid animate-on-scroll\">\n            <!-- REEMPLAZAR # con los enlaces a los PDF y las im\u00e1genes -->\n            <a href=\"https:\/\/ies7-juj.infd.edu.ar\/aula\/archivos\/repositorio\/\/3500\/3617\/1ra_Circular-XIV_Jornadas_Cientificas-IES_7.pdf\" target=\"_blank\" class=\"circular-card\" rel=\"noopener\">\n                <img decoding=\"async\" src=\"https:\/\/ies7-juj.infd.edu.ar\/sitio\/wp-content\/uploads\/2025\/06\/image.png\" alt=\"Portada Primera Circular\">\n                <div class=\"circular-title\">1\u00b0 Circular<\/div>\n            <\/a>\n            <a href=\"https:\/\/drive.google.com\/file\/d\/12wZM96ZaD3huG4OB0j2hG9pn8shCpgm4\/view\" target=\"_blank\" class=\"circular-card\" rel=\"noopener\">\n                <img decoding=\"async\" src=\"https:\/\/ies7-juj.infd.edu.ar\/sitio\/wp-content\/uploads\/2025\/07\/image.png\" alt=\"Portada Segunda Circular\">\n                <div class=\"circular-title\">2\u00b0 Circular<\/div>\n            <\/a>\n             \n        <\/div>\n    <\/section>\n    \n    <!-- Logos Institucionales -->\n    <section class=\"logos-section\">\n        <h2 class=\"section-title animate-on-scroll\" style=\"font-size: 1.5rem;\">Acompa\u00f1an<\/h2>\n        <div class=\"logos-grid animate-on-scroll\">\n            <!-- REEMPLAZAR con las URLs de los logos -->\n            <img decoding=\"async\" src=\"https:\/\/ies7-juj.infd.edu.ar\/sitio\/wp-content\/uploads\/2025\/10\/logo-vector-universidad-nacional-de-jujuy-monocromo.webp\" alt=\"Logo UNJu\">\n            <img decoding=\"async\" src=\"https:\/\/ies7-juj.infd.edu.ar\/sitio\/wp-content\/uploads\/2025\/10\/footer-logo.png\" alt=\"Logo FHyCS\">\n            <img decoding=\"async\" src=\"https:\/\/ies7-juj.infd.edu.ar\/sitio\/wp-content\/uploads\/2025\/10\/Logo-ucse.png\" alt=\"Logo UCSE\">\n            <img decoding=\"async\" src=\"https:\/\/ies7-juj.infd.edu.ar\/sitio\/wp-content\/uploads\/2025\/10\/banner-mejorado-1-1024x184-1.png\" alt=\"Logo IIDEJSU\">\n            <img decoding=\"async\" src=\"https:\/\/ies7-juj.infd.edu.ar\/sitio\/wp-content\/uploads\/2025\/10\/legislatura-de-jujuy.jpg\" alt=\"Logo Legislatura de Jujuy\">\n            <img decoding=\"async\" src=\"https:\/\/ies7-juj.infd.edu.ar\/sitio\/wp-content\/uploads\/2025\/10\/images.jpeg\" alt=\"Logo Ministerio de Educacion\">\n        <\/div>\n    <\/section>\n\n<\/div>\n\n<script>\n    document.addEventListener('DOMContentLoaded', function() {\n        \/\/ --- Script para animaciones al hacer scroll ---\n        const observer = new IntersectionObserver((entries) => {\n            entries.forEach(entry => {\n                if (entry.isIntersecting) {\n                    entry.target.classList.add('is-visible');\n                }\n            });\n        }, {\n            threshold: 0.1\n        });\n        const elementsToAnimate = document.querySelectorAll('.animate-on-scroll');\n        elementsToAnimate.forEach(el => {\n            observer.observe(el);\n        });\n    });\n<\/script>\n","protected":false},"excerpt":{"rendered":"<p>8 y 9 de Octubre 2025 account_balance Inter\u00e9s Legislativo Legislatura de Jujuy school Inter\u00e9s Educativo Ministerio de Educaci\u00f3n corporate_fare Inter\u00e9s Institucional Min. de Ambiente y Cambio Clim\u00e1tico CONFERENCIA CENTRAL \u00abLa rebeli\u00f3n de las m\u00e1quinas: conversaciones en torno a la lectura, la IA y la ense\u00f1anza\u00bb Dr. FRANCISCO ALBARELLO Francisco Albarello es doctor en Comunicaci\u00f3n Social &#8230; <a title=\"XIV Jornadas Cient\u00edficas\" class=\"read-more\" href=\"https:\/\/ies7-juj.infd.edu.ar\/sitio\/xiv-jornadas-cientificas\/\" aria-label=\"More on XIV Jornadas Cient\u00edficas\">[+]<\/a><\/p>\n","protected":false},"author":3026,"featured_media":0,"parent":0,"menu_order":0,"comment_status":"closed","ping_status":"closed","template":"","meta":[],"acf":[],"_links":{"self":[{"href":"https:\/\/ies7-juj.infd.edu.ar\/sitio\/wp-json\/wp\/v2\/pages\/11922"}],"collection":[{"href":"https:\/\/ies7-juj.infd.edu.ar\/sitio\/wp-json\/wp\/v2\/pages"}],"about":[{"href":"https:\/\/ies7-juj.infd.edu.ar\/sitio\/wp-json\/wp\/v2\/types\/page"}],"author":[{"embeddable":true,"href":"https:\/\/ies7-juj.infd.edu.ar\/sitio\/wp-json\/wp\/v2\/users\/3026"}],"replies":[{"embeddable":true,"href":"https:\/\/ies7-juj.infd.edu.ar\/sitio\/wp-json\/wp\/v2\/comments?post=11922"}],"version-history":[{"count":16,"href":"https:\/\/ies7-juj.infd.edu.ar\/sitio\/wp-json\/wp\/v2\/pages\/11922\/revisions"}],"predecessor-version":[{"id":12261,"href":"https:\/\/ies7-juj.infd.edu.ar\/sitio\/wp-json\/wp\/v2\/pages\/11922\/revisions\/12261"}],"wp:attachment":[{"href":"https:\/\/ies7-juj.infd.edu.ar\/sitio\/wp-json\/wp\/v2\/media?parent=11922"}],"curies":[{"name":"wp","href":"https:\/\/api.w.org\/{rel}","templated":true}]}}